{"id":130,"date":"2015-11-29T23:09:29","date_gmt":"2015-11-29T23:09:29","guid":{"rendered":"http:\/\/ewangelia-w-poezji.home.pl\/autoinstalator\/wordpress1\/?page_id=130"},"modified":"2022-07-12T17:50:58","modified_gmt":"2022-07-12T16:50:58","slug":"niedziele-wielkanocne-rok-a-b-c","status":"publish","type":"page","link":"https:\/\/poezjaiewangelia.pl\/?page_id=130","title":{"rendered":"Niedziele i \u015awi\u0119ta Wielkanocne rok ABC;"},"content":{"rendered":"\n<div class=\"wp-block-columns is-layout-flex wp-container-core-columns-is-layout-9d6595d7 wp-block-columns-is-layout-flex\">\n<div class=\"wp-block-column is-layout-flow wp-block-column-is-layout-flow\"><div class=\"wp-block-image size-large\">\n<figure class=\"alignright is-resized\"><a href=\"https:\/\/www.wga.hu\/frames-e.html?\/html\/m\/murillo\/3\/314muril.html\" target=\"_blank\" rel=\"noopener noreferrer\"><img loading=\"lazy\" decoding=\"async\" src=\"https:\/\/poezjaiewangelia.pl\/wp-content\/uploads\/2015\/11\/aa3fe15506e1be0f0452d317b3e3a34a-e1462004217920.jpg\" alt=\"Bartolom\u00e9 Esteban Murillo \u015awi\u0119ta Rodzina i Tr\u00f3jca \u015awi\u0119ta\" width=\"349\" height=\"495\" title=\"Bartolom\u00e9 Esteban Murillo \u015awi\u0119ta Rodzina i Tr\u00f3jca \u015awi\u0119ta\"\/><\/a><figcaption><center><em>Bartolom\u00e9 Esteban Murillo \u015awi\u0119ta Rodzina i Tr\u00f3jca \u015awi\u0119ta<\/em><\/center><\/figcaption><\/figure>\n<\/div><\/div>\n\n\n\n<div class=\"wp-block-column is-layout-flow wp-block-column-is-layout-flow\">\n<p><span style=\"color: #ffff00;\"><a id=\"S130\"><\/a>i&nbsp;<\/span><\/p>\n\n\n\n<figure class=\"wp-block-image size-large\"><img loading=\"lazy\" decoding=\"async\" width=\"150\" height=\"150\" src=\"https:\/\/poezjaiewangelia.pl\/wp-content\/uploads\/2018\/10\/R\u00f3\u017ca-bia\u0142a-e1592148272533.png\" alt=\"Kolor szat\" class=\"wp-image-4591\"\/><figcaption>Kolor szat<\/figcaption><\/figure>\n\n\n\n<p><a href=\"https:\/\/poezjaiewangelia.pl\/?page_id=4309#S4309\"><span style=\"color: #1e73be;\">Zmartwychwstanie Pa\u0144skie rok ABC<\/span><\/a><\/p>\n<p><span style=\"color: #1e73be;\"><a style=\"color: #1e73be;\" href=\"https:\/\/poezjaiewangelia.pl\/?page_id=4314#S4314\">Poniedzia\u0142ek Wielkanocny rok\u00a0 ABC<\/a><\/span><\/p>\n<p><span style=\"color: #1e73be;\"><a style=\"color: #1e73be;\" href=\"https:\/\/poezjaiewangelia.pl\/?page_id=4317#S4317\">Niedziela Mi\u0142osierdzia Bo\u017cego rok ABC<\/a><\/span><\/p>\n<p><span style=\"color: #1e73be;\"><a style=\"color: #1e73be;\" href=\"https:\/\/poezjaiewangelia.pl\/?page_id=4326#S4326\">Niedziela Zes\u0142ania Ducha \u015awi\u0119tego rok ABC<\/a><\/span><\/p>\n<p>\u00a0<\/p>\n<p><span class=\"has-inline-color\" style=\"color: #1e73be;\"><a style=\"color: #1e73be;\" href=\"https:\/\/poezjaiewangelia.pl\/?page_id=59#S59\">Powr\u00f3t do Wielkanoc<\/a>\u00a0\u00a0 \u00a0\u00a0<a style=\"color: #1e73be;\" href=\"https:\/\/poezjaiewangelia.pl\/?page_id=703#S703\"><span style=\"color: #1e73be;\">Powr\u00f3t<\/span> do Linki<\/a><\/span><\/p>\n<\/div>\n<\/div>\n\n\n\n<figure class=\"wp-block-image size-full\"><a href=\"https:\/\/www.wga.hu\/html\/a\/angelico\/00\/11fieso1.html\" target=\"_blank\" rel=\"noopener\"><img loading=\"lazy\" decoding=\"async\" width=\"2410\" height=\"350\" src=\"https:\/\/poezjaiewangelia.pl\/wp-content\/uploads\/2018\/11\/Fra-Angelico-Predella-w-o\u0142tarzu-San-Domenico-w-Fiesole.jpg\" alt=\"Fra Angelico Predella w o\u0142tarzu San Domenico w Fiesole\" class=\"wp-image-5546\"\/><\/a><figcaption>Fra Angelico <em>Predella w o\u0142tarzu San Domenico w Fiesole<\/em><\/figcaption><\/figure>\n","protected":false},"excerpt":{"rendered":"<p>i&nbsp; Zmartwychwstanie Pa\u0144skie rok ABC Poniedzia\u0142ek Wielkanocny rok\u00a0 ABC Niedziela Mi\u0142osierdzia Bo\u017cego rok ABC Niedziela Zes\u0142ania Ducha \u015awi\u0119tego rok ABC \u00a0 Powr\u00f3t do Wielkanoc\u00a0\u00a0 \u00a0\u00a0Powr\u00f3t do Linki<\/p>\n","protected":false},"author":1,"featured_media":0,"parent":59,"menu_order":1,"comment_status":"closed","ping_status":"closed","template":"","meta":{"_monsterinsights_skip_tracking":false,"_monsterinsights_sitenote_active":false,"_monsterinsights_sitenote_note":"","_monsterinsights_sitenote_category":0,"footnotes":""},"class_list":["post-130","page","type-page","status-publish","hentry"],"aioseo_notices":[],"_links":{"self":[{"href":"https:\/\/poezjaiewangelia.pl\/index.php?rest_route=\/wp\/v2\/pages\/130","targetHints":{"allow":["GET"]}}],"collection":[{"href":"https:\/\/poezjaiewangelia.pl\/index.php?rest_route=\/wp\/v2\/pages"}],"about":[{"href":"https:\/\/poezjaiewangelia.pl\/index.php?rest_route=\/wp\/v2\/types\/page"}],"author":[{"embeddable":true,"href":"https:\/\/poezjaiewangelia.pl\/index.php?rest_route=\/wp\/v2\/users\/1"}],"replies":[{"embeddable":true,"href":"https:\/\/poezjaiewangelia.pl\/index.php?rest_route=%2Fwp%2Fv2%2Fcomments&post=130"}],"version-history":[{"count":99,"href":"https:\/\/poezjaiewangelia.pl\/index.php?rest_route=\/wp\/v2\/pages\/130\/revisions"}],"predecessor-version":[{"id":9983,"href":"https:\/\/poezjaiewangelia.pl\/index.php?rest_route=\/wp\/v2\/pages\/130\/revisions\/9983"}],"up":[{"embeddable":true,"href":"https:\/\/poezjaiewangelia.pl\/index.php?rest_route=\/wp\/v2\/pages\/59"}],"wp:attachment":[{"href":"https:\/\/poezjaiewangelia.pl\/index.php?rest_route=%2Fwp%2Fv2%2Fmedia&parent=130"}],"curies":[{"name":"wp","href":"https:\/\/api.w.org\/{rel}","templated":true}]}}