{"id":3916,"date":"2018-10-17T12:11:12","date_gmt":"2018-10-17T12:11:12","guid":{"rendered":"https:\/\/poezjaiewangelia.pl\/?page_id=3916"},"modified":"2022-07-01T16:23:47","modified_gmt":"2022-07-01T15:23:47","slug":"2-niedziela-adwentu-rok-a","status":"publish","type":"page","link":"https:\/\/poezjaiewangelia.pl\/?page_id=3916","title":{"rendered":"2 Niedziela Adwentu rok A"},"content":{"rendered":"\n<figure id=\"attachment_8734\" aria-describedby=\"caption-attachment-8734\" style=\"width: 150px\" class=\"wp-caption alignright\"><a href=\"https:\/\/poezjaiewangelia.pl\/wp-content\/uploads\/2020\/06\/R\u00f3\u017ca-fioletowa.png\"><img loading=\"lazy\" decoding=\"async\" class=\"wp-image-8734 size-full\" src=\"https:\/\/poezjaiewangelia.pl\/wp-content\/uploads\/2020\/06\/R\u00f3\u017ca-fioletowa.png\" alt=\"Kolor szat\" width=\"150\" height=\"113\" \/><\/a><figcaption id=\"caption-attachment-8734\" class=\"wp-caption-text\">Kolor szat<\/figcaption><\/figure>\n<p><span style=\"color: #1e73be; font-family: georgia, palatino, serif;\"><a style=\"color: #1e73be;\" href=\"https:\/\/poezjaiewangelia.pl\/?page_id=51#S51\">Powr\u00f3t do Adwent,<\/a>\u00a0 <a style=\"color: #1e73be;\" href=\"https:\/\/poezjaiewangelia.pl\/?page_id=3907\">Adwent rok A<\/a>, <\/span><a id=\"S3916\"><\/a><span style=\"color: #1e73be; font-family: georgia, palatino, serif;\">\u00a0<\/span><a id=\"Gora\"><\/a><span style=\"color: #1e73be;\"> <a style=\"color: #1e73be;\" href=\"https:\/\/poezjaiewangelia.pl\/?page_id=703#S703\"><span style=\"font-family: georgia, palatino, serif;\">Powr\u00f3t do Linki<\/span><\/a><\/span><\/p>\n\n\n<div class=\"wp-block-image\">\n<figure class=\"alignleft size-large\"><a href=\"https:\/\/pl.wikipedia.org\/wiki\/Krzy%C5%BC_jerozolimski\" target=\"_blank\" rel=\"noopener noreferrer\"><img loading=\"lazy\" decoding=\"async\" width=\"101\" height=\"100\" src=\"https:\/\/poezjaiewangelia.pl\/wp-content\/uploads\/2015\/11\/Krzyz-Jerozolimski.jpg\" alt=\"Krzy\u017c Jerozolimski\" class=\"wp-image-107\" title=\"Krzy\u017c Jerozolimski\"\/><\/a><\/figure>\n<\/div>\n\n\n<hr class=\"wp-block-separator has-text-color has-luminous-vivid-amber-color has-css-opacity has-luminous-vivid-amber-background-color has-background is-style-dots\"\/>\n\n\n\n<p><strong>2 NA: EWANGELIA: MT 3, 1 \u2013 12;<\/strong><\/p>\n\n\n\n<hr class=\"wp-block-separator has-text-color has-luminous-vivid-amber-color has-css-opacity has-luminous-vivid-amber-background-color has-background is-style-dots\"\/>\n\n\n\n<p><span style=\"font-family: georgia, palatino, serif;\"><strong>Jan Chrzciciel<\/strong><\/span><\/p>\n<p><span style=\"font-family: georgia, palatino, serif;\">1 W owym czasie wyst\u0105pi\u0142 Jan Chrzciciel i g\u0142osi\u0142 na Pustyni Judzkiej te s\u0142owa:<\/span><br><span style=\"font-family: georgia, palatino, serif;\">2 \u00abNawr\u00f3\u0107cie si\u0119, bo bliskie jest kr\u00f3lestwo niebieskie\u00bb.<\/span><br><span style=\"font-family: georgia, palatino, serif;\">3 Do niego to odnosi si\u0119 s\u0142owo proroka Izajasza, gdy m\u00f3wi: G\u0142os wo\u0142aj\u0105cego na pustyni:<\/span><br><span style=\"color: #993300; font-family: georgia, palatino, serif;\"><strong>Przygotujcie drog\u0119 Panu,<\/strong><\/span><br><span style=\"color: #993300; font-family: georgia, palatino, serif;\"><strong> Dla Niego prostujcie \u015bcie\u017cki!<\/strong><\/span><br><span style=\"font-family: georgia, palatino, serif;\">4 Sam za\u015b Jan nosi\u0142 odzienie z sier\u015bci wielb\u0142\u0105dziej i pas sk\u00f3rzany oko\u0142o bioder, a jego pokarmem by\u0142a szara\u0144cza i mi\u00f3d le\u015bny. 5 W\u00f3wczas ci\u0105gn\u0119\u0142y do niego Jerozolima oraz ca\u0142a Judea i ca\u0142a okolica nad Jordanem.<\/span><br><span style=\"font-family: georgia, palatino, serif;\">6 Przyjmowano od niego chrzest w rzece Jordan, wyznaj\u0105c przy tym swe grzechy.<\/span><br><span style=\"font-family: georgia, palatino, serif;\">7 A gdy widzia\u0142, \u017ce przychodzi do chrztu wielu spo\u015br\u00f3d faryzeusz\u00f3w i saduceusz\u00f3w, m\u00f3wi\u0142 im: \u00abPlemi\u0119 \u017cmijowe, kto wam pokaza\u0142, jak uciec przed nadchodz\u0105cym gniewem?<\/span><br><span style=\"font-family: georgia, palatino, serif;\">8 Wydajcie wi\u0119c godny owoc nawr\u00f3cenia,<\/span><br><span style=\"font-family: georgia, palatino, serif;\">9 a nie my\u015blcie, \u017ce mo\u017cecie sobie m\u00f3wi\u0107: \u201cAbrahama mamy za ojca\u201d, bo powiadam wam, \u017ce z tych kamieni mo\u017ce B\u00f3g wzbudzi\u0107 dzieci Abrahamowi.<\/span><br><span style=\"font-family: georgia, palatino, serif;\">10 Ju\u017c siekiera do korzenia drzew jest przy\u0142o\u017cona. Ka\u017cde wi\u0119c drzewo, kt\u00f3re nie wydaje dobrego owocu, b\u0119dzie wyci\u0119te i w ogie\u0144 wrzucone.<\/span><br><span style=\"font-family: georgia, palatino, serif;\">11 Ja was chrzcz\u0119 wod\u0105 dla nawr\u00f3cenia; lecz Ten, kt\u00f3ry idzie za mn\u0105, mocniejszy jest ode mnie; ja nie jestem godzien nosi\u0107 Mu sanda\u0142\u00f3w. On was chrzci\u0107 b\u0119dzie Duchem \u015awi\u0119tym i ogniem.<\/span><br><span style=\"font-family: georgia, palatino, serif;\">12 Ma On wiejad\u0142o w r\u0119ku i oczy\u015bci sw\u00f3j om\u0142ot: pszenic\u0119 zbierze do spichlerza, a plewy spali w ogniu nieugaszonym\u00bb.<\/span><\/p>\n\n\n<div class=\"wp-block-image\">\n<figure class=\"aligncenter size-large is-resized\"><a href=\"https:\/\/pl.wikipedia.org\/wiki\/Chrystus_ukazuje_si%C4%99_ludowi\" target=\"_blank\" rel=\"noopener noreferrer\"><img loading=\"lazy\" decoding=\"async\" src=\"https:\/\/poezjaiewangelia.pl\/wp-content\/uploads\/2018\/10\/Alexander-Ivanov-Chrystus-objawia-si\u0119-ludowi.jpg\" alt=\"Alexander Ivanov Chrystus objawia si\u0119 ludowi\" class=\"wp-image-3918\" width=\"521\" height=\"325\" title=\"Alexander Ivanov Chrystus objawia si\u0119 ludowi\" srcset=\"https:\/\/poezjaiewangelia.pl\/wp-content\/uploads\/2018\/10\/Alexander-Ivanov-Chrystus-objawia-si\u0119-ludowi.jpg 600w, https:\/\/poezjaiewangelia.pl\/wp-content\/uploads\/2018\/10\/Alexander-Ivanov-Chrystus-objawia-si\u0119-ludowi-300x188.jpg 300w\" sizes=\"auto, (max-width: 521px) 100vw, 521px\" \/><\/a><figcaption><center><em>Alexander Ivanov Chrystus objawia si\u0119 ludowi<\/em><\/center><\/figcaption><\/figure>\n<\/div>\n\n\n<h2 class=\"has-vivid-purple-color has-text-color wp-block-heading\">Refleksja<\/h2>\n\n\n\n<p><\/p>\n\n\n\n<p><span style=\"font-family: georgia, palatino, serif;\"><strong>Matka Teresa z Kalkuty<\/strong><\/span><\/p>\n<p><span style=\"font-family: georgia, palatino, serif;\"><em><strong>Mimo wszystko&nbsp;<\/strong><\/em><\/span><\/p>\n<p><span style=\"font-family: georgia, palatino, serif;\">Ludzie s\u0105 nierozs\u0105dni, nielogiczni i egocentryczni.<\/span><br><span style=\"font-family: georgia, palatino, serif;\">Kochaj ich mimo wszystko<\/span><\/p>\n<p><span style=\"font-family: georgia, palatino, serif;\">Je\u017celi czynisz dobro, ludzie powiedz\u0105, \u017ce jeste\u015b samolubny.<\/span><br><span style=\"font-family: georgia, palatino, serif;\">Czy\u0144 dobro mimo wszystko<\/span><\/p>\n<p><span style=\"font-family: georgia, palatino, serif;\">Je\u015bli masz sukcesy, nab\u0119dziesz fa\u0142szywych przyjaci\u00f3\u0142 i prawdziwych wrog\u00f3w.<\/span><br><span style=\"font-family: georgia, palatino, serif;\">Odno\u015b sukcesy mimo wszystko<\/span><\/p>\n<p><span style=\"font-family: georgia, palatino, serif;\">Co dobrego zrobisz dzisiaj, jutro p\u00f3jdzie w niepami\u0119\u0107.<\/span><br><span style=\"font-family: georgia, palatino, serif;\">B\u0105d\u017a dobry mimo wszystko<\/span><\/p>\n<p><span style=\"font-family: georgia, palatino, serif;\">Uczciwo\u015b\u0107 i szczero\u015b\u0107 nara\u017c\u0105 ci\u0119 na cierpienie.<\/span><br><span style=\"font-family: georgia, palatino, serif;\">B\u0105d\u017a uczciwy i szczery mimo wszystko<\/span><\/p>\n<p><span style=\"font-family: georgia, palatino, serif;\">To, co budowa\u0142e\u015b przez lata, mo\u017ce zosta\u0107 zburzone w jedn\u0105 noc.<\/span><br><span style=\"font-family: georgia, palatino, serif;\">Buduj mimo wszystko<\/span><\/p>\n<p><span style=\"font-family: georgia, palatino, serif;\">Ludzie pragn\u0105 twojej pomocy, ale mog\u0105 ci\u0119 zaatakowa\u0107, gdy im pomo\u017cesz.<\/span><br><span style=\"font-family: georgia, palatino, serif;\">Pomagaj ludziom mimo wszystko<\/span><\/p>\n<p><span style=\"font-family: georgia, palatino, serif;\">Dawaj \u015bwiatu to, co masz najlepszego, spodziewaj\u0105c si\u0119 w zamian cios\u00f3w.<\/span><br><span style=\"font-family: georgia, palatino, serif;\">Dawaj \u015bwiatu wszystko, co masz najlepszego, mimo wszystko<\/span><\/p>\n<p><span style=\"font-family: georgia, palatino, serif;\">(z napisu na \u015bcianie Shishu Bhavan, domu dla dzieci w Kalkucie)<\/span><\/p>\n<p><span style=\"font-family: georgia, palatino, serif;\"><em><strong>Prosta \u015bcie\u017cka, Wydawnictwo \u201cM\u201d, Krak\u00f3w 2003<\/strong><\/em><\/span><\/p>\n\n\n\n<div class=\"wp-block-columns is-layout-flex wp-container-core-columns-is-layout-9d6595d7 wp-block-columns-is-layout-flex\">\n<div class=\"wp-block-column is-layout-flow wp-block-column-is-layout-flow\"><div class=\"wp-block-image\">\n<figure class=\"alignright is-resized\"><a href=\"https:\/\/www.wga.hu\/frames-e.html?\/html\/l\/leonardo\/04\/6stjohn.html\" target=\"_blank\" rel=\"noopener noreferrer\"><img loading=\"lazy\" decoding=\"async\" src=\"https:\/\/poezjaiewangelia.pl\/wp-content\/uploads\/2015\/11\/eb3a24ae87a112c1d0fdbe51c9000590-e1460541552222.jpg\" alt=\"Leonardo da Vinci \u015aw. Jan Chrzciciel\" width=\"314\" height=\"407\" title=\"Leonardo da Vinci \u015aw. Jan Chrzciciel\"\/><\/a><figcaption><center><em>Leonardo da Vinci \u015aw. Jan Chrzciciel<\/em><\/center><\/figcaption><\/figure>\n<\/div><\/div>\n\n\n\n<div class=\"wp-block-column is-layout-flow wp-block-column-is-layout-flow\">\n<hr class=\"wp-block-separator has-text-color has-luminous-vivid-amber-color has-css-opacity has-luminous-vivid-amber-background-color has-background is-style-dots\"\/>\n\n\n\n<hr class=\"wp-block-separator has-text-color has-luminous-vivid-amber-color has-css-opacity has-luminous-vivid-amber-background-color has-background is-style-dots\"\/>\n\n\n\n<p><span style=\"font-family: georgia, palatino, serif;\"><strong>Jan Zieli\u0144ski<\/strong><\/span><\/p>\n<p><span style=\"font-family: georgia, palatino, serif;\"><em><strong>Nawr\u00f3cenie<\/strong><\/em><\/span><\/p>\n<p>I<span style=\"font-family: georgia, palatino, serif;\">le trzeba klaps\u00f3w<\/span><br><span style=\"font-family: georgia, palatino, serif;\">ile uderze\u0144<\/span><br><span style=\"font-family: georgia, palatino, serif;\">jakiego krzy\u017ca<\/span><br><span style=\"font-family: georgia, palatino, serif;\">by zap\u0119dzi\u0107 owieczk\u0119<\/span><br><span style=\"font-family: georgia, palatino, serif;\">do owczarni<\/span><br><span style=\"font-family: georgia, palatino, serif;\">przez bram\u0119<\/span><\/p>\n<p><span style=\"font-family: georgia, palatino, serif;\"><em><strong>\u201eWiersze podarowane\u201d , Warszawa 1994, str. 53<\/strong><\/em><\/span><\/p>\n<\/div>\n<\/div>\n\n\n\n<p style=\"text-align: center;\"><span style=\"color: #1e73be; font-family: georgia, palatino, serif;\"><a style=\"color: #1e73be;\" href=\"https:\/\/poezjaiewangelia.pl\/?page_id=3916#Gora\">Do g\u00f3ry<\/a><\/span><\/p>\n","protected":false},"excerpt":{"rendered":"<p>Powr\u00f3t do Adwent,\u00a0 Adwent rok A, \u00a0 Powr\u00f3t do Linki 2 NA: EWANGELIA: MT 3, 1 \u2013 12; Jan Chrzciciel 1 W owym czasie wyst\u0105pi\u0142 Jan Chrzciciel i g\u0142osi\u0142 na Pustyni Judzkiej te s\u0142owa:2 \u00abNawr\u00f3\u0107cie si\u0119, bo bliskie jest kr\u00f3lestwo niebieskie\u00bb.3 Do niego to odnosi si\u0119 s\u0142owo proroka Izajasza, gdy m\u00f3wi: G\u0142os wo\u0142aj\u0105cego na pustyni:Przygotujcie &hellip; <a href=\"https:\/\/poezjaiewangelia.pl\/?page_id=3916\" class=\"more-link\">Czytaj dalej <span class=\"screen-reader-text\">2 Niedziela Adwentu rok A<\/span><\/a><\/p>\n","protected":false},"author":1,"featured_media":0,"parent":3907,"menu_order":2,"comment_status":"closed","ping_status":"closed","template":"","meta":{"_monsterinsights_skip_tracking":false,"_monsterinsights_sitenote_active":false,"_monsterinsights_sitenote_note":"","_monsterinsights_sitenote_category":0,"footnotes":""},"class_list":["post-3916","page","type-page","status-publish","hentry"],"aioseo_notices":[],"_links":{"self":[{"href":"https:\/\/poezjaiewangelia.pl\/index.php?rest_route=\/wp\/v2\/pages\/3916","targetHints":{"allow":["GET"]}}],"collection":[{"href":"https:\/\/poezjaiewangelia.pl\/index.php?rest_route=\/wp\/v2\/pages"}],"about":[{"href":"https:\/\/poezjaiewangelia.pl\/index.php?rest_route=\/wp\/v2\/types\/page"}],"author":[{"embeddable":true,"href":"https:\/\/poezjaiewangelia.pl\/index.php?rest_route=\/wp\/v2\/users\/1"}],"replies":[{"embeddable":true,"href":"https:\/\/poezjaiewangelia.pl\/index.php?rest_route=%2Fwp%2Fv2%2Fcomments&post=3916"}],"version-history":[{"count":58,"href":"https:\/\/poezjaiewangelia.pl\/index.php?rest_route=\/wp\/v2\/pages\/3916\/revisions"}],"predecessor-version":[{"id":9864,"href":"https:\/\/poezjaiewangelia.pl\/index.php?rest_route=\/wp\/v2\/pages\/3916\/revisions\/9864"}],"up":[{"embeddable":true,"href":"https:\/\/poezjaiewangelia.pl\/index.php?rest_route=\/wp\/v2\/pages\/3907"}],"wp:attachment":[{"href":"https:\/\/poezjaiewangelia.pl\/index.php?rest_route=%2Fwp%2Fv2%2Fmedia&parent=3916"}],"curies":[{"name":"wp","href":"https:\/\/api.w.org\/{rel}","templated":true}]}}