{"id":3957,"date":"2018-10-17T11:48:05","date_gmt":"2018-10-17T11:48:05","guid":{"rendered":"https:\/\/poezjaiewangelia.pl\/?page_id=3957"},"modified":"2022-07-01T16:24:59","modified_gmt":"2022-07-01T15:24:59","slug":"3-niedziela-adwentu-rok-a","status":"publish","type":"page","link":"https:\/\/poezjaiewangelia.pl\/?page_id=3957","title":{"rendered":"3 Niedziela Adwentu rok A"},"content":{"rendered":"\n<figure id=\"attachment_4585\" aria-describedby=\"caption-attachment-4585\" style=\"width: 120px\" class=\"wp-caption alignright\"><a href=\"https:\/\/poezjaiewangelia.pl\/wp-content\/uploads\/2018\/10\/R\u00f3\u017ca-r\u00f3\u017cowa-e1592144321942.png\"><img loading=\"lazy\" decoding=\"async\" class=\"wp-image-4585 size-full\" src=\"https:\/\/poezjaiewangelia.pl\/wp-content\/uploads\/2018\/10\/R\u00f3\u017ca-r\u00f3\u017cowa-e1592144321942.png\" alt=\"Kolor szat\" width=\"120\" height=\"120\" \/><\/a><figcaption id=\"caption-attachment-4585\" class=\"wp-caption-text\">Kolor szat<\/figcaption><\/figure>\n<p><span style=\"color: #1e73be; font-family: georgia, palatino, serif;\"><a style=\"color: #1e73be;\" href=\"https:\/\/poezjaiewangelia.pl\/?page_id=51#S51\">Powr\u00f3t do Adwent,<\/a> \u00a0<a style=\"color: #1e73be;\" href=\"https:\/\/poezjaiewangelia.pl\/?page_id=3907#S3907\"> Adwent rok A,<\/a>\u00a0<\/span><a id=\"S3957\"><\/a> <a id=\"Gora\"><\/a><span style=\"color: #3366ff;\"><span style=\"color: #1e73be; font-family: georgia, palatino, serif;\">\u00a0<\/span><a style=\"color: #3366ff;\" href=\"https:\/\/poezjaiewangelia.pl\/?page_id=703#S703\"><span style=\"color: #1e73be;\"><span style=\"font-family: georgia, palatino, serif;\">Powr\u00f3t do Linki<\/span><\/span><\/a><\/span><\/p>\n\n\n<div class=\"wp-block-image\">\n<figure class=\"alignleft size-large\"><a href=\"https:\/\/pl.wikipedia.org\/wiki\/Krzy%C5%BC_jerozolimski\" target=\"_blank\" rel=\"noopener noreferrer\"><img loading=\"lazy\" decoding=\"async\" width=\"101\" height=\"100\" src=\"https:\/\/poezjaiewangelia.pl\/wp-content\/uploads\/2015\/11\/Krzyz-Jerozolimski.jpg\" alt=\"Krzy\u017c Jerozolimski\" class=\"wp-image-107\" title=\"Krzy\u017c Jerozolimski\"\/><\/a><\/figure>\n<\/div>\n\n\n<hr class=\"wp-block-separator has-text-color has-luminous-vivid-amber-color has-css-opacity has-luminous-vivid-amber-background-color has-background is-style-dots\"\/>\n\n\n\n<p><strong>3 NA: EWANGELIA: MT 11, 2 \u2013 11;<\/strong><\/p>\n\n\n\n<hr class=\"wp-block-separator has-text-color has-luminous-vivid-amber-color has-css-opacity has-luminous-vivid-amber-background-color has-background is-style-dots\"\/>\n\n\n\n<h2 class=\"has-text-color wp-block-heading\" style=\"color:#ff6781\"><span style=\"color:#ff6781\" class=\"has-inline-color\">S\u0142owo Bo\u017ce<\/span><\/h2>\n\n\n\n<p><span style=\"font-family: georgia, palatino, serif;\"><strong>Poselstwo Jana Chrzciciela<\/strong><\/span><\/p>\n<p><span style=\"color: #993300; font-family: georgia, palatino, serif;\"><strong>2 Tymczasem Jan, skoro us\u0142ysza\u0142 w wi\u0119zieniu o czynach Chrystusa, pos\u0142a\u0142 swoich uczni\u00f3w<\/strong><\/span><br><span style=\"color: #993300; font-family: georgia, palatino, serif;\"><strong> 3 z zapytaniem: \u00abCzy Ty jeste\u015b Tym, kt\u00f3ry ma przyj\u015b\u0107, czy te\u017c innego mamy oczekiwa\u0107?\u00bb<\/strong><\/span><br><span style=\"color: #993300; font-family: georgia, palatino, serif;\"><strong> 4 Jezus im odpowiedzia\u0142: \u00abId\u017acie i oznajmijcie Janowi to, co s\u0142yszycie i na co patrzycie:<\/strong><\/span><br><span style=\"color: #993300; font-family: georgia, palatino, serif;\"><strong> 5 niewidomi wzrok odzyskuj\u0105, chromi chodz\u0105, tr\u0119dowaci doznaj\u0105 oczyszczenia, g\u0142usi s\u0142ysz\u0105, umarli zmartwychwstaj\u0105, ubogim g\u0142osi si\u0119 Ewangeli\u0119.<\/strong><\/span><br><span style=\"color: #993300; font-family: georgia, palatino, serif;\"><strong> 6 A b\u0142ogos\u0142awiony jest ten, kto we Mnie nie zw\u0105tpi\u00bb.<\/strong><\/span><\/p>\n<p><span style=\"font-family: georgia, palatino, serif;\"><strong>\u015awiadectwo Jezusa o Janie<\/strong><\/span><\/p>\n<p><span style=\"font-family: georgia, palatino, serif;\">7 Gdy oni odchodzili, Jezus zacz\u0105\u0142 m\u00f3wi\u0107 do t\u0142um\u00f3w o Janie: \u00abCo\u015bcie wyszli ogl\u0105da\u0107 na pustyni? Trzcin\u0119 ko\u0142ysz\u0105c\u0105 si\u0119 na wietrze?<\/span><br><span style=\"font-family: georgia, palatino, serif;\">8 Ale co\u015bcie wyszli zobaczy\u0107? Cz\u0142owieka w mi\u0119kkie szaty ubranego? Oto w domach kr\u00f3lewskich s\u0105 ci, kt\u00f3rzy mi\u0119kkie szaty nosz\u0105.<\/span><br><span style=\"font-family: georgia, palatino, serif;\">9 Po co\u015bcie wi\u0119c wyszli? Proroka zobaczy\u0107? Tak, powiadam wam, nawet wi\u0119cej ni\u017c proroka.<\/span><br><span style=\"font-family: georgia, palatino, serif;\">10 On jest tym, o kt\u00f3rym napisano: Oto Ja posy\u0142am mego wys\u0142a\u0144ca przed Tob\u0105, aby Ci przygotowa\u0142 drog\u01195.<\/span><br><span style=\"font-family: georgia, palatino, serif;\">11 Zaprawd\u0119, powiadam wam: Mi\u0119dzy narodzonymi z niewiast nie powsta\u0142 wi\u0119kszy od Jana Chrzciciela. Lecz najmniejszy w kr\u00f3lestwie niebieskim wi\u0119kszy jest ni\u017c on.<\/span><\/p>\n\n\n<div class=\"wp-block-image\">\n<figure class=\"aligncenter is-resized\"><a href=\"https:\/\/commons.wikimedia.org\/wiki\/File:Mus%C3%A9e_de_Lille_P._F._de_Grebber.jpg\" target=\"_blank\" rel=\"noopener noreferrer\"><img loading=\"lazy\" decoding=\"async\" src=\"https:\/\/poezjaiewangelia.pl\/wp-content\/uploads\/2015\/11\/Pieter-de-Grebber-Sw-Jan-przed-Herodem-e1461936934762.jpg\" alt=\"Pieter de Grebber Sw Jan przed Herodem\" width=\"515\" height=\"367\" title=\"Pieter de Grebber Sw Jan przed Herodem\"\/><\/a><figcaption><center><em>Pieter de Grebber \u015aw Jan przed Herodem<\/em><\/center><\/figcaption><\/figure>\n<\/div>\n\n\n<h2 class=\"has-text-color wp-block-heading\" style=\"color:#ff6781\"><strong><span style=\"color:#ff6781\" class=\"has-inline-color\">Refleksja<\/span><\/strong><\/h2>\n\n\n\n<p><span style=\"font-family: georgia, palatino, serif;\"><strong>Janusz Pasierb<\/strong><\/span><\/p>\n<p><span style=\"font-family: georgia, palatino, serif;\"><em><strong>Pod warunkiem<\/strong><\/em><\/span><\/p>\n<p><span style=\"font-family: georgia, palatino, serif;\">je\u017celi jeste\u015b z jego uczni\u00f3w<\/span><br \/><span style=\"font-family: georgia, palatino, serif;\">uciekaj<\/span><br \/><span style=\"font-family: georgia, palatino, serif;\">je\u017celi zdrajc\u0105<\/span><br \/><span style=\"font-family: georgia, palatino, serif;\">nie tra\u0107 czasu<\/span><br \/><span style=\"font-family: georgia, palatino, serif;\">je\u015bli Herodem<\/span><br \/><span style=\"font-family: georgia, palatino, serif;\">wy\u015bmiej go jak b\u0142azna<\/span><\/p>\n<p><span style=\"font-family: georgia, palatino, serif;\">je\u017celi jeste\u015b katem<\/span><br \/><span style=\"font-family: georgia, palatino, serif;\">czy\u0144 swoj\u0105 powinno\u015b\u0107<\/span><br \/><span style=\"font-family: georgia, palatino, serif;\">je\u015bli Pi\u0142atem<\/span><br \/><span style=\"font-family: georgia, palatino, serif;\">podyskutuj nie zapomnij<\/span><br \/><span style=\"font-family: georgia, palatino, serif;\">umyj r\u0119ce<\/span><\/p>\n<p><span style=\"font-family: georgia, palatino, serif;\">je\u017celi<\/span><\/p>\n<p><span style=\"font-family: georgia, palatino, serif;\">co innego je\u017celi<\/span><br \/><span style=\"font-family: georgia, palatino, serif;\">masz m\u0119\u017cne serce<\/span><br \/><span style=\"font-family: georgia, palatino, serif;\">i co\u015b czystego pod r\u0119k\u0105<\/span><br \/><span style=\"font-family: georgia, palatino, serif;\">jak Weronika<\/span><\/p>\n<p><span style=\"font-family: georgia, palatino, serif;\">je\u015bli pochodzisz z Cyreny<\/span><br \/><span style=\"font-family: georgia, palatino, serif;\">je\u015bli masz silne ramiona<\/span><br \/><span style=\"font-family: georgia, palatino, serif;\">je\u015bli ci starcza odwagi<\/span><br \/><span style=\"font-family: georgia, palatino, serif;\">je\u015bli cho\u0107 umiesz zap\u0142aka\u0107<\/span><\/p>\n<p><span style=\"font-family: georgia, palatino, serif;\">je\u015bli\u015b J\u00f3zefem z Arymatei<\/span><br \/><span style=\"font-family: georgia, palatino, serif;\">lub Nikodem<\/span><br \/><span style=\"font-family: georgia, palatino, serif;\">otrzymasz cia\u0142o<\/span><\/p>\n<p><span style=\"font-family: georgia, palatino, serif;\">Je\u017celi przynajmniej<\/span><br \/><span style=\"font-family: georgia, palatino, serif;\">potrafisz \u015bciemnie\u0107 jak niebo<\/span><br \/><span style=\"font-family: georgia, palatino, serif;\">o\u015blepn\u0105\u0107 jak s\u0142o\u0144ce przesta\u0107 b\u0142yszcze\u0107<\/span><br \/><span style=\"font-family: georgia, palatino, serif;\">jak ska\u0142a si\u0119 rozpa\u015b\u0107<\/span><\/p>\n<p><span style=\"font-family: georgia, palatino, serif;\">je\u015bli spowijesz jak ca\u0142un<\/span><br \/><span style=\"font-family: georgia, palatino, serif;\">jak kamie\u0144 ostudzisz<\/span><br \/><span style=\"font-family: georgia, palatino, serif;\">jak piecz\u0119\u0107 zastygniesz<\/span><br \/><span style=\"font-family: georgia, palatino, serif;\">je\u015bli otworzy ci\u0119 anio\u0142<\/span><\/p>\n<p><span style=\"font-family: georgia, palatino, serif;\"><em><strong>\u00abWiersze religijne\u00bb, Pozna\u0144 \u2013 Warszawa 1983, str. 13<\/strong><\/em><\/span><\/p>\n<p><span style=\"font-family: georgia, palatino, serif;\"><strong>Jan Twardowski<\/strong><\/span><\/p>\n<p><span style=\"font-family: georgia, palatino, serif;\"><em><strong>Wierz\u0119<\/strong><\/em><\/span><\/p>\n<p><span style=\"font-family: georgia, palatino, serif;\">Wierz\u0119 w rado\u015b\u0107 ni z tego ni z owego<\/span><br \/><span style=\"font-family: georgia, palatino, serif;\">w anio\u0142a co spad\u0142 z nieba by bawi\u0107 si\u0119 w \u015bniegu<\/span><br \/><span style=\"font-family: georgia, palatino, serif;\">w serce co chce wszystkiego i jeszcze cokolwiek<\/span><br \/><span style=\"font-family: georgia, palatino, serif;\">w u\u015bmiech<\/span><br \/><span style=\"font-family: georgia, palatino, serif;\">\u017ce kto\u015b wymy\u015bli\u0142 sobie koniec ko\u0144c\u00f3w<\/span><br \/><span style=\"font-family: georgia, palatino, serif;\">i jeszcze m\u00f3wi po co i co dalej<\/span><br \/><span style=\"font-family: georgia, palatino, serif;\">w matk\u0119 co znikn\u0119\u0142a za furtk\u0105 ogrodu<\/span><br \/><span style=\"font-family: georgia, palatino, serif;\">w Boga prawdziwego bo ju\u017c bez dowod\u00f3w<\/span><br \/><span style=\"font-family: georgia, palatino, serif;\">takiego co nie lubi teorii o sobie<\/span><\/p>\n<p><span style=\"font-family: georgia, palatino, serif;\"><em><strong>\u00abNie przyszed\u0142em Pana nawraca\u0107\u00bb,\u00a0Pozna\u0144 2009, str. 378<\/strong><\/em><\/span><\/p>\n<p><span style=\"font-family: georgia, palatino, serif;\"><strong>Jan Twardowski<\/strong><\/span><\/p>\n<p><span style=\"font-family: georgia, palatino, serif;\"><em><strong>Szuka\u0142em<\/strong><\/em><\/span><\/p>\n<p><span style=\"font-family: georgia, palatino, serif;\">Szuka\u0142em w ksi\u0105\u017ckach<\/span><br \/><span style=\"font-family: georgia, palatino, serif;\">przez cud niem\u00f3wienia o samym sobie<\/span><br \/><span style=\"font-family: georgia, palatino, serif;\">przez cnoty gor\u0105ce i zimne<\/span><br \/><span style=\"font-family: georgia, palatino, serif;\">w ciemnym oknie gdzie ksi\u0119\u017cyc udaje niewinnego<\/span><br \/><span style=\"font-family: georgia, palatino, serif;\">a tylu po\u017ceni\u0142 g\u0142uptas\u00f3w<\/span><br \/><span style=\"font-family: georgia, palatino, serif;\">w znajomy spos\u00f3b<\/span><br \/><span style=\"font-family: georgia, palatino, serif;\">w ogrodzie gdzie chodzi gawron czyli gapa<\/span><br \/><span style=\"font-family: georgia, palatino, serif;\">w polu gdzie w lipcu zbo\u017ce twardnieje i \u017c\u00f3\u0142knie<\/span><br \/><span style=\"font-family: georgia, palatino, serif;\">przez protekcj\u0119 ascety kt\u00f3ry nie jad\u0142<\/span><br \/><span style=\"font-family: georgia, palatino, serif;\">wi\u0119c si\u0119 modli\u0142 tylko przed zmartwieniem i po zmartwieniu<\/span><br \/><span style=\"font-family: georgia, palatino, serif;\">w ko\u015bciele kiedy nikogo nie by\u0142o<\/span><\/p>\n<p><span style=\"font-family: georgia, palatino, serif;\">i nagle przyszed\u0142 nieoczekiwany<\/span><br \/><span style=\"font-family: georgia, palatino, serif;\">jak \u017curawiny po pierwszym mrozie<\/span><br \/><span style=\"font-family: georgia, palatino, serif;\">z sercem pomi\u0119dzy jedn\u0105 r\u0119k\u0105 a drug\u0105<\/span><\/p>\n<p><span style=\"font-family: georgia, palatino, serif;\">i powiedzia\u0142em<\/span><br \/><span style=\"font-family: georgia, palatino, serif;\">dlaczego mnie szukasz<\/span><br \/><span style=\"font-family: georgia, palatino, serif;\">na mnie trzeba czasem poczeka\u0107<\/span><\/p>\n<p><span style=\"font-family: georgia, palatino, serif;\"><em><strong>\u00a0\u201cnie przyszed\u0142em pana nawraca\u0107\u201d, Warszawa 1986,\u00a0str. 222<\/strong><\/em><\/span><\/p>\n<p style=\"text-align: center;\"><span style=\"font-family: georgia, palatino, serif;\"><a href=\"https:\/\/poezjaiewangelia.pl\/?page_id=3957#Gora\">Do g\u00f3ry<\/a><\/span><\/p>\n","protected":false},"excerpt":{"rendered":"<p>Powr\u00f3t do Adwent, \u00a0 Adwent rok A,\u00a0 \u00a0Powr\u00f3t do Linki 3 NA: EWANGELIA: MT 11, 2 \u2013 11; S\u0142owo Bo\u017ce Poselstwo Jana Chrzciciela 2 Tymczasem Jan, skoro us\u0142ysza\u0142 w wi\u0119zieniu o czynach Chrystusa, pos\u0142a\u0142 swoich uczni\u00f3w 3 z zapytaniem: \u00abCzy Ty jeste\u015b Tym, kt\u00f3ry ma przyj\u015b\u0107, czy te\u017c innego mamy oczekiwa\u0107?\u00bb 4 Jezus im odpowiedzia\u0142: &hellip; <a href=\"https:\/\/poezjaiewangelia.pl\/?page_id=3957\" class=\"more-link\">Czytaj dalej <span class=\"screen-reader-text\">3 Niedziela Adwentu rok A<\/span><\/a><\/p>\n","protected":false},"author":1,"featured_media":0,"parent":3907,"menu_order":3,"comment_status":"closed","ping_status":"closed","template":"","meta":{"_monsterinsights_skip_tracking":false,"_monsterinsights_sitenote_active":false,"_monsterinsights_sitenote_note":"","_monsterinsights_sitenote_category":0,"footnotes":""},"class_list":["post-3957","page","type-page","status-publish","hentry"],"aioseo_notices":[],"_links":{"self":[{"href":"https:\/\/poezjaiewangelia.pl\/index.php?rest_route=\/wp\/v2\/pages\/3957","targetHints":{"allow":["GET"]}}],"collection":[{"href":"https:\/\/poezjaiewangelia.pl\/index.php?rest_route=\/wp\/v2\/pages"}],"about":[{"href":"https:\/\/poezjaiewangelia.pl\/index.php?rest_route=\/wp\/v2\/types\/page"}],"author":[{"embeddable":true,"href":"https:\/\/poezjaiewangelia.pl\/index.php?rest_route=\/wp\/v2\/users\/1"}],"replies":[{"embeddable":true,"href":"https:\/\/poezjaiewangelia.pl\/index.php?rest_route=%2Fwp%2Fv2%2Fcomments&post=3957"}],"version-history":[{"count":34,"href":"https:\/\/poezjaiewangelia.pl\/index.php?rest_route=\/wp\/v2\/pages\/3957\/revisions"}],"predecessor-version":[{"id":9865,"href":"https:\/\/poezjaiewangelia.pl\/index.php?rest_route=\/wp\/v2\/pages\/3957\/revisions\/9865"}],"up":[{"embeddable":true,"href":"https:\/\/poezjaiewangelia.pl\/index.php?rest_route=\/wp\/v2\/pages\/3907"}],"wp:attachment":[{"href":"https:\/\/poezjaiewangelia.pl\/index.php?rest_route=%2Fwp%2Fv2%2Fmedia&parent=3957"}],"curies":[{"name":"wp","href":"https:\/\/api.w.org\/{rel}","templated":true}]}}