{"id":4022,"date":"2018-10-18T17:49:03","date_gmt":"2018-10-18T17:49:03","guid":{"rendered":"https:\/\/poezjaiewangelia.pl\/?page_id=4022"},"modified":"2020-06-24T17:53:09","modified_gmt":"2020-06-24T16:53:09","slug":"2-niedziela-adwentu-rok-c","status":"publish","type":"page","link":"https:\/\/poezjaiewangelia.pl\/?page_id=4022","title":{"rendered":"2 Niedziela Adwentu rok C"},"content":{"rendered":"\n<p><span style=\"color: #1e73be;\"><a style=\"color: #1e73be;\" href=\"https:\/\/poezjaiewangelia.pl\/?page_id=51#S51\">Powr\u00f3t do Adwent,<\/a> <a style=\"color: #1e73be;\" href=\"https:\/\/poezjaiewangelia.pl\/?page_id=109#S109\">Adwent rok C,<\/a>\u00a0<\/span><a id=\"S4022\"><\/a><span style=\"color: #1e73be;\">\u00a0<\/span><a id=\"Gora\"><\/a><span style=\"color: #1e73be;\">\u00a0<a style=\"color: #1e73be;\" href=\"https:\/\/poezjaiewangelia.pl\/?page_id=703#S703\">Powr\u00f3t do Linki<img loading=\"lazy\" decoding=\"async\" class=\"size-full wp-image-8734 alignright\" src=\"https:\/\/poezjaiewangelia.pl\/wp-content\/uploads\/2020\/06\/R\u00f3\u017ca-fioletowa.png\" alt=\"Kolor szat\" width=\"150\" height=\"113\" \/><\/a><\/span><\/p>\n\n\n\n<div class=\"wp-block-image\"><figure class=\"alignleft size-large is-resized\"><a href=\"https:\/\/pl.wikipedia.org\/wiki\/Krzy%C5%BC_jerozolimski\" target=\"_blank\" rel=\"noopener noreferrer\"><img loading=\"lazy\" decoding=\"async\" src=\"https:\/\/poezjaiewangelia.pl\/wp-content\/uploads\/2015\/11\/Krzyz-Jerozolimski.jpg\" alt=\"Krzy\u017c Jerozolimski\" class=\"wp-image-107\" width=\"101\" height=\"100\" title=\"Krzy\u017c Jerozolimski\"\/><\/a><\/figure><\/div>\n\n\n\n<hr class=\"wp-block-separator has-text-color has-background has-luminous-vivid-amber-background-color has-luminous-vivid-amber-color is-style-dots\"\/>\n\n\n\n<p><strong>2 NA: EWANGELIA: \u0141K 3, 1 \u2013 6;<\/strong><\/p>\n\n\n\n<hr class=\"wp-block-separator has-text-color has-background has-luminous-vivid-amber-background-color has-luminous-vivid-amber-color is-style-dots\"\/>\n\n\n\n\n\n<div class=\"wp-block-image\"><figure class=\"alignright size-large is-resized\"><a href=\"https:\/\/www.wga.hu\/frames-e.html?\/html\/b\/bosch\/5panels\/04stjohn.html\" target=\"_blank\" rel=\"noopener noreferrer\"><img loading=\"lazy\" decoding=\"async\" src=\"https:\/\/poezjaiewangelia.pl\/wp-content\/uploads\/2015\/11\/Hieronim_Bosch_Sw_Jan_Chrzciciel_na_pustkowiu.jpg\" alt=\"Hieronim Bosch \u015aw. Jan Chrzciciel na pustkowiu\" class=\"wp-image-147\" width=\"379\" height=\"466\" title=\"Hieronim Bosch \u015aw. Jan Chrzciciel na pustkowiu\" srcset=\"https:\/\/poezjaiewangelia.pl\/wp-content\/uploads\/2015\/11\/Hieronim_Bosch_Sw_Jan_Chrzciciel_na_pustkowiu.jpg 480w, https:\/\/poezjaiewangelia.pl\/wp-content\/uploads\/2015\/11\/Hieronim_Bosch_Sw_Jan_Chrzciciel_na_pustkowiu-244x300.jpg 244w\" sizes=\"auto, (max-width: 379px) 100vw, 379px\" \/><\/a><figcaption><center><em>Hieronim Bosch \u015aw. Jan Chrzciciel na pustkowiu<\/em><\/center><\/figcaption><\/figure><\/div>\n\n\n\n<p><strong>Jan Chrzciciel<\/strong><\/p>\n\n\n\n<p>1&nbsp;By\u0142o to w pi\u0119tnastym roku rz\u0105d\u00f3w Tyberiusza Cezara. Gdy Poncjusz Pi\u0142at by\u0142 namiestnikiem Judei, Herod tetrarch\u0105 Galilei, brat jego Filip tetrarch\u0105 Iturei i kraju Trachonu, Lizaniasz tetrarch\u0105 Abileny;<br>2&nbsp;za najwy\u017cszych kap\u0142an\u00f3w Annasza i Kajfasza skierowane zosta\u0142o s\u0142owo Bo\u017ce do Jana, syna Zachariasza, na pustyni.<br><span style=\"color:#993300\" class=\"has-inline-color\"><strong>3 Obchodzi\u0142 wi\u0119c ca\u0142\u0105 okolic\u0119 nad Jordanem i g\u0142osi\u0142 chrzest nawr\u00f3cenia dla odpuszczenia grzech\u00f3w,<\/strong><br><strong>4 jak jest napisane w ksi\u0119dze m\u00f3w proroka Izajasza:<\/strong><br><strong>G\u0142os wo\u0142aj\u0105cego na pustyni:<\/strong><br><strong>Przygotujcie drog\u0119 Panu,<\/strong><br><strong>prostujcie \u015bcie\u017cki dla Niego!<\/strong><\/span><br>Ka\u017cda dolina niech b\u0119dzie wype\u0142niona,<br>5 ka\u017cda g\u00f3ra i pag\u00f3rek zr\u00f3wnane,<br>drogi kr\u0119te niech si\u0119 stan\u0105 prostymi,<br>a wyboiste drogami g\u0142adkimi!<br>6 I wszyscy ludzie ujrz\u0105 zbawienie Bo\u017ce<\/p>\n\n\n\n<h2 class=\"has-vivid-purple-color has-text-color wp-block-heading\">Refleksja<\/h2>\n\n\n\n<p><\/p>\n\n\n\n<p><strong>Jan Twardowski<\/strong><\/p>\n\n\n\n<p><em><strong>Sp\u00f3r<\/strong><\/em><\/p>\n\n\n\n<p>Wielki sp\u00f3r o Boga w licealnej klasie<br>pytania ch\u0142opc\u00f3w twarde<br>a dziewcz\u0105t piskliwe<br>u\u015bmiech przekory<br>jeszcze przed rozpacz\u0105<\/p>\n\n\n\n<p>tak\u017ce \u015bwi\u0119ty Augustyn mia\u0142 k\u0142opoty z wiar\u0105<br>nawet szcz\u0119\u015bcie nie wierzy \u017ce ju\u017c jest szcz\u0119\u015bliwe<\/p>\n\n\n\n<p>jest krzy\u017c wiary<br>jest i krzy\u017c niewiary<\/p>\n\n\n\n<p>wie o tym<br>Jezus<br>prosz\u0105cy o cisz\u0119<br>zrozumie obejmie<br>r\u0119kami obiema<\/p>\n\n\n\n<p>ju\u017c wierzysz- kiedy cierpisz \u017ce Go nie ma<\/p>\n\n\n\n<p><em><strong>\u201ePos\u0142aniec nadziei\u201d, Warszawa \u2013 Rzesz\u00f3w 2005, str. 111<\/strong><\/em><\/p>\n\n\n\n<p><strong>Jan Twardowski<\/strong><\/p>\n\n\n\n<p><em><strong>O nawr\u00f3ceniach<\/strong><\/em><\/p>\n\n\n\n<p>W jaki spos\u00f3b B\u00f3g nawraca grzesznik\u00f3w<br>rozmaicie<\/p>\n\n\n\n<p>cz\u0119sto jak wiatr co p\u0119dzi stado kapeluszy<br>chwyta dusz\u0119 wprost z miejsca i targa za uszy<\/p>\n\n\n\n<p>niekiedy z u\u015bmiechem, prawie \u017ce weso\u0142o<br>\u015bwi\u0119ci bior\u0105 za r\u0119k\u0119 i bawi\u0105 si\u0119 w ko\u0142o<\/p>\n\n\n\n<p>a czasem \u2013 nie do wiary<br>ni z tego ni z owego<br>\u0142z\u0119 zdejmujesz z twarzy<br>jak pieszczot\u0119 \u015bniegu<\/p>\n\n\n\n<p><\/p>\n\n\n\n<p><em><strong>\u201enie przyszed\u0142em pana nawraca\u0107\u201d, Warszawa 1986, str. 79<\/strong><\/em><\/p>\n\n\n\n<p class=\"has-text-align-center\"><span style=\"color: #1e73be;\"><a style=\"color: #1e73be;\" href=\"https:\/\/poezjaiewangelia.pl\/?page_id=4022#Gora\">Do g\u00f3ry<\/a><\/span><\/p>\n","protected":false},"excerpt":{"rendered":"<p>Powr\u00f3t do Adwent, Adwent rok C,\u00a0\u00a0\u00a0Powr\u00f3t do Linki 2 NA: EWANGELIA: \u0141K 3, 1 \u2013 6; Jan Chrzciciel 1&nbsp;By\u0142o to w pi\u0119tnastym roku rz\u0105d\u00f3w Tyberiusza Cezara. Gdy Poncjusz Pi\u0142at by\u0142 namiestnikiem Judei, Herod tetrarch\u0105 Galilei, brat jego Filip tetrarch\u0105 Iturei i kraju Trachonu, Lizaniasz tetrarch\u0105 Abileny;2&nbsp;za najwy\u017cszych kap\u0142an\u00f3w Annasza i Kajfasza skierowane zosta\u0142o s\u0142owo Bo\u017ce &hellip; <a href=\"https:\/\/poezjaiewangelia.pl\/?page_id=4022\" class=\"more-link\">Czytaj dalej <span class=\"screen-reader-text\">2 Niedziela Adwentu rok C<\/span><\/a><\/p>\n","protected":false},"author":1,"featured_media":0,"parent":109,"menu_order":2,"comment_status":"closed","ping_status":"closed","template":"","meta":{"_monsterinsights_skip_tracking":false,"_monsterinsights_sitenote_active":false,"_monsterinsights_sitenote_note":"","_monsterinsights_sitenote_category":0,"footnotes":""},"class_list":["post-4022","page","type-page","status-publish","hentry"],"aioseo_notices":[],"_links":{"self":[{"href":"https:\/\/poezjaiewangelia.pl\/index.php?rest_route=\/wp\/v2\/pages\/4022","targetHints":{"allow":["GET"]}}],"collection":[{"href":"https:\/\/poezjaiewangelia.pl\/index.php?rest_route=\/wp\/v2\/pages"}],"about":[{"href":"https:\/\/poezjaiewangelia.pl\/index.php?rest_route=\/wp\/v2\/types\/page"}],"author":[{"embeddable":true,"href":"https:\/\/poezjaiewangelia.pl\/index.php?rest_route=\/wp\/v2\/users\/1"}],"replies":[{"embeddable":true,"href":"https:\/\/poezjaiewangelia.pl\/index.php?rest_route=%2Fwp%2Fv2%2Fcomments&post=4022"}],"version-history":[{"count":28,"href":"https:\/\/poezjaiewangelia.pl\/index.php?rest_route=\/wp\/v2\/pages\/4022\/revisions"}],"predecessor-version":[{"id":9015,"href":"https:\/\/poezjaiewangelia.pl\/index.php?rest_route=\/wp\/v2\/pages\/4022\/revisions\/9015"}],"up":[{"embeddable":true,"href":"https:\/\/poezjaiewangelia.pl\/index.php?rest_route=\/wp\/v2\/pages\/109"}],"wp:attachment":[{"href":"https:\/\/poezjaiewangelia.pl\/index.php?rest_route=%2Fwp%2Fv2%2Fmedia&parent=4022"}],"curies":[{"name":"wp","href":"https:\/\/api.w.org\/{rel}","templated":true}]}}