{"id":4185,"date":"2018-10-22T16:17:42","date_gmt":"2018-10-22T16:17:42","guid":{"rendered":"https:\/\/poezjaiewangelia.pl\/?page_id=4185"},"modified":"2023-02-12T12:01:55","modified_gmt":"2023-02-12T11:01:55","slug":"2-niedziela-wielkiego-postu-rok-a","status":"publish","type":"page","link":"https:\/\/poezjaiewangelia.pl\/?page_id=4185","title":{"rendered":"2 Niedziela Wielkiego Postu rok A"},"content":{"rendered":"\n<p><span style=\"color: #1e73be;\"><a style=\"color: #1e73be;\" href=\"https:\/\/poezjaiewangelia.pl\/?page_id=57#S57\">Powr\u00f3t do Wielki Pos<\/a>t\u00a0<\/span><a id=\"Gora\"><\/a><a href=\"https:\/\/poezjaiewangelia.pl\/?page_id=113#S113\"><span style=\"color: #1e73be;\"> Powr\u00f3t do WP rok A <\/span><\/a><a id=\"S4185\"><\/a><span style=\"color: #1e73be;\">\u00a0<a style=\"color: #1e73be;\" href=\"https:\/\/poezjaiewangelia.pl\/?page_id=703#S703\">\u00a0Powr\u00f3t do Linki<\/a><\/span><\/p>\n\n\n<div class=\"wp-block-image\">\n<figure class=\"alignright size-large\"><img loading=\"lazy\" decoding=\"async\" width=\"150\" height=\"113\" src=\"https:\/\/poezjaiewangelia.pl\/wp-content\/uploads\/2020\/06\/R\u00f3\u017ca-fioletowa.png\" alt=\"Kolor szat\" class=\"wp-image-8734\"\/><figcaption class=\"wp-element-caption\">Kolor szat<\/figcaption><\/figure>\n<\/div>\n\n<div class=\"wp-block-image\">\n<figure class=\"alignleft size-large\"><a href=\"https:\/\/www.wga.hu\/framex-e.html?file=html\/g\/greco_el\/17\/1701gred.html&amp;find=Christ+on+the+Cross\" target=\"_blank\" rel=\"noopener noreferrer\"><img loading=\"lazy\" decoding=\"async\" width=\"100\" height=\"109\" src=\"https:\/\/poezjaiewangelia.pl\/wp-content\/uploads\/2015\/12\/El-Greco-Chrystus-piastuje-Krzyz.jpg\" alt=\"El Greco Chrystus piastuje Krzyz\" class=\"wp-image-386\" title=\"El Greco Chrystus piastuje Krzyz\"\/><\/a><\/figure>\n<\/div>\n\n\n<hr class=\"wp-block-separator has-text-color has-luminous-vivid-amber-color has-css-opacity has-luminous-vivid-amber-background-color has-background is-style-dots\"\/>\n\n\n\n<p><strong>Ewangelia: Mt 17, 1 \u2013 9;<\/strong><\/p>\n\n\n\n<h2 class=\"wp-block-heading\"><span style=\"background-color:rgba(0, 0, 0, 0)\" class=\"has-inline-color has-vivid-purple-color\">S\u0142owo Bo\u017ce<\/span><\/h2>\n\n\n<div class=\"wp-block-image\">\n<figure class=\"alignleft size-large is-resized\"><a href=\"https:\/\/www.wga.hu\/framex-e.html?file=html\/m\/master\/zunk_x\/10icon.html&amp;find=The+Transfiguration+\" target=\"_blank\" rel=\"noopener noreferrer\"><img loading=\"lazy\" decoding=\"async\" src=\"https:\/\/poezjaiewangelia.pl\/wp-content\/uploads\/2015\/11\/Rosyjski-Mistrz-Ikon-Przemienienie-e1461934484145.jpg\" alt=\"Rosyjski Mistrz Ikon Przemienienie\" class=\"wp-image-2692\" width=\"312\" height=\"402\" title=\"Rosyjski Mistrz Ikon Przemienienie\"\/><\/a><figcaption class=\"wp-element-caption\"><center><em>Rosyjski Mistrz Ikon Przemienienie<\/em><\/center><\/figcaption><\/figure>\n<\/div>\n\n\n<p><strong>Przemienienie Jezusa<\/strong><\/p>\n\n\n\n<p>1 Po sze\u015bciu dniach Jezus wzi\u0105\u0142 z sob\u0105 Piotra, Jakuba i brata jego Jana<br>2 i zaprowadzi\u0142 ich na g\u00f3r\u0119 wysok\u0105, osobno. Tam przemieni\u0142 si\u0119 wobec nich: twarz Jego zaja\u015bnia\u0142a jak s\u0142o\u0144ce, odzienie za\u015b sta\u0142o si\u0119 bia\u0142e jak \u015bwiat\u0142o.<br>3 A oto im si\u0119 ukazali Moj\u017cesz i Eliasz, kt\u00f3rzy rozmawiali z Nim.<br><span style=\"color: #993300;\"><strong>4 Wtedy Piotr rzek\u0142 do Jezusa: \u00abPanie, dobrze, \u017ce tu jeste\u015bmy; je\u015bli chcesz, postawi\u0119 tu trzy namioty: jeden dla Ciebie, jeden dla Moj\u017cesza i jeden dla Eliasza\u00bb.<\/strong><\/span><br><span style=\"color: #993300;\"><strong>5 Gdy on jeszcze m\u00f3wi\u0142, oto ob\u0142ok \u015bwietlany os\u0142oni\u0142 ich, a z ob\u0142oku odezwa\u0142 si\u0119 g\u0142os: \u00abTo jest m\u00f3j Syn umi\u0142owany, w kt\u00f3rym mam upodobanie, Jego s\u0142uchajcie!\u00bb<\/strong><\/span><br>6 Uczniowie, s\u0142ysz\u0105c to, upadli na twarz i bardzo si\u0119 zl\u0119kli.<br>7 A Jezus zbli\u017cy\u0142 si\u0119 do nich, dotkn\u0105\u0142 ich i rzek\u0142: \u00abWsta\u0144cie, nie l\u0119kajcie si\u0119!\u00bb<br>8 Gdy podnie\u015bli oczy, nikogo nie widzieli, tylko samego Jezusa.<\/p>\n\n\n\n<h2 class=\"wp-block-heading\"><span style=\"background-color:rgba(0, 0, 0, 0)\" class=\"has-inline-color has-vivid-purple-color\">Refleksja<\/span><\/h2>\n\n\n\n<p><strong>Maria Imelda Kosmala<\/strong><\/p>\n\n\n\n<p><em><strong>(Oczy radosne gubi\u0119)<\/strong><\/em><\/p>\n\n\n\n<p>Oczy radosne gubi\u0119<br>w ob\u0142oku Twojej obecno\u015bci<br>i szukam bli\u017cej ni\u017c blisko<br>spotka\u0144 jeszcze prostszych<\/p>\n\n\n\n<p><em><strong>\u00abKu twarzy w\u0119druj\u0119\u00bb, Warszawa 1997, str. 147<\/strong><\/em><\/p>\n\n\n\n<p><strong>Grzegorz \u0141omzik<\/strong><\/p>\n\n\n\n<p><em><strong>Przemienienie<\/strong><\/em><\/p>\n\n\n\n<p>Ka\u017cdy z nas ma swoj\u0105<br>g\u00f3r\u0119 Przemienienia<br>na kt\u00f3r\u0105 codziennie<br>wchodzimy<br>nios\u0105c dobro i z\u0142o<br>I dopiero widok Moj\u017cesza<br>sprawia<br>\u017ce serce wo\u0142a<br>Panie dobrze \u017ce tu jeste\u015bmy\u2026<br>Nie my\u015bl wi\u0119c dlaczego<br>twoja g\u00f3ra<br>nie nazywa si\u0119 Tabor<br>ale szukaj Przemienionego Jezusa<br>aby jak tamci<br>w tym niezrozumia\u0142ym \u017cyciu<br>bez s\u0142\u00f3w przytuli\u0107 si\u0119<br>i powiedzie\u0107<br>dobrze \u017ce Ci\u0119 znalaz\u0142em\u2026<\/p>\n\n\n\n<p><strong>\u0179r\u00f3d\u0142o ?<\/strong><\/p>\n\n\n\n<p><strong>Jan Zieli\u0144ski<\/strong><\/p>\n\n\n\n<p><em><strong>Namiot spotkania<\/strong><\/em><\/p>\n\n\n\n<p>Czy to jakie\u015b wydzielone miejsce<br>czas szczeg\u00f3lny<br>wydarzenie wybrane<br>spo\u015br\u00f3d wielu<br>co to jest<br>przychodzi taka odpowied\u017a<br>rozpocz\u0105\u0142em t\u0119 prac\u0119<br>ju\u017c w \u0142onie twej matki<br>tka\u0142em cierpliwie p\u0142\u00f3tno<br>by rozpi\u0105\u0107 je w dniu narodzin<br>oto namiot spotkania<br>Zycie ca\u0142e<br>dzie\u0144 za dniem w biegu wydarze\u0144<br>cia\u0142o i dusza<br>serce stworzone by \u015bpiewa\u0107<br>pie\u015b\u0144 mi\u0142osn\u0105<br>tu pragn\u0119 zamieszka\u0107<\/p>\n\n\n\n<p>zapytaj<br>dlaczego ten dom opustosza\u0142<br>i nie s\u0142ycha\u0107 ju\u017c w nim<br>\u015bpiewu b\u0142ogos\u0142awie\u0144stwa<\/p>\n\n\n\n<p><em><strong>\u00abwiersze podarowane\u00bb, Warszawa 1994, str. 18<\/strong><\/em><\/p>\n\n\n<div class=\"wp-block-image\">\n<figure class=\"alignright size-large is-resized\"><a href=\"https:\/\/www.wga.hu\/framex-e.html?file=html\/p\/prevital\/transfig.html&amp;find=The+Transfiguration+\" target=\"_blank\" rel=\"noopener noreferrer\"><img loading=\"lazy\" decoding=\"async\" src=\"https:\/\/poezjaiewangelia.pl\/wp-content\/uploads\/2015\/11\/Andrea-Previtali-Przemienienie-e1461934515444.jpg\" alt=\"Andrea Previtali Przemienienie\" class=\"wp-image-2695\" width=\"336\" height=\"379\" title=\"Andrea Previtali Przemienienie\"\/><\/a><figcaption class=\"wp-element-caption\"><center><em>Andrea Previtali Przemienienie<\/em><\/center><\/figcaption><\/figure>\n<\/div>\n\n\n<p><strong>Jan Twardowski<\/strong><\/p>\n\n\n\n<p><em><strong>Zwyczajny<\/strong><\/em><\/p>\n\n\n\n<p>Nie od \u015bwi\u0119ta<br>w\u0142a\u015bnie na co dzie\u0144<br>taki co przychodzi w czwartek po \u015brodzie<br>nie martwi si\u0119 \u017ce kiepska pogoda<br>spokojny \u017ce nic si\u0119 nie sta\u0142o<br>bo mleko wykipia\u0142o<br>nie my\u015bli z l\u0119kiem<br>\u017ce ma\u0142e zawsze za wielkie<br>t\u0142umaczy \u017ce kto\u015b zm\u0119czony<br>bo serce ma z ka\u017cdej strony<br>wie \u017ce kto\u015b zgrzeszy\u0142 po drodze<br>a \u0142za mu kapie po brodzie<br>w kuchni<br>w przedpokoju<br>w ogrodzie<br>m\u00f3j B\u00f3g zwyczajny na co dzie\u0144<\/p>\n\n\n\n<p><em><strong>\u00abABC ksi\u0119dza Twardowskiego. Rok B\u00bb, Warszawa 2002, str. 37<\/strong><\/em><\/p>\n\n\n\n<p class=\"has-text-align-center\"><a href=\"https:\/\/poezjaiewangelia.pl\/?page_id=4185#Gora\"><span style=\"color:#1e73be\" class=\"has-inline-color\">Do g\u00f3ry<\/span><\/a><\/p>\n","protected":false},"excerpt":{"rendered":"<p>Powr\u00f3t do Wielki Post\u00a0 Powr\u00f3t do WP rok A \u00a0\u00a0Powr\u00f3t do Linki Ewangelia: Mt 17, 1 \u2013 9; Przemienienie Jezusa 1 Po sze\u015bciu dniach Jezus wzi\u0105\u0142 z sob\u0105 Piotra, Jakuba i brata jego Jana2 i zaprowadzi\u0142 ich na g\u00f3r\u0119 wysok\u0105, osobno. Tam przemieni\u0142 si\u0119 wobec nich: twarz Jego zaja\u015bnia\u0142a jak s\u0142o\u0144ce, odzienie za\u015b sta\u0142o si\u0119 &hellip; <a href=\"https:\/\/poezjaiewangelia.pl\/?page_id=4185\" class=\"more-link\">Czytaj dalej <span class=\"screen-reader-text\">2 Niedziela Wielkiego Postu rok A<\/span><\/a><\/p>\n","protected":false},"author":1,"featured_media":0,"parent":113,"menu_order":2,"comment_status":"closed","ping_status":"closed","template":"","meta":{"_monsterinsights_skip_tracking":false,"_monsterinsights_sitenote_active":false,"_monsterinsights_sitenote_note":"","_monsterinsights_sitenote_category":0,"footnotes":""},"class_list":["post-4185","page","type-page","status-publish","hentry"],"aioseo_notices":[],"_links":{"self":[{"href":"https:\/\/poezjaiewangelia.pl\/index.php?rest_route=\/wp\/v2\/pages\/4185","targetHints":{"allow":["GET"]}}],"collection":[{"href":"https:\/\/poezjaiewangelia.pl\/index.php?rest_route=\/wp\/v2\/pages"}],"about":[{"href":"https:\/\/poezjaiewangelia.pl\/index.php?rest_route=\/wp\/v2\/types\/page"}],"author":[{"embeddable":true,"href":"https:\/\/poezjaiewangelia.pl\/index.php?rest_route=\/wp\/v2\/users\/1"}],"replies":[{"embeddable":true,"href":"https:\/\/poezjaiewangelia.pl\/index.php?rest_route=%2Fwp%2Fv2%2Fcomments&post=4185"}],"version-history":[{"count":25,"href":"https:\/\/poezjaiewangelia.pl\/index.php?rest_route=\/wp\/v2\/pages\/4185\/revisions"}],"predecessor-version":[{"id":10302,"href":"https:\/\/poezjaiewangelia.pl\/index.php?rest_route=\/wp\/v2\/pages\/4185\/revisions\/10302"}],"up":[{"embeddable":true,"href":"https:\/\/poezjaiewangelia.pl\/index.php?rest_route=\/wp\/v2\/pages\/113"}],"wp:attachment":[{"href":"https:\/\/poezjaiewangelia.pl\/index.php?rest_route=%2Fwp%2Fv2%2Fmedia&parent=4185"}],"curies":[{"name":"wp","href":"https:\/\/api.w.org\/{rel}","templated":true}]}}