{"id":4278,"date":"2018-10-24T14:28:50","date_gmt":"2018-10-24T14:28:50","guid":{"rendered":"https:\/\/poezjaiewangelia.pl\/?page_id=4278"},"modified":"2022-07-12T17:39:11","modified_gmt":"2022-07-12T16:39:11","slug":"1-niedziela-wielkiego-postu-rok-c","status":"publish","type":"page","link":"https:\/\/poezjaiewangelia.pl\/?page_id=4278","title":{"rendered":"1 Niedziela Wielkiego Postu rok C"},"content":{"rendered":"\n<p><span style=\"color: #1e73be;\"><a style=\"color: #1e73be;\" href=\"https:\/\/poezjaiewangelia.pl\/?page_id=57#S57\">Powr\u00f3t do Wielki Post,<\/a>&nbsp;&nbsp;<\/span><a id=\"Gora\"><\/a><span style=\"color: #1e73be;\"><a style=\"color: #1e73be;\" href=\"https:\/\/poezjaiewangelia.pl\/?page_id=117#S117\"> Powr\u00f3t do WP rok C, <\/a><\/span><a id=\"S4278\"><\/a><span style=\"color: #1e73be;\">&nbsp;&nbsp;<a style=\"color: #1e73be;\" href=\"https:\/\/poezjaiewangelia.pl\/?page_id=703#S703\">Powr\u00f3t do Linki<\/a><a style=\"color: #1e73be;\" href=\"https:\/\/poezjaiewangelia.pl\/?page_id=57#S57\">&nbsp;<\/a><\/span><\/p>\n\n\n<div class=\"wp-block-image\">\n<figure class=\"alignright size-large\"><img loading=\"lazy\" decoding=\"async\" width=\"150\" height=\"113\" src=\"https:\/\/poezjaiewangelia.pl\/wp-content\/uploads\/2020\/06\/R\u00f3\u017ca-fioletowa.png\" alt=\"Kolor szat\" class=\"wp-image-8734\"\/><figcaption>Kolor szat<\/figcaption><\/figure>\n<\/div>\n\n<div class=\"wp-block-image\">\n<figure class=\"alignleft\"><a href=\"https:\/\/www.wga.hu\/framex-e.html?file=html\/b\/brunelle\/crucifix.html&amp;find=Crucifix\" target=\"_blank\" rel=\"noopener noreferrer\"><img decoding=\"async\" src=\"https:\/\/poezjaiewangelia.pl\/wp-content\/uploads\/2020\/04\/Filippo-Brunelleschi-Krucyfiks-2-e1588175454508.jpg\" alt=\"Filippo Brunelleschi Krucyfiks\" title=\"Filippo Brunelleschi Krucyfiks\"\/><\/a><\/figure>\n<\/div>\n\n\n<hr class=\"wp-block-separator has-text-color has-luminous-vivid-amber-color has-css-opacity has-luminous-vivid-amber-background-color has-background is-style-dots\"\/>\n\n\n\n<p><strong>Ewangelia: \u0141k 4, 1 \u2013 13;<\/strong><\/p>\n\n\n\n<h2 class=\"wp-block-heading\"><span style=\"background-color:rgba(0, 0, 0, 0)\" class=\"has-inline-color has-vivid-purple-color\">S\u0142owo Bo\u017ce<\/span><\/h2>\n\n\n\n<p><strong>Kuszenie na pustyni<\/strong><\/p>\n<p>1 Pe\u0142en Ducha \u015awi\u0119tego, powr\u00f3ci\u0142 Jezus znad Jordanu i przebywa\u0142 w Duchu [\u015awi\u0119tym] na pustyni<br>2 czterdzie\u015bci dni, gdzie by\u0142 kuszony przez diab\u0142a. Nic w owe dni nie jad\u0142, a po ich up\u0142ywie odczu\u0142 g\u0142\u00f3d.<br>3 Rzek\u0142 Mu wtedy diabe\u0142: \u00abJe\u015bli jeste\u015b Synem Bo\u017cym, powiedz temu kamieniowi, \u017ceby si\u0119 sta\u0142 chlebem\u00bb.<br>4 Odpowiedzia\u0142 mu Jezus: \u00abNapisane jest: Nie samym chlebem \u017cyje cz\u0142owiek\u00bb.<br><span style=\"color: #993300;\"><strong>5 W\u00f3wczas wyprowadzi\u0142 Go w g\u00f3r\u0119, pokaza\u0142 Mu w jednej chwili wszystkie kr\u00f3lestwa \u015bwiata<\/strong><\/span><br><span style=\"color: #993300;\"><strong>6 i rzek\u0142 diabe\u0142 do Niego: \u00abTobie dam pot\u0119g\u0119 i wspania\u0142o\u015b\u0107 tego wszystkiego, bo mnie s\u0105 poddane i mog\u0119 je odst\u0105pi\u0107, komu chc\u0119.<\/strong><\/span><br><span style=\"color: #993300;\"><strong>7 Je\u015bli wi\u0119c upadniesz i oddasz mi pok\u0142on, wszystko b\u0119dzie Twoje\u00bb.<\/strong><\/span><br><span style=\"color: #993300;\"><strong>8 Lecz Jezus mu odrzek\u0142: \u00abNapisane jest: Panu, Bogu swemu, b\u0119dziesz oddawa\u0142 pok\u0142on i Jemu samemu s\u0142u\u017cy\u0107 b\u0119dziesz\u00bb.<\/strong><\/span><br>9 Zaprowadzi\u0142 Go te\u017c do Jerozolimy, postawi\u0142 na naro\u017cniku \u015bwi\u0105tyni i rzek\u0142 do Niego: \u00abJe\u015bli jeste\u015b Synem Bo\u017cym, rzu\u0107 si\u0119 st\u0105d w d\u00f3\u0142!<br>10 Jest bowiem napisane: Anio\u0142om swoim rozka\u017ce o Tobie, \u017ceby Ci\u0119 strzegli,<br>11 i na r\u0119kach nosi\u0107 Ci\u0119 b\u0119d\u0105, by\u015b przypadkiem nie urazi\u0142 swej nogi o kamie\u0144\u00bb.<br>12 Lecz Jezus mu odpar\u0142: \u00abPowiedziano: Nie b\u0119dziesz wystawia\u0142 na pr\u00f3b\u0119 Pana, Boga swego\u00bb.<br>13 Gdy diabe\u0142 doko\u0144czy\u0142 ca\u0142ego kuszenia, odst\u0105pi\u0142 od Niego a\u017c do czasu<\/p>\n\n\n\n<h2 class=\"wp-block-heading\"><span style=\"background-color:rgba(0, 0, 0, 0)\" class=\"has-inline-color has-vivid-purple-color\">Refleksja<\/span><\/h2>\n\n\n<div class=\"wp-block-image\">\n<figure class=\"alignright size-large is-resized\"><a href=\"https:\/\/www.wga.hu\/frames-e.html?\/html\/j\/juan\/2\/polypty1.html\" target=\"_blank\" rel=\"noopener noreferrer\"><img loading=\"lazy\" decoding=\"async\" src=\"https:\/\/poezjaiewangelia.pl\/wp-content\/uploads\/2015\/11\/Juan_de_Flandes_Kuszenie_Jezusa-e1462000326932.jpg\" alt=\"Juan de Flandes Kuszenie Jezusa\" class=\"wp-image-2129\" width=\"305\" height=\"407\" title=\"Juan de Flandes Kuszenie Jezusa\"\/><\/a><figcaption><center><em>Juan de Flandes Kuszenie Jezusa <\/em><\/center><\/figcaption><\/figure>\n<\/div>\n\n\n<p><strong>Franciszek Karpi\u0144ski<\/strong><\/p>\n\n\n\n<p><em><strong>Do Boga<\/strong><\/em><\/p>\n\n\n\n<p>Gdym by\u0142 tak \u015bwiatem jak inni struci,<br>Strzeg\u0142em Pa\u0144skiego ruszenia,<br>Rych\u0142o w t\u0119 stron\u0119 Pan oczy zwr\u00f3ci,<br>Gdziem sta\u0142, czekaj\u0105c wejrzenia.<\/p>\n\n\n\n<p>Bo\u017ce! Twe oczy ku mnie zwr\u00f3cone<br>I r\u0119ka, co mi\u0119 u\u015bci\u015bnie;<br>A ja tymczasem patrz\u0119 na stron\u0119,<br>Bym Ci\u0119 nie widzia\u0142 umy\u015blnie<\/p>\n\n\n\n<p>Wtenczas, kiedy mi\u0119 karmisz i poisz,<br>I nauczasz mi\u0119 Twej wiary,<br>Chocia\u017c Ci\u0119 czuj\u0119, \u017ce przy mnie stoisz,<br>Bior\u0105c dar gani\u0119 Twe dary.<\/p>\n\n\n\n<p>G\u00f3ry i drzewo wierzcho\u0142ki swemi<br>Ku pi\u0119knym niebom si\u0119 wspina!<br>Cz\u0142ek jak kret \u015blepy nurza si\u0119 w ziemi<br>I s\u0142o\u0144ce Twoje przeklina!\u2026<\/p>\n\n\n\n<p>W dniu kary \u015bwiata nie tra\u0107 mi\u0119, Bo\u017ce,<br>By si\u0119 dziwiono wieczno\u015bci\u0105,<br>Jak si\u0119 daleko zap\u0119dzi\u0107 mo\u017ce<br>Cz\u0142ek g\u0142upstwem, a Ty \u2014 lito\u015bci\u0105.<\/p>\n\n\n\n<p><em><strong>\u00abZ g\u0142\u0119boko\u015bci\u2026Antologia polskiej modlitwy poetyckiej\u00bb, T. 1, Warszawa 1974, str. 191<\/strong><\/em><\/p>\n\n\n\n<p><strong>Janusz Pasierb<\/strong>&nbsp;<em><\/em><\/p>\n\n\n\n<p><em><strong>Szukanie Adama &nbsp;<\/strong><\/em><br>jeste\u015b<br>gdzie jeste\u015b Adamie<br>uciekasz<br>chcesz si\u0119 skry\u0107 przede mn\u0105<br>to nie przynosi ulgi<br>ze swojej kryj\u00f3wki<br>mo\u017cesz mnie nie widzie\u0107<br>ja widz\u0119 ciebie bezustannie<br>to nie przynosi ulgi<br>synu<\/p>\n\n\n\n<p>\u015bwiat kt\u00f3ry ci da\u0142em<br>kobieta jak\u0105 ci da\u0142em<br>wszystkie znaki mojej mi\u0142o\u015bci<br>poniewa\u017c by\u0142a prawdziwa<br>musia\u0142y by\u0107 s\u0142abe<\/p>\n\n\n\n<p>czujesz si\u0119 zdradzony<br>by\u0142e\u015b po prostu wolny<\/p>\n\n\n\n<p>pozwoli\u0142em ci<br>dokona\u0107 odkrycia<br>samego siebie<\/p>\n\n\n\n<p>synu<\/p>\n\n\n\n<p>czyja jest ta kl\u0119ska<\/p>\n\n\n\n<p><em><strong>\u00abWiersze religijne\u00bb, Pozna\u0144 \u2013 Warszawa 1983, str. 10<\/strong><\/em><\/p>\n\n\n\n<p><strong>Jan Zieli\u0144ski<\/strong><\/p>\n\n\n\n<p><em><strong>Zmaganie &nbsp;<\/strong><\/em><\/p>\n\n\n\n<p>W zaczadzonej g\u0142owie<br>strumyk \u015bwiat\u0142a<\/p>\n\n\n\n<p>je\u015bli wzi\u0105\u0142e\u015b na Siebie wszystko<br>to tak\u017ce ten o\u0142owiany czas<br>wiecz\u00f3r niemy<br>i ten krzyk ze \u015brodka<\/p>\n\n\n\n<p>je\u015bli zst\u0105pi\u0142e\u015b do piekie\u0142<br>to tak\u017ce tutaj<\/p>\n\n\n\n<p>przecie\u017c by\u0142e\u015b kuszony<br>moimi pokusami<br>znasz dobrze to zmaganie<\/p>\n\n\n\n<p><em><strong>\u00abWiersze podarowane\u00bb, Warszawa 1994, str. 86<\/strong><\/em><\/p>\n\n\n\n<p class=\"has-text-align-center\"><span style=\"color: #1e73be;\"><a style=\"color: #1e73be;\" href=\"https:\/\/poezjaiewangelia.pl\/?page_id=4278#Gora\"><span class=\"has-inline-color\">Do g\u00f3ry<\/span><\/a><\/span><\/p>\n","protected":false},"excerpt":{"rendered":"<p>Powr\u00f3t do Wielki Post,&nbsp;&nbsp; Powr\u00f3t do WP rok C, &nbsp;&nbsp;Powr\u00f3t do Linki&nbsp; Ewangelia: \u0141k 4, 1 \u2013 13; Kuszenie na pustyni 1 Pe\u0142en Ducha \u015awi\u0119tego, powr\u00f3ci\u0142 Jezus znad Jordanu i przebywa\u0142 w Duchu [\u015awi\u0119tym] na pustyni2 czterdzie\u015bci dni, gdzie by\u0142 kuszony przez diab\u0142a. Nic w owe dni nie jad\u0142, a po ich up\u0142ywie odczu\u0142 g\u0142\u00f3d.3 &hellip; <a href=\"https:\/\/poezjaiewangelia.pl\/?page_id=4278\" class=\"more-link\">Czytaj dalej <span class=\"screen-reader-text\">1 Niedziela Wielkiego Postu rok C<\/span><\/a><\/p>\n","protected":false},"author":1,"featured_media":0,"parent":117,"menu_order":1,"comment_status":"closed","ping_status":"closed","template":"","meta":{"_monsterinsights_skip_tracking":false,"_monsterinsights_sitenote_active":false,"_monsterinsights_sitenote_note":"","_monsterinsights_sitenote_category":0,"footnotes":""},"class_list":["post-4278","page","type-page","status-publish","hentry"],"aioseo_notices":[],"_links":{"self":[{"href":"https:\/\/poezjaiewangelia.pl\/index.php?rest_route=\/wp\/v2\/pages\/4278","targetHints":{"allow":["GET"]}}],"collection":[{"href":"https:\/\/poezjaiewangelia.pl\/index.php?rest_route=\/wp\/v2\/pages"}],"about":[{"href":"https:\/\/poezjaiewangelia.pl\/index.php?rest_route=\/wp\/v2\/types\/page"}],"author":[{"embeddable":true,"href":"https:\/\/poezjaiewangelia.pl\/index.php?rest_route=\/wp\/v2\/users\/1"}],"replies":[{"embeddable":true,"href":"https:\/\/poezjaiewangelia.pl\/index.php?rest_route=%2Fwp%2Fv2%2Fcomments&post=4278"}],"version-history":[{"count":14,"href":"https:\/\/poezjaiewangelia.pl\/index.php?rest_route=\/wp\/v2\/pages\/4278\/revisions"}],"predecessor-version":[{"id":9973,"href":"https:\/\/poezjaiewangelia.pl\/index.php?rest_route=\/wp\/v2\/pages\/4278\/revisions\/9973"}],"up":[{"embeddable":true,"href":"https:\/\/poezjaiewangelia.pl\/index.php?rest_route=\/wp\/v2\/pages\/117"}],"wp:attachment":[{"href":"https:\/\/poezjaiewangelia.pl\/index.php?rest_route=%2Fwp%2Fv2%2Fmedia&parent=4278"}],"curies":[{"name":"wp","href":"https:\/\/api.w.org\/{rel}","templated":true}]}}