{"id":4317,"date":"2018-10-26T12:19:57","date_gmt":"2018-10-26T12:19:57","guid":{"rendered":"https:\/\/poezjaiewangelia.pl\/?page_id=4317"},"modified":"2022-07-12T17:53:17","modified_gmt":"2022-07-12T16:53:17","slug":"niedziela-milosierdzia-bozego-2-nw-rok-a-b-c","status":"publish","type":"page","link":"https:\/\/poezjaiewangelia.pl\/?page_id=4317","title":{"rendered":"2 NW Mi\u0142osierdzia Bo\u017cego rok ABC"},"content":{"rendered":"\n<p><span style=\"color: #1e73be;\"><a style=\"color: #1e73be;\" href=\"https:\/\/poezjaiewangelia.pl\/?page_id=59#S59\">Powr\u00f3t do Wielkanoc,<\/a> &nbsp;<\/span><a id=\"Gora\"><\/a><span style=\"color: #1e73be;\"><a style=\"color: #1e73be;\" href=\"https:\/\/poezjaiewangelia.pl\/?page_id=130#S130\"> \u015awi\u0119ta Wielkanocne rok ABC<\/a>, <\/span><a id=\"S4317\"><\/a><span style=\"color: #1e73be;\">&nbsp;<a style=\"color: #1e73be;\" href=\"https:\/\/poezjaiewangelia.pl\/?page_id=703#S703\">Powr\u00f3t do Linki<\/a><\/span><\/p>\n\n\n<div class=\"wp-block-image\">\n<figure class=\"alignright size-large\"><img loading=\"lazy\" decoding=\"async\" width=\"150\" height=\"150\" src=\"https:\/\/poezjaiewangelia.pl\/wp-content\/uploads\/2018\/10\/R\u00f3\u017ca-bia\u0142a-e1592148272533.png\" alt=\"Kolor szat\" class=\"wp-image-4591\"\/><figcaption>Kolor szat<\/figcaption><\/figure>\n<\/div>\n\n<div class=\"wp-block-image\">\n<figure class=\"alignleft\"><a href=\"https:\/\/www.wga.hu\/framex-e.html?file=html\/v\/veronese\/04_1570s\/1resurre.html&amp;find=Resurrection\" target=\"_blank\" rel=\"noopener noreferrer\"><img decoding=\"async\" src=\"https:\/\/poezjaiewangelia.pl\/wp-content\/uploads\/2015\/12\/Paolo-Veronese-Zmartwychwstanie.jpg\" alt=\"Paolo Veronese Zmartwychwstanie (detal)\" title=\"Paolo Veronese Zmartwychwstanie (detal)\"\/><\/a><\/figure>\n<\/div>\n\n\n<hr class=\"wp-block-separator has-text-color has-luminous-vivid-amber-color has-css-opacity has-luminous-vivid-amber-background-color has-background is-style-dots\"\/>\n\n\n\n<p><strong>Ewangelia: J 20, 19 \u2013 31;<\/strong><\/p>\n\n\n\n<h2 class=\"wp-block-heading\"><strong><span style=\"color:#3366ff\" class=\"has-inline-color\">S\u0141OWO BO\u017bE<\/span><\/strong><\/h2>\n\n\n<div class=\"wp-block-image\">\n<figure class=\"alignleft size-large is-resized\"><a href=\"https:\/\/www.wga.hu\/frames-e.html?\/html\/d\/duccio\/maesta\/crown_v\/cro_v_2.html\" target=\"_blank\" rel=\"noopener noreferrer\"><img loading=\"lazy\" decoding=\"async\" src=\"https:\/\/poezjaiewangelia.pl\/wp-content\/uploads\/2015\/11\/Duccio-di-Buoninsegna-Niewierny-Tomasz-e1458384976408.jpg\" alt=\"Duccio di Buoninsegna Niewierny Tomasz\" class=\"wp-image-2307\" width=\"322\" height=\"352\" title=\"Duccio di Buoninsegna Niewierny Tomasz\"\/><\/a><figcaption><center><em>Duccio di Buoninsegna Niewierny Tomasz<\/em><\/center><\/figcaption><\/figure>\n<\/div>\n\n\n<hr class=\"wp-block-separator has-css-opacity is-style-dots\"\/>\n\n\n\n<p><strong>Niewierny Tomasz<\/strong><\/p>\n<p>24 Ale Tomasz, jeden z Dwunastu, zwany Didymos, nie by\u0142 razem z nimi, kiedy przyszed\u0142 Jezus.<br \/>25 Inni wi\u0119c uczniowie m\u00f3wili do niego: \u00abWidzieli\u015bmy Pana!\u00bb Ale on rzek\u0142 do nich: \u00abJe\u017celi na r\u0119kach Jego nie zobacz\u0119 \u015bladu gwo\u017adzi i nie w\u0142o\u017c\u0119 palca mego w miejsce gwo\u017adzi, i nie w\u0142o\u017c\u0119 r\u0119ki mojej do boku Jego, nie uwierz\u0119\u00bb.<br \/>26 A po o\u015bmiu dniach, kiedy uczniowie Jego byli znowu wewn\u0105trz [domu] i Tomasz z nimi, Jezus przyszed\u0142 mimo drzwi zamkni\u0119tych, stan\u0105\u0142 po\u015brodku i rzek\u0142: \u00abPok\u00f3j wam!\u00bb<br \/><span style=\"color: #993300;\"><strong>27 Nast\u0119pnie rzek\u0142 do Tomasza: \u00abPodnie\u015b tutaj sw\u00f3j palec i zobacz moje r\u0119ce. Podnie\u015b r\u0119k\u0119 i w\u0142\u00f3\u017c [j\u0105] do mego boku, i nie b\u0105d\u017a niedowiarkiem, lecz wierz\u0105cym!\u00bb<\/strong><\/span><br \/><span style=\"color: #993300;\"><strong>28 Tomasz Mu odpowiedzia\u0142: \u00abPan m\u00f3j i B\u00f3g m\u00f3j!\u00bb<\/strong><\/span><br \/><span style=\"color: #993300;\"><strong>29 Powiedzia\u0142 mu Jezus: \u00abUwierzy\u0142e\u015b dlatego, poniewa\u017c Mnie ujrza\u0142e\u015b? B\u0142ogos\u0142awieni, kt\u00f3rzy nie widzieli, a uwierzyli\u00bb.<\/strong><\/span><\/p>\n<p><strong>Pierwszy epilog \u2013 Ewangelisty<\/strong><\/p>\n<p>30 I wiele innych znak\u00f3w, kt\u00f3rych nie zapisano w tej ksi\u0105\u017cce, uczyni\u0142 Jezus wobec uczni\u00f3w.<br \/>31 Te za\u015b zapisano, aby\u015bcie wierzyli, \u017ce Jezus jest Mesjaszem, Synem Bo\u017cym, i aby\u015bcie wierz\u0105c mieli \u017cycie w imi\u0119 Jego.<\/p>\n\n\n\n<h2 class=\"wp-block-heading\"><strong><span style=\"color:#3366ff\" class=\"has-inline-color\">REFLEKSJA<\/span><\/strong><\/h2>\n\n\n\n<p><strong>Jan Twardowski<\/strong><\/p>\n\n\n\n<p><em><strong>Powr\u00f3t<\/strong><\/em><\/p>\n\n\n\n<p>Podaj mi r\u0119k\u0119 z gwo\u017adziami po\u015brodku<br>zanurz me usta<br>w pierwszej mi\u0142o\u015bci<br>przywr\u00f3\u0107 jak z\u0119by mleczne<br>skrupu\u0142y czysto\u015bci.<\/p>\n\n\n\n<p><em><strong>\u00abABC ksi\u0119dza Twardowskiego. Rok C\u00bb, Warszawa 2002, str. 51<\/strong><\/em><\/p>\n\n\n\n<p><strong>Jan Twardowski<\/strong><\/p>\n\n\n\n<p><em><strong>Przez mikroskop<\/strong><\/em><\/p>\n\n\n\n<p>Co ty g\u0142uptasie wyrabiasz najlepszego<br>patrzysz przez mikroskop<br>na \u015bmier\u0107 i mi\u0142o\u015b\u0107 jednakowo ciemne<br>przyk\u0142adasz ucho<br>szukasz r\u0119k\u0105<br>chroboczesz klamk\u0105 \u017ceby otworzy\u0107<br>cho\u0107 serce wie co teraz a nie wie co potem<br>stajesz na g\u0142owie \u017ceby udowodni\u0107<br>zapalasz \u015bwiat\u0142o<br>w\u0105chasz teologi\u0119<br>a trzeba<br>nie widzie\u0107<br>nie s\u0142ysze\u0107<br>nie dotyka\u0107<br>nie wiedzie\u0107<br>i dopiero wtedy uwierzy\u0107.<\/p>\n\n\n\n<p><em><strong>\u00abABC ksi\u0119dza Twardowskiego. Rok B\u00bb, Warszawa 2002, str. 53<\/strong><\/em><\/p>\n\n\n\n<p><strong>Maria Imelda Kosmala<\/strong><\/p>\n\n\n\n<p><em><strong>Poznanie<\/strong><\/em><\/p>\n\n\n<div class=\"wp-block-image\">\n<figure class=\"alignright size-medium is-resized\"><a href=\"https:\/\/commons.wikimedia.org\/wiki\/File:Hendrick_ter_Brugghen_-_The_Incredulity_of_Saint_Thomas_-_WGA22166.jpg\" target=\"_blank\" rel=\"noopener noreferrer\"><img loading=\"lazy\" decoding=\"async\" src=\"https:\/\/poezjaiewangelia.pl\/wp-content\/uploads\/2020\/04\/Hendrick-ter-Brugghen-Niewierny-Tomasz-300x236.jpg\" alt=\"Hendrick ter Brugghen Niewierny Tomasz\" class=\"wp-image-7460\" width=\"372\" height=\"293\" title=\"Hendrick ter Brugghen Niewierny Tomasz\"\/><\/a><figcaption><center><em>Hendrick ter Brugghen Niewierny Tomasz<\/em><\/center><\/figcaption><\/figure>\n<\/div>\n\n\n<p>Horyzonty \u0142ami\u0105 si\u0119 w krzy\u017c<\/p>\n\n\n\n<p>Pod nogami<br>przeci\u0119cie dw\u00f3ch dr\u00f3g<br>w\u0105skiej i szerokiej<\/p>\n\n\n\n<p>Nad g\u0142ow\u0105<br>Nieba dwie b\u0142\u0119kitne belki<\/p>\n\n\n\n<p>jak nieufne nie\u015bmia\u0142e palce<br>dotykam brzeg\u00f3w RANY<\/p>\n\n\n\n<p>Ten Sam!<\/p>\n\n\n\n<p><em><strong>\u00abKu twarzy w\u0119druj\u0119\u00bb, Warszawa 1997, str. 21<\/strong><\/em><\/p>\n\n\n\n<p><strong>Jan Twardowski<\/strong><\/p>\n\n\n\n<p><em><strong>Wybaczy\u0107<\/strong><\/em><\/p>\n\n\n\n<p>\u015awi\u0119ty Tomaszu niewierny<br>ze mn\u0105 by\u0142o inaczej<br>On sam mnie dotkn\u0105\u0142<br>w\u0142o\u017cy\u0142 d\u0142onie w rany mego grzechu<br>bym uwierzy\u0142 \u017ce grzesz\u0119 i jestem kochany<br>B\u00f3g grzechu nie pomniejsza ale go wybaczy<\/p>\n\n\n\n<p>za trudno<br>i po co t\u0142umaczy\u0107<\/p>\n\n\n\n<p><em><strong>\u00abABC ksi\u0119dza Twardowskiego. Rok A\u00bb, Warszawa 2002, str. 61<\/strong><\/em><\/p>\n\n\n\n<p class=\"has-text-align-center\"><a href=\"https:\/\/poezjaiewangelia.pl\/?page_id=4317#Gora\"><span style=\"color:#1e73be\" class=\"has-inline-color\">Do g\u00f3ry<\/span><\/a><\/p>\n","protected":false},"excerpt":{"rendered":"<p>Powr\u00f3t do Wielkanoc, &nbsp; \u015awi\u0119ta Wielkanocne rok ABC, &nbsp;Powr\u00f3t do Linki Ewangelia: J 20, 19 \u2013 31; Niewierny Tomasz 24 Ale Tomasz, jeden z Dwunastu, zwany Didymos, nie by\u0142 razem z nimi, kiedy przyszed\u0142 Jezus.25 Inni wi\u0119c uczniowie m\u00f3wili do niego: \u00abWidzieli\u015bmy Pana!\u00bb Ale on rzek\u0142 do nich: \u00abJe\u017celi na r\u0119kach Jego nie zobacz\u0119 \u015bladu &hellip; <a href=\"https:\/\/poezjaiewangelia.pl\/?page_id=4317\" class=\"more-link\">Czytaj dalej <span class=\"screen-reader-text\">2 NW Mi\u0142osierdzia Bo\u017cego rok ABC<\/span><\/a><\/p>\n","protected":false},"author":1,"featured_media":0,"parent":130,"menu_order":3,"comment_status":"closed","ping_status":"closed","template":"","meta":{"_monsterinsights_skip_tracking":false,"_monsterinsights_sitenote_active":false,"_monsterinsights_sitenote_note":"","_monsterinsights_sitenote_category":0,"footnotes":""},"class_list":["post-4317","page","type-page","status-publish","hentry"],"aioseo_notices":[],"_links":{"self":[{"href":"https:\/\/poezjaiewangelia.pl\/index.php?rest_route=\/wp\/v2\/pages\/4317","targetHints":{"allow":["GET"]}}],"collection":[{"href":"https:\/\/poezjaiewangelia.pl\/index.php?rest_route=\/wp\/v2\/pages"}],"about":[{"href":"https:\/\/poezjaiewangelia.pl\/index.php?rest_route=\/wp\/v2\/types\/page"}],"author":[{"embeddable":true,"href":"https:\/\/poezjaiewangelia.pl\/index.php?rest_route=\/wp\/v2\/users\/1"}],"replies":[{"embeddable":true,"href":"https:\/\/poezjaiewangelia.pl\/index.php?rest_route=%2Fwp%2Fv2%2Fcomments&post=4317"}],"version-history":[{"count":24,"href":"https:\/\/poezjaiewangelia.pl\/index.php?rest_route=\/wp\/v2\/pages\/4317\/revisions"}],"predecessor-version":[{"id":9986,"href":"https:\/\/poezjaiewangelia.pl\/index.php?rest_route=\/wp\/v2\/pages\/4317\/revisions\/9986"}],"up":[{"embeddable":true,"href":"https:\/\/poezjaiewangelia.pl\/index.php?rest_route=\/wp\/v2\/pages\/130"}],"wp:attachment":[{"href":"https:\/\/poezjaiewangelia.pl\/index.php?rest_route=%2Fwp%2Fv2%2Fmedia&parent=4317"}],"curies":[{"name":"wp","href":"https:\/\/api.w.org\/{rel}","templated":true}]}}