{"id":4358,"date":"2018-10-26T19:44:20","date_gmt":"2018-10-26T19:44:20","guid":{"rendered":"https:\/\/poezjaiewangelia.pl\/?page_id=4358"},"modified":"2022-07-12T18:02:03","modified_gmt":"2022-07-12T17:02:03","slug":"wniebowstapienie-panskie-7-nw-rok-a","status":"publish","type":"page","link":"https:\/\/poezjaiewangelia.pl\/?page_id=4358","title":{"rendered":"7 NW &#8211; Wniebowst\u0105pienie Pa\u0144skie rok A"},"content":{"rendered":"\n<p><span style=\"color: #1e73be;\"><a style=\"color: #1e73be;\" href=\"https:\/\/poezjaiewangelia.pl\/?page_id=59#S59\">Powr\u00f3t do Wielkanoc, <\/a><a id=\"S4358\" style=\"color: #1e73be;\"><\/a><a style=\"color: #1e73be;\" href=\"https:\/\/poezjaiewangelia.pl\/?page_id=59#S59\">&nbsp; <\/a><a style=\"color: #1e73be;\" href=\"https:\/\/poezjaiewangelia.pl\/?page_id=124#S124\">Niedziele Wielkanocne rok A,<\/a> <a id=\"Gora\" style=\"color: #1e73be;\"><\/a> <a style=\"color: #1e73be;\" href=\"https:\/\/poezjaiewangelia.pl\/?page_id=703#S703\">Powr\u00f3t do Linki<\/a><\/span><\/p>\n\n\n<div class=\"wp-block-image\">\n<figure class=\"alignright size-large\"><img loading=\"lazy\" decoding=\"async\" width=\"150\" height=\"150\" src=\"https:\/\/poezjaiewangelia.pl\/wp-content\/uploads\/2018\/10\/R\u00f3\u017ca-bia\u0142a-e1592148272533.png\" alt=\"Kolor szat\" class=\"wp-image-4591\"\/><figcaption>Kolor szat<\/figcaption><\/figure>\n<\/div>\n\n<div class=\"wp-block-image\">\n<figure class=\"alignleft\"><a href=\"https:\/\/www.wga.hu\/frames-e.html?\/html\/r\/robbia\/luca\/duomo\/6duomo.html\" target=\"_blank\" rel=\"noopener noreferrer\"><img decoding=\"async\" src=\"https:\/\/poezjaiewangelia.pl\/wp-content\/uploads\/2015\/12\/Luca-della-Robbia-Ascension-of-Christ1.jpg\" alt=\"Luca della Robbia Wniebowst\u0105pienie\" title=\"Luca della Robbia Wniebowst\u0105pienie\"\/><\/a><\/figure>\n<\/div>\n\n\n<hr class=\"wp-block-separator has-text-color has-luminous-vivid-amber-color has-css-opacity has-luminous-vivid-amber-background-color has-background is-style-dots\"\/>\n\n\n\n<p><strong> Ewangelia: Mt 28, 16 \u2013 20;<\/strong><\/p>\n\n\n\n<h2 class=\"wp-block-heading\"><strong><span style=\"color:#3366ff\" class=\"has-inline-color\">S\u0141OWO BO\u017bE<\/span><\/strong><\/h2>\n\n\n\n<p><strong>Ostatni rozkaz<\/strong><\/p>\n<p>16 Jedenastu za\u015b uczni\u00f3w uda\u0142o si\u0119 do Galilei na g\u00f3r\u0119, tam gdzie Jezus im poleci\u0142.<br>17 A gdy Go ujrzeli, oddali Mu pok\u0142on. Niekt\u00f3rzy jednak w\u0105tpili.<br>18 Wtedy Jezus podszed\u0142 do nich i przem\u00f3wi\u0142 tymi s\u0142owami: \u00abDana Mi jest wszelka w\u0142adza w niebie i na ziemi.<br><span style=\"color: #993300;\"><strong>19 Id\u017acie wi\u0119c i nauczajcie wszystkie narody, udzielaj\u0105c im chrztu w imi\u0119 Ojca i Syna, i Ducha \u015awi\u0119tego.<\/strong><\/span><br><span style=\"color: #993300;\"><strong>20 Uczcie je zachowywa\u0107 wszystko, co wam przykaza\u0142em. A oto Ja jestem z wami przez wszystkie dni, a\u017c do sko\u0144czenia \u015bwiata\u00bb<\/strong><\/span><\/p>\n\n\n\n<h2 class=\"wp-block-heading\"><strong><span style=\"color:#3366ff\" class=\"has-inline-color\">REFLEKSJA<\/span><\/strong><\/h2>\n\n\n<div class=\"wp-block-image\">\n<figure class=\"alignright size-large is-resized\"><a href=\"https:\/\/www.wga.hu\/framex-e.html?file=html\/g\/garofalo\/ascensio.html&amp;find=Resurrection\" target=\"_blank\" rel=\"noopener noreferrer\"><img loading=\"lazy\" decoding=\"async\" src=\"https:\/\/poezjaiewangelia.pl\/wp-content\/uploads\/2015\/11\/d84600770808d90362d776eec4dd85eb-e1462199467296.jpg\" alt=\"Garofalo Wniebowst\u0105pienie\" class=\"wp-image-2767\" width=\"322\" height=\"483\" title=\"Garofalo Wniebowst\u0105pienie\"\/><\/a><figcaption><center><em>Garofalo Wniebowst\u0105pienie<\/em><\/center><\/figcaption><\/figure>\n<\/div>\n\n\n<p><strong>Jan Twardowski<\/strong><\/p>\n\n\n\n<p><em><strong>Bo\u017ce<\/strong><\/em><\/p>\n\n\n\n<p>Bo\u017ce kt\u00f3rego nie widz\u0119<br>a kiedy\u015b zobacz\u0119<br>przychodz\u0119 bezrobotny<br>przystaj\u0119 w ogonku<br>i prosz\u0119 ci\u0119 o mi\u0142o\u015b\u0107 jak o ci\u0119\u017ck\u0105 prac\u0119<\/p>\n\n\n\n<p><em><strong>\u00abABC ksi\u0119dza Twardowskiego. Rok B\u00bb, Warszawa 2002, str. 63<\/strong><\/em><\/p>\n\n\n\n<p><strong>Jan Zieli\u0144ski<\/strong><\/p>\n\n\n\n<p><em><strong>Wniebowst\u0105pienie<\/strong><\/em><\/p>\n\n\n\n<p>Nie by\u0142o rozstania<br>p\u0142aczu<br>zasmucenia<br>nikt nie macha\u0142 r\u0119k\u0105 na po\u017cegnanie<\/p>\n\n\n\n<p>by\u0142a rado\u015b\u0107<br>bo Pan odchodz\u0105c wcale nie odszed\u0142<\/p>\n\n\n\n<p>bo Pan pokaza\u0142<br>\u017ce wszystkie rozstania<br>odej\u015bcia p\u0142aczliwe<br>pogrzeby rozmazane rozpacz\u0105<br>s\u0105 nieprawdziwe<\/p>\n\n\n\n<p><em><strong>\u00abWiersze podarowane\u00bb, Warszawa 1994, str. 23<\/strong><\/em><\/p>\n\n\n\n<hr class=\"wp-block-separator has-css-opacity is-style-dots\"\/>\n\n\n\n<p class=\"has-text-align-center\"><span style=\"color: #1e73be;\"><a style=\"color: #1e73be;\" href=\"https:\/\/poezjaiewangelia.pl\/?page_id=4358#Gora\"><span class=\"has-inline-color\">Do<\/span> g\u00f3ry<\/a><\/span><\/p>\n","protected":false},"excerpt":{"rendered":"<p>Powr\u00f3t do Wielkanoc, &nbsp; Niedziele Wielkanocne rok A, Powr\u00f3t do Linki Ewangelia: Mt 28, 16 \u2013 20; Ostatni rozkaz 16 Jedenastu za\u015b uczni\u00f3w uda\u0142o si\u0119 do Galilei na g\u00f3r\u0119, tam gdzie Jezus im poleci\u0142.17 A gdy Go ujrzeli, oddali Mu pok\u0142on. Niekt\u00f3rzy jednak w\u0105tpili.18 Wtedy Jezus podszed\u0142 do nich i przem\u00f3wi\u0142 tymi s\u0142owami: \u00abDana Mi &hellip; <a href=\"https:\/\/poezjaiewangelia.pl\/?page_id=4358\" class=\"more-link\">Czytaj dalej <span class=\"screen-reader-text\">7 NW &#8211; Wniebowst\u0105pienie Pa\u0144skie rok A<\/span><\/a><\/p>\n","protected":false},"author":1,"featured_media":0,"parent":124,"menu_order":5,"comment_status":"closed","ping_status":"closed","template":"","meta":{"_monsterinsights_skip_tracking":false,"_monsterinsights_sitenote_active":false,"_monsterinsights_sitenote_note":"","_monsterinsights_sitenote_category":0,"footnotes":""},"class_list":["post-4358","page","type-page","status-publish","hentry"],"aioseo_notices":[],"_links":{"self":[{"href":"https:\/\/poezjaiewangelia.pl\/index.php?rest_route=\/wp\/v2\/pages\/4358","targetHints":{"allow":["GET"]}}],"collection":[{"href":"https:\/\/poezjaiewangelia.pl\/index.php?rest_route=\/wp\/v2\/pages"}],"about":[{"href":"https:\/\/poezjaiewangelia.pl\/index.php?rest_route=\/wp\/v2\/types\/page"}],"author":[{"embeddable":true,"href":"https:\/\/poezjaiewangelia.pl\/index.php?rest_route=\/wp\/v2\/users\/1"}],"replies":[{"embeddable":true,"href":"https:\/\/poezjaiewangelia.pl\/index.php?rest_route=%2Fwp%2Fv2%2Fcomments&post=4358"}],"version-history":[{"count":19,"href":"https:\/\/poezjaiewangelia.pl\/index.php?rest_route=\/wp\/v2\/pages\/4358\/revisions"}],"predecessor-version":[{"id":9994,"href":"https:\/\/poezjaiewangelia.pl\/index.php?rest_route=\/wp\/v2\/pages\/4358\/revisions\/9994"}],"up":[{"embeddable":true,"href":"https:\/\/poezjaiewangelia.pl\/index.php?rest_route=\/wp\/v2\/pages\/124"}],"wp:attachment":[{"href":"https:\/\/poezjaiewangelia.pl\/index.php?rest_route=%2Fwp%2Fv2%2Fmedia&parent=4358"}],"curies":[{"name":"wp","href":"https:\/\/api.w.org\/{rel}","templated":true}]}}