{"id":4388,"date":"2018-10-27T15:22:12","date_gmt":"2018-10-27T15:22:12","guid":{"rendered":"https:\/\/poezjaiewangelia.pl\/?page_id=4388"},"modified":"2022-07-12T18:05:30","modified_gmt":"2022-07-12T17:05:30","slug":"6-niedziela-wielkanocna-rok-b","status":"publish","type":"page","link":"https:\/\/poezjaiewangelia.pl\/?page_id=4388","title":{"rendered":"6 Niedziela Wielkanocna rok B"},"content":{"rendered":"\n<p><span style=\"color: #1e73be;\"><a style=\"color: #1e73be;\" href=\"https:\/\/poezjaiewangelia.pl\/?page_id=59#S59\">Powr\u00f3t do Wielkanoc,<\/a>&nbsp;&nbsp;<\/span><a id=\"S4388\"><\/a><span style=\"color: #1e73be;\"> &nbsp;<a style=\"color: #1e73be;\" href=\"https:\/\/poezjaiewangelia.pl\/?page_id=126#S126\">Niedziele Wielkanocne rok B,<\/a> <\/span><a id=\"Gora\"><\/a><span style=\"color: #1e73be;\">&nbsp;<\/span><span style=\"color: #1e73be;\"><a style=\"color: #1e73be;\" href=\"https:\/\/poezjaiewangelia.pl\/?page_id=703#S703\">Powr\u00f3t do Linki<\/a><\/span><\/p>\n\n\n<div class=\"wp-block-image\">\n<figure class=\"alignright size-large\"><img loading=\"lazy\" decoding=\"async\" width=\"150\" height=\"150\" src=\"https:\/\/poezjaiewangelia.pl\/wp-content\/uploads\/2018\/10\/R\u00f3\u017ca-bia\u0142a-e1592148272533.png\" alt=\"Kolor szat\" class=\"wp-image-4591\"\/><figcaption>Kolor szat<\/figcaption><\/figure>\n<\/div>\n\n\n<div class=\"wp-block-image\">\n<figure class=\"alignleft size-large\"><a href=\"https:\/\/www.wga.hu\/framex-e.html?file=html\/v\/veronese\/04_1570s\/1resurre.html&amp;find=Resurrection\" target=\"_blank\" rel=\"noopener noreferrer\"><img loading=\"lazy\" decoding=\"async\" width=\"100\" height=\"128\" class=\"wp-image-401\" title=\"Paolo Veronese Zmartwychwstanie (detal)\" src=\"https:\/\/poezjaiewangelia.pl\/wp-content\/uploads\/2015\/12\/Paolo-Veronese-Zmartwychwstanie.jpg\" alt=\"Paolo Veronese Zmartwychwstanie (detal)\"><\/a><\/figure>\n<\/div>\n\n\n\n<hr class=\"wp-block-separator has-text-color has-luminous-vivid-amber-color has-css-opacity has-luminous-vivid-amber-background-color has-background is-style-dots\"\/>\n\n\n\n<p><strong>Ewangelia: J 15, 9 -17;<\/strong><\/p>\n\n\n\n<h2 class=\"wp-block-heading\"><strong><span style=\"color:#3366ff\" class=\"has-inline-color\">S\u0141OWO BO\u017bE<\/span><\/strong><\/h2>\n\n\n<div class=\"wp-block-image\">\n<figure class=\"alignright size-large is-resized\"><a href=\"https:\/\/www.wga.hu\/frames-e.html?\/html\/g\/greco_el\/05\/0504grec.html\" target=\"_blank\" rel=\"noopener noreferrer\"><img loading=\"lazy\" decoding=\"async\" src=\"https:\/\/poezjaiewangelia.pl\/wp-content\/uploads\/2015\/11\/ac11015b340dd7542489865a50f8835d-e1462205525264.jpg\" alt=\"El Greco Tr\u00f3jca \u015awi\u0119ta\" class=\"wp-image-2782\" width=\"336\" height=\"575\" title=\"El Greco Tr\u00f3jca \u015awi\u0119ta\"\/><\/a><figcaption><center><em>El Greco Tr\u00f3jca \u015awi\u0119ta<\/em><\/center><\/figcaption><\/figure>\n<\/div>\n\n\n<p><strong>Zjednoczenie z Chrystusem<\/strong><\/p>\n<p>9 Jak Mnie umi\u0142owa\u0142 Ojciec, tak i Ja was umi\u0142owa\u0142em. Wytrwajcie w mi\u0142o\u015bci mojej!<br \/>10 Je\u015bli b\u0119dziecie zachowywa\u0107 moje przykazania, b\u0119dziecie trwa\u0107 w mi\u0142o\u015bci mojej, tak jak Ja zachowa\u0142em przykazania Ojca mego i trwam w Jego mi\u0142o\u015bci.<br \/>11 To wam powiedzia\u0142em, aby rado\u015b\u0107 moja w was by\u0142a i aby rado\u015b\u0107 wasza by\u0142a pe\u0142na.<\/p>\n<p><strong>Prawa przyja\u017ani z Chrystusem<\/strong><\/p>\n<p><span style=\"color: #993300;\"><strong>12 To jest moje przykazanie, aby\u015bcie si\u0119 wzajemnie mi\u0142owali, tak jak Ja was umi\u0142owa\u0142em<\/strong><\/span><br \/><span style=\"color: #993300;\"><strong>13 Nikt nie ma wi\u0119kszej mi\u0142o\u015bci od tej, gdy kto\u015b \u017cycie swoje oddaje za przyjaci\u00f3\u0142 swoich.<\/strong><\/span><br \/><span style=\"color: #993300;\"><strong>14 Wy jeste\u015bcie przyjaci\u00f3\u0142mi moimi, je\u017celi czynicie to, co wam przykazuj\u0119.<\/strong><\/span><br \/>15 Ju\u017c was nie nazywam s\u0142ugami, bo s\u0142uga nie wie, co czyni pan jego, ale nazwa\u0142em was przyjaci\u00f3\u0142mi, albowiem oznajmi\u0142em wam wszystko, co us\u0142ysza\u0142em od Ojca mego.<br \/>16 Nie wy\u015bcie Mnie wybrali, ale Ja was wybra\u0142em i przeznaczy\u0142em was na to, aby\u015bcie szli i owoc przynosili, i by owoc wasz trwa\u0142 \u2013 aby wszystko da\u0142 wam Ojciec, o cokolwiek Go poprosicie w imi\u0119 moje.<br \/>17 To wam przykazuj\u0119, aby\u015bcie si\u0119 wzajemnie mi\u0142owali<\/p>\n\n\n\n<h2 class=\"wp-block-heading\"><strong><span style=\"color:#3366ff\" class=\"has-inline-color\">REFLEKSJA<\/span><\/strong><\/h2>\n\n\n\n<p><strong>Jan Twardowski<\/strong><\/p>\n\n\n\n<p><em><strong>Skrupu\u0142y pustelnika<\/strong><\/em><\/p>\n\n\n\n<p>Tak zaj\u0105\u0142em si\u0119 sob\u0105 \u017ce czeka\u0142em aby nikt nie przyszed\u0142<br>stale prosi\u0142em o jeden tylko bilet dla siebie<br>nawet nic mi si\u0119 nie \u015bni\u0142o<br>bo \u015bpi si\u0119 dla siebie ale sny ma si\u0119 dla drugich<br>je\u015bli p\u0142aka\u0142em \u2013 to niefachowo<br>bo do p\u0142aczu potrzebne s\u0105 dwa serca<br>broni\u0142em tak gorliwie Boga \u017ce trzepn\u0105\u0142em w mord\u0119 cz\u0142owieka<br>my\u015bla\u0142em \u017ce kobieta nie ma duszy a je\u015bli ma to trzy czwarte<br>za\u0142o\u017cy\u0142em w sercu tajn\u0105 radiostacj\u0119 i nadawa\u0142em tylko sw\u00f3j program<br>przygotowa\u0142em sobie kawalerk\u0119 na cmentarzu<br>i w og\u00f3le zapomnia\u0142em \u017ce do nieba idzie si\u0119 parami nie g\u0119siego<br>nawet dyskretny anio\u0142 nie stoi osobno<\/p>\n\n\n\n<p><em><strong>\u00abnie przyszed\u0142em pana nawraca\u0107\u00bb, Warszawa 1986, str. 242<\/strong><\/em><\/p>\n\n\n\n<p><strong>Ludwik Kondratowicz<\/strong><\/p>\n\n\n\n<p><em><strong>Hymn do Pana Jezusa na \u015anipiszkach w Wilnie<\/strong><\/em><\/p>\n\n\n\n<p>Z Ojcem przedwiecznym stolic\u0119 dzieli,<br>Na twarz padaj\u0105 przed Nim Anieli,<br>Na Jego imi\u0119 piek\u0142o si\u0119 trwo\u017cy:<br>Oto Syn Bo\u017cy.<\/p>\n\n\n\n<p>Obarczon krzy\u017cem, w koronie z cierni,<br>Dr\u0119cz\u0105 Go ludzie niemi\u0142osierni,<br>Krew p\u0142ynie z czo\u0142a, \u0142za tryska z powiek:<br>Oto jest Cz\u0142owiek!<\/p>\n\n\n\n<p>Ty, kt\u00f3ry ludzko\u015b\u0107 wzi\u0105\u0142e\u015b w Tw\u0105 piecz\u0119,<br>Na krzy\u017c przybity Bo\u017ce-Cz\u0142owiecze!<br>Wnid\u017a nam do serca, niech si\u0119 w nim zbudzi<br>Mi\u0142o\u015b\u0107 do ludzi.<\/p>\n\n\n\n<p>A gdy w naszego \u017cycia zawodzie<br>Krzy\u017c nas obarczy, a cier\u0144 ubodzie \u2013<br>Godnie przebywa\u0107 drogi cierniste<br>Pom\u00f3\u017c nam Chryste!<\/p>\n\n\n\n<p><em><strong>\u00abZ g\u0142\u0119boko\u015bci\u2026Antologia polskiej modlitwy poetyckiej\u00bb, T. I, Warszawa 1974, str. 419<\/strong><\/em><\/p>\n\n\n\n<p class=\"has-text-align-center\"><a href=\"https:\/\/poezjaiewangelia.pl\/?page_id=4388#Gora\"><span style=\"color:#1e73be\" class=\"has-inline-color\">Do g\u00f3ry<\/span><\/a><\/p>\n","protected":false},"excerpt":{"rendered":"<p>Powr\u00f3t do Wielkanoc,&nbsp;&nbsp; &nbsp;Niedziele Wielkanocne rok B, &nbsp;Powr\u00f3t do Linki Ewangelia: J 15, 9 -17; Zjednoczenie z Chrystusem 9 Jak Mnie umi\u0142owa\u0142 Ojciec, tak i Ja was umi\u0142owa\u0142em. Wytrwajcie w mi\u0142o\u015bci mojej!10 Je\u015bli b\u0119dziecie zachowywa\u0107 moje przykazania, b\u0119dziecie trwa\u0107 w mi\u0142o\u015bci mojej, tak jak Ja zachowa\u0142em przykazania Ojca mego i trwam w Jego mi\u0142o\u015bci.11 To &hellip; <a href=\"https:\/\/poezjaiewangelia.pl\/?page_id=4388\" class=\"more-link\">Czytaj dalej <span class=\"screen-reader-text\">6 Niedziela Wielkanocna rok B<\/span><\/a><\/p>\n","protected":false},"author":1,"featured_media":0,"parent":126,"menu_order":4,"comment_status":"closed","ping_status":"closed","template":"","meta":{"_monsterinsights_skip_tracking":false,"_monsterinsights_sitenote_active":false,"_monsterinsights_sitenote_note":"","_monsterinsights_sitenote_category":0,"footnotes":""},"class_list":["post-4388","page","type-page","status-publish","hentry"],"aioseo_notices":[],"_links":{"self":[{"href":"https:\/\/poezjaiewangelia.pl\/index.php?rest_route=\/wp\/v2\/pages\/4388","targetHints":{"allow":["GET"]}}],"collection":[{"href":"https:\/\/poezjaiewangelia.pl\/index.php?rest_route=\/wp\/v2\/pages"}],"about":[{"href":"https:\/\/poezjaiewangelia.pl\/index.php?rest_route=\/wp\/v2\/types\/page"}],"author":[{"embeddable":true,"href":"https:\/\/poezjaiewangelia.pl\/index.php?rest_route=\/wp\/v2\/users\/1"}],"replies":[{"embeddable":true,"href":"https:\/\/poezjaiewangelia.pl\/index.php?rest_route=%2Fwp%2Fv2%2Fcomments&post=4388"}],"version-history":[{"count":15,"href":"https:\/\/poezjaiewangelia.pl\/index.php?rest_route=\/wp\/v2\/pages\/4388\/revisions"}],"predecessor-version":[{"id":9998,"href":"https:\/\/poezjaiewangelia.pl\/index.php?rest_route=\/wp\/v2\/pages\/4388\/revisions\/9998"}],"up":[{"embeddable":true,"href":"https:\/\/poezjaiewangelia.pl\/index.php?rest_route=\/wp\/v2\/pages\/126"}],"wp:attachment":[{"href":"https:\/\/poezjaiewangelia.pl\/index.php?rest_route=%2Fwp%2Fv2%2Fmedia&parent=4388"}],"curies":[{"name":"wp","href":"https:\/\/api.w.org\/{rel}","templated":true}]}}