{"id":4767,"date":"2018-11-03T14:32:21","date_gmt":"2018-11-03T14:32:21","guid":{"rendered":"https:\/\/poezjaiewangelia.pl\/?page_id=4767"},"modified":"2023-01-28T15:16:01","modified_gmt":"2023-01-28T14:16:01","slug":"uroczystosc-sw-jozefa-oblubienca-nmp-19-03","status":"publish","type":"page","link":"https:\/\/poezjaiewangelia.pl\/?page_id=4767","title":{"rendered":"Uroczysto\u015b\u0107 \u015aw. J\u00f3zefa, Oblubie\u0144ca NMP (19.03.) rok ABC;"},"content":{"rendered":"\n<p><span style=\"color: #1e73be;\"><a style=\"color: #1e73be;\" href=\"https:\/\/poezjaiewangelia.pl\/?page_id=63#S63\">Powr\u00f3t do \u015awi\u0119ta,<\/a> \u00a0<\/span><a id=\"S4767\"><\/a><span style=\"color: #1e73be;\"><a style=\"color: #1e73be;\" href=\"https:\/\/poezjaiewangelia.pl\/?page_id=138#S138\"> Uroczysto\u015bci i \u015bwi\u0119ta II \u2013 IV,\u00a0 <\/a><\/span><a id=\"Gora\"><\/a><span style=\"color: #1e73be;\">\u00a0\u00a0<a style=\"color: #1e73be;\" href=\"https:\/\/poezjaiewangelia.pl\/?page_id=703#S703\">Powr\u00f3t do Linki<\/a><\/span><\/p>\n\n\n<div class=\"wp-block-image\">\n<figure class=\"alignright size-large\"><img loading=\"lazy\" decoding=\"async\" width=\"150\" height=\"150\" src=\"https:\/\/poezjaiewangelia.pl\/wp-content\/uploads\/2018\/10\/R\u00f3\u017ca-bia\u0142a-e1592148272533.png\" alt=\"Kolor szat\" class=\"wp-image-4591\"\/><figcaption class=\"wp-element-caption\">Kolor szat<\/figcaption><\/figure>\n<\/div>\n\n<div class=\"wp-block-image\">\n<figure class=\"alignleft size-large\"><a href=\"https:\/\/www.wga.hu\/framex-e.html?file=html\/r\/reni\/2\/joseph_i.html&amp;find=St+Joseph+with+Jesus\" target=\"_blank\" rel=\"noopener noreferrer\"><img loading=\"lazy\" decoding=\"async\" width=\"100\" height=\"115\" src=\"https:\/\/poezjaiewangelia.pl\/wp-content\/uploads\/2015\/12\/RENI_Guido_Sw_Jozef_z_Jezusem1.jpg\" alt=\"Guido Reni \u015aw. J\u00f3zef i Dzieci\u0119 Jezus\" class=\"wp-image-431\" title=\"Guido Reni \u015aw. J\u00f3zef i Dzieci\u0119 Jezus\"\/><\/a><\/figure>\n<\/div>\n\n\n<hr class=\"wp-block-separator has-text-color has-luminous-vivid-amber-color has-css-opacity has-luminous-vivid-amber-background-color has-background is-style-dots\"\/>\n\n\n\n<p><strong>Ewangelia: Mt 1, 16. 18 \u2013 21. 24 a;<br>albo \u0141k 2, 41 \u2013 51 a;<\/strong><\/p>\n\n\n\n<h2 class=\"wp-block-heading\"><strong><span class=\"has-inline-color has-luminous-vivid-orange-color\">S\u0141OWO BO\u017bE<\/span><\/strong><\/h2>\n\n\n\n<h5><strong>Mt 1, 16. 18 \u2013 21;<\/strong><\/h5>\n\n\n<div class=\"wp-block-image\">\n<figure class=\"alignleft size-large is-resized\"><a href=\"https:\/\/www.wga.hu\/frames-e.html?\/html\/h\/herrera\/franci_e\/joseph.html\" target=\"_blank\" rel=\"noopener noreferrer\"><img loading=\"lazy\" decoding=\"async\" src=\"https:\/\/poezjaiewangelia.pl\/wp-content\/uploads\/2015\/11\/12cb273be061178bbe9dcc5bf784c449-e1457109716593.jpg\" alt=\"Francisco Herrera \u015aw. J\u00f3zef z Dzieci\u0105tkiem Jezus\" class=\"wp-image-2238\" width=\"279\" height=\"412\" title=\"Francisco Herrera \u015aw. J\u00f3zef z Dzieci\u0105tkiem Jezus\"\/><\/a><figcaption class=\"wp-element-caption\"><center><em>Francisco Herrera \u015aw. J\u00f3zef z Dzieci\u0105tkiem Jezus<\/em><\/center><\/figcaption><\/figure>\n<\/div>\n\n\n<p>16&nbsp;Jakub ojcem J\u00f3zefa, m\u0119\u017ca Maryi, z kt\u00f3rej narodzi\u0142 si\u0119 Jezus, zwany Chrystusem.<\/p>\n<p><strong>Narodzenie Jezusa<\/strong><\/p>\n<p>18 Z narodzeniem Jezusa Chrystusa by\u0142o tak. Po za\u015blubinach Matki Jego, Maryi, z J\u00f3zefem, wpierw nim zamieszkali razem, znalaz\u0142a si\u0119 brzemienn\u0105 za spraw\u0105 Ducha \u015awi\u0119tego.<br><span style=\"color: #993300;\"><strong>19 M\u0105\u017c Jej, J\u00f3zef, kt\u00f3ry by\u0142 cz\u0142owiekiem sprawiedliwym i nie chcia\u0142 narazi\u0107 Jej na znies\u0142awienie, zamierza\u0142 oddali\u0107 J\u0105 potajemnie.<\/strong><\/span><br>20 Gdy powzi\u0105\u0142 t\u0119 my\u015bl, oto anio\u0142 Pa\u0144ski ukaza\u0142 mu si\u0119 we \u015bnie i rzek\u0142: \u00abJ\u00f3zefie, synu Dawida, nie b\u00f3j si\u0119 wzi\u0105\u0107 do siebie Maryi, twej Ma\u0142\u017conki; albowiem z Ducha \u015awi\u0119tego jest to, co si\u0119 w Niej pocz\u0119\u0142o.<br>21&nbsp;Porodzi Syna, kt\u00f3remu nadasz imi\u0119 Jezus, On bowiem zbawi sw\u00f3j lud od jego grzech\u00f3w\u00bb.<br>24 Zbudziwszy si\u0119 ze snu, J\u00f3zef uczyni\u0142 tak, jak mu poleci\u0142 anio\u0142 Pa\u0144ski:<\/p>\n\n\n\n<p><strong>Albo:\u00a0\u0141k 2, 41 \u2013 51a;<\/strong><\/p>\n<p><strong>Dwunastoletni Jezus w \u015bwi\u0105tyni<\/strong><\/p>\n<p>41 Rodzice Jego chodzili co roku do Jerozolimy na \u015awi\u0119to Paschy.<br \/>42 Gdy mia\u0142 lat dwana\u015bcie, udali si\u0119 tam zwyczajem \u015bwi\u0105tecznym.<br \/>43 Kiedy wracali po sko\u0144czonych uroczysto\u015bciach, zosta\u0142 Jezus w Jerozolimie, a tego nie zauwa\u017cyli Jego Rodzice.<br \/>44 Przypuszczaj\u0105c, \u017ce jest w towarzystwie p\u0105tnik\u00f3w, uszli dzie\u0144 drogi i szukali Go w\u015br\u00f3d krewnych i znajomych.<br \/>45 Gdy Go nie znale\u017ali, wr\u00f3cili do Jerozolimy szukaj\u0105c Go<br \/>46 Dopiero po trzech dniach odnale\u017ali Go w \u015bwi\u0105tyni, gdzie siedzia\u0142 mi\u0119dzy nauczycielami, przys\u0142uchiwa\u0142 si\u0119 im i zadawa\u0142 pytania.<br \/>47 Wszyscy za\u015b, kt\u00f3rzy Go s\u0142uchali, byli zdumieni bystro\u015bci\u0105 Jego umys\u0142u i odpowiedziami.<br \/>48 Na ten widok zdziwili si\u0119 bardzo, a Jego Matka rzek\u0142a do Niego: Synu, czemu\u015b nam to uczyni\u0142? Oto ojciec Tw\u00f3j i ja z b\u00f3lem serca szukali\u015bmy Ciebie.<br \/><span style=\"color: #993300;\"><strong>49 Lecz On im odpowiedzia\u0142: Czemu\u015bcie Mnie szukali? Czy nie wiedzieli\u015bcie, \u017ce powinienem by\u0107 w tym, co nale\u017cy do mego Ojca?<\/strong><\/span><br \/><span style=\"color: #993300;\"><strong>50 Oni jednak nie zrozumieli tego, co im powiedzia\u0142.<\/strong><\/span><br \/><span style=\"color: #993300;\"><strong>51 Potem poszed\u0142 z nimi i wr\u00f3ci\u0142 do Nazaretu; i by\u0142 im poddany<\/strong><\/span><\/p>\n\n\n\n<h2 class=\"wp-block-heading\"><strong><span class=\"has-inline-color has-luminous-vivid-orange-color\">REFLEKSJA<\/span><\/strong><\/h2>\n\n\n\n<p><strong>Janusz Pasierb<\/strong><\/p>\n\n\n\n<p><em><strong>Dom<\/strong><\/em><\/p>\n\n\n\n<p>nie m\u00f3wi\u0142 ze to b\u0119dzie biuro parafialne<br>z kartotekami wedle cn\u00f3t i zas\u0142ug<br>klub dla zbawionych<br>z klimatyzacj\u0105 i czytelni\u0105 biblii<br>nie obiecywa\u0142 pa\u0142acu<br>z sal\u0105 tronow\u0105 b\u0142yszcz\u0105c\u0105 \u0142askami<br>nie zapowiada\u0142 katedry<br>z wieczn\u0105 adoracj\u0105<\/p>\n\n\n\n<p>m\u00f3wi\u0142 o domu Ojca<br>m\u00f3wi\u0142 \u017ce b\u0119dziemy<br>mieszka\u0107 \u017ce to b\u0119dzie<br>naprawd\u0119 dom<\/p>\n\n\n\n<p><em><strong>\u00abWiersze religijne\u00bb, Pozna\u0144 \u2013 Warszawa 1983, str. 80<\/strong><\/em><\/p>\n\n\n<div class=\"wp-block-image\">\n<figure class=\"alignright size-large is-resized\"><a href=\"https:\/\/www.wga.hu\/framex-e.html?file=html\/m\/master\/catholic\/catholic.html&amp;find=St+Joseph+and+the+Christ+Child\" target=\"_blank\" rel=\"noopener noreferrer\"><img loading=\"lazy\" decoding=\"async\" src=\"https:\/\/poezjaiewangelia.pl\/wp-content\/uploads\/2015\/11\/2a88d7234cf6b41d08e26d7af7d1cd80-e1457110771531.jpg\" alt=\"Nieznany Mistrz Chrystus w\u015br\u00f3d doktor\u00f3w\" class=\"wp-image-2241\" width=\"267\" height=\"455\" title=\"Nieznany Mistrz Chrystus w\u015br\u00f3d doktor\u00f3w\"\/><\/a><figcaption class=\"wp-element-caption\"><center><em>Nieznany Mistrz Chrystus w\u015br\u00f3d doktor\u00f3w<\/em><\/center><\/figcaption><\/figure>\n<\/div>\n\n\n<p><strong>Janusz Pasierb<\/strong><\/p>\n\n\n\n<p><em><strong>Warsztat cie\u015bli J\u00f3zefa<\/strong><\/em><\/p>\n\n\n\n<p>drewno i \u017celazo<br>i \u015bwiat\u0142o jak przy torturach<br>lub egzekucji noc\u0105<br>os\u0142oni\u0119te od naszej strony<br>d\u0142oni\u0105 dziecka<br>w kt\u00f3rej ju\u017c krew \u015bwieci<\/p>\n\n\n\n<p><em><strong>\u201cWiersze religijne\u201d, Pozna\u0144 \u2013 Warszawa 1983, str. 89<\/strong><\/em><\/p>\n\n\n\n<p><strong>Jan Twardowski<\/strong><\/p>\n\n\n\n<p><em><strong>Piosenka ludowa<\/strong><\/em><\/p>\n\n\n\n<p>G\u0142uchy kamieniu<br>ile gadu\u0142 plecie o milczeniu<br>modlitewniku pe\u0142en pacierzy<br>diabe\u0142 nie ta\u0144czy kiedy si\u0119 wierzy<br>g\u0142ogu czerwony jak krew g\u0142\u0119boka<br>osa pogryzie kiedy ci\u0119 kocha<\/p>\n\n\n\n<p><em><strong>\u00abPos\u0142aniec nadziei\u00bb, Warszawa \u2013 Rzesz\u00f3w 2005, str. 110<\/strong><\/em><\/p>\n\n\n\n<hr class=\"wp-block-separator has-text-color has-luminous-vivid-amber-color has-css-opacity has-luminous-vivid-amber-background-color has-background is-style-dots\"\/>\n\n\n\n<p class=\"has-text-align-center\"><a href=\"https:\/\/poezjaiewangelia.pl\/?page_id=4767#Gora\"><span style=\"color:#1e73be\" class=\"has-inline-color\">Do g\u00f3ry<\/span><\/a><\/p>\n","protected":false},"excerpt":{"rendered":"<p>Powr\u00f3t do \u015awi\u0119ta, \u00a0 Uroczysto\u015bci i \u015bwi\u0119ta II \u2013 IV,\u00a0 \u00a0\u00a0Powr\u00f3t do Linki Ewangelia: Mt 1, 16. 18 \u2013 21. 24 a;albo \u0141k 2, 41 \u2013 51 a; Mt 1, 16. 18 \u2013 21; 16&nbsp;Jakub ojcem J\u00f3zefa, m\u0119\u017ca Maryi, z kt\u00f3rej narodzi\u0142 si\u0119 Jezus, zwany Chrystusem. Narodzenie Jezusa 18 Z narodzeniem Jezusa Chrystusa by\u0142o tak. &hellip; <a href=\"https:\/\/poezjaiewangelia.pl\/?page_id=4767\" class=\"more-link\">Czytaj dalej <span class=\"screen-reader-text\">Uroczysto\u015b\u0107 \u015aw. J\u00f3zefa, Oblubie\u0144ca NMP (19.03.) rok ABC;<\/span><\/a><\/p>\n","protected":false},"author":1,"featured_media":0,"parent":138,"menu_order":2,"comment_status":"closed","ping_status":"closed","template":"","meta":{"_monsterinsights_skip_tracking":false,"_monsterinsights_sitenote_active":false,"_monsterinsights_sitenote_note":"","_monsterinsights_sitenote_category":0,"footnotes":""},"class_list":["post-4767","page","type-page","status-publish","hentry"],"aioseo_notices":[],"_links":{"self":[{"href":"https:\/\/poezjaiewangelia.pl\/index.php?rest_route=\/wp\/v2\/pages\/4767","targetHints":{"allow":["GET"]}}],"collection":[{"href":"https:\/\/poezjaiewangelia.pl\/index.php?rest_route=\/wp\/v2\/pages"}],"about":[{"href":"https:\/\/poezjaiewangelia.pl\/index.php?rest_route=\/wp\/v2\/types\/page"}],"author":[{"embeddable":true,"href":"https:\/\/poezjaiewangelia.pl\/index.php?rest_route=\/wp\/v2\/users\/1"}],"replies":[{"embeddable":true,"href":"https:\/\/poezjaiewangelia.pl\/index.php?rest_route=%2Fwp%2Fv2%2Fcomments&post=4767"}],"version-history":[{"count":17,"href":"https:\/\/poezjaiewangelia.pl\/index.php?rest_route=\/wp\/v2\/pages\/4767\/revisions"}],"predecessor-version":[{"id":10288,"href":"https:\/\/poezjaiewangelia.pl\/index.php?rest_route=\/wp\/v2\/pages\/4767\/revisions\/10288"}],"up":[{"embeddable":true,"href":"https:\/\/poezjaiewangelia.pl\/index.php?rest_route=\/wp\/v2\/pages\/138"}],"wp:attachment":[{"href":"https:\/\/poezjaiewangelia.pl\/index.php?rest_route=%2Fwp%2Fv2%2Fmedia&parent=4767"}],"curies":[{"name":"wp","href":"https:\/\/api.w.org\/{rel}","templated":true}]}}