{"id":5028,"date":"2018-11-09T13:01:17","date_gmt":"2018-11-09T13:01:17","guid":{"rendered":"https:\/\/poezjaiewangelia.pl\/?page_id=5028"},"modified":"2022-07-31T23:06:03","modified_gmt":"2022-07-31T22:06:03","slug":"uroczystosc-niepokalanego-poczecia-najswietszej-maryi-panny-rok-a-b-c-8-12","status":"publish","type":"page","link":"https:\/\/poezjaiewangelia.pl\/?page_id=5028","title":{"rendered":"Uroczysto\u015b\u0107 Niepokalanego Pocz\u0119cia Naj\u015bwi\u0119tszej Maryi Panny rok ABC; (8.12)"},"content":{"rendered":"\n<p><span style=\"color: #1e73be;\"><a style=\"color: #1e73be;\" href=\"https:\/\/poezjaiewangelia.pl\/?page_id=63#S63\">Powr\u00f3t do \u015awi\u0119ta,<\/a>&nbsp;&nbsp;<\/span><a id=\"S5028\"><\/a><span style=\"color: #1e73be;\"><a style=\"color: #1e73be;\" href=\"https:\/\/poezjaiewangelia.pl\/?page_id=140#S140\"> Uroczysto\u015bci i \u015bwi\u0119ta XI \u2013 XII,<\/a>&nbsp; <\/span><a id=\"Gora\"><\/a><span style=\"color: #1e73be;\">&nbsp;&nbsp;<a style=\"color: #1e73be;\" href=\"https:\/\/poezjaiewangelia.pl\/?page_id=703#S703\">Powr\u00f3t do Linki<\/a><\/span><\/p>\n\n\n<div class=\"wp-block-image\">\n<figure class=\"alignright size-large\"><img loading=\"lazy\" decoding=\"async\" width=\"150\" height=\"150\" src=\"https:\/\/poezjaiewangelia.pl\/wp-content\/uploads\/2018\/10\/R\u00f3\u017ca-bia\u0142a-e1592148272533.png\" alt=\"Kolor szat\" class=\"wp-image-4591\"\/><figcaption>Kolor szat<\/figcaption><\/figure>\n<\/div>\n\n<div class=\"wp-block-image\">\n<figure class=\"alignleft size-full\"><a href=\"http:\/\/iconoskiko.blogspot.com\/p\/iconos-de-kiko-arguello.html\" target=\"_blank\" rel=\"noreferrer noopener\"><img loading=\"lazy\" decoding=\"async\" width=\"100\" height=\"130\" src=\"https:\/\/poezjaiewangelia.pl\/wp-content\/uploads\/2022\/06\/Kiko-Arguello-Madonna.jpg\" alt=\"\" class=\"wp-image-9729\" title=\"Kiko Arg\u00fcello Madonna\"\/><\/a><\/figure>\n<\/div>\n\n\n<hr class=\"wp-block-separator has-text-color has-luminous-vivid-amber-color has-css-opacity has-luminous-vivid-amber-background-color has-background is-style-dots\"\/>\n\n\n\n<p><strong>Ewangelia: \u0141k 1, 26 \u2013 38;<\/strong><\/p>\n\n\n\n<h2 class=\"wp-block-heading\"><strong><span class=\"has-inline-color has-luminous-vivid-orange-color\">S\u0141OWO BO\u017bE<\/span><\/strong><\/h2>\n\n\n<div class=\"wp-block-image\">\n<figure class=\"alignleft size-large is-resized\"><a href=\"https:\/\/www.wga.hu\/frames-e.html?\/html\/b\/botticel\/22\/70cestel.html\" target=\"_blank\" rel=\"noopener noreferrer\"><img loading=\"lazy\" decoding=\"async\" src=\"https:\/\/poezjaiewangelia.pl\/wp-content\/uploads\/2015\/11\/Sandro-Botticelli-Zwiastowanie.-e1462102698566.jpg\" alt=\"Sandro Botticelli Zwiastowanie.\" class=\"wp-image-2827\" width=\"366\" height=\"344\" title=\"Sandro Botticelli Zwiastowanie.\"\/><\/a><figcaption><center><em>Sandro Botticelli Zwiastowanie.<\/em><\/center><\/figcaption><\/figure>\n<\/div>\n\n\n<p><strong>Zwiastowanie Maryi<\/strong><\/p>\n<p>26 W sz\u00f3stym miesi\u0105cu pos\u0142a\u0142 B\u00f3g anio\u0142a Gabriela do miasta w Galilei, zwanego Nazaret,<br \/>27 do Dziewicy po\u015blubionej m\u0119\u017cowi, imieniem J\u00f3zef, z rodu Dawida; a Dziewicy by\u0142o na imi\u0119 Maryja.<br \/>28 Anio\u0142 wszed\u0142 do Niej i rzek\u0142: \u00abB\u0105d\u017a pozdrowiona, pe\u0142na \u0142aski, Pan z Tob\u0105,\u00bb.<br \/>29 Ona zmiesza\u0142a si\u0119 na te s\u0142owa i rozwa\u017ca\u0142a, co mia\u0142oby znaczy\u0107 to pozdrowienie.<br \/>30 Lecz anio\u0142 rzek\u0142 do Niej: \u00abNie b\u00f3j si\u0119, Maryjo, znalaz\u0142a\u015b bowiem \u0142ask\u0119 u Boga.<br \/><span style=\"color: #993300;\"><strong>31 Oto poczniesz i porodzisz Syna, kt\u00f3remu nadasz imi\u0119 Jezus.<\/strong><\/span><br \/><span style=\"color: #993300;\"><strong>32 B\u0119dzie On wielki i b\u0119dzie nazwany Synem Najwy\u017cszego, a Pan B\u00f3g da Mu tron Jego praojca, Dawida.<\/strong><\/span><br \/><span style=\"color: #993300;\"><strong>33 B\u0119dzie panowa\u0142 nad domem Jakuba na wieki, a Jego panowaniu nie b\u0119dzie ko\u0144ca\u00bb.<\/strong><\/span><br \/><span style=\"color: #993300;\"><strong>34 Na to Maryja rzek\u0142a do anio\u0142a: \u00abJak\u017ce si\u0119 to stanie, skoro nie znam m\u0119\u017ca?\u00bb<\/strong><\/span><br \/><span style=\"color: #993300;\"><strong>35 Anio\u0142 Jej odpowiedzia\u0142: \u00abDuch \u015awi\u0119ty zst\u0105pi na Ciebie i moc Najwy\u017cszego os\u0142oni Ci\u0119. Dlatego te\u017c \u015awi\u0119te, kt\u00f3re si\u0119 narodzi, b\u0119dzie nazwane Synem Bo\u017cym.<\/strong><\/span><br \/>36 A oto r\u00f3wnie\u017c krewna Twoja, El\u017cbieta, pocz\u0119\u0142a w swej staro\u015bci syna i jest ju\u017c w sz\u00f3stym miesi\u0105cu ta, kt\u00f3ra uchodzi za niep\u0142odn\u0105.<br \/>37 Dla Boga bowiem nie ma nic niemo\u017cliwego<strong>\u00bb.<\/strong><br \/>38 Na to rzek\u0142a Maryja: \u00abOto Ja s\u0142u\u017cebnica Pa\u0144ska, niech Mi si\u0119 stanie wed\u0142ug twego s\u0142owa!\u00bb Wtedy odszed\u0142 od Niej anio\u0142.<\/p>\n\n\n\n<h2 class=\"wp-block-heading\"><strong><span class=\"has-inline-color has-luminous-vivid-orange-color\">REFLEKSJA<\/span><\/strong><\/h2>\n\n\n\n<p><strong>Jan Zieli\u0144ski<\/strong><\/p>\n\n\n\n<p><em><strong>Zdrowa\u015b Maryjo<\/strong><\/em><\/p>\n\n\n\n<p>S\u0142owa te<br>anio\u0142 Gabriel<br>powiedzia\u0142 w Nazarecie<br>\u015bwi\u0119ci na g\u00f3rze powtarzaj\u0105 je<br>bez ko\u0144ca i bez znu\u017cenia<br>Piotr<br>Efrem<br>Stefan kardyna\u0142 prymas<br>moja matka<br>b\u0142ogos\u0142awi\u0105 Pe\u0142n\u0105 \u0141aski<br>zanurzon\u0105 w Panu<br>za Owoc Jej \u0142ona<br>Ogie\u0144 rzucony na ziemi\u0119<br>i owini\u0119ty w pieluszki<\/p>\n\n\n\n<p>a z do\u0142u<br>wszyscy poranieni wo\u0142aj\u0105<br>\u015awi\u0119ta Maryjo<br>m\u00f3dl si\u0119 za nami grzesznikami<br>gdy\u017c co dnia umieramy<br>m\u00f3dl si\u0119 nad nami trupami<br>o \u017cycie<\/p>\n\n\n\n<p>B\u00f3g Ojciec s\u0142ucha uwa\u017cnie<br>i m\u00f3wi Amen<\/p>\n\n\n\n<p><em><strong>wiersze podarowane\u201d, Warszawa 1994, str.19<\/strong><\/em><\/p>\n\n\n\n<p><strong>Maria Imelda Kosmala<\/strong><\/p>\n\n\n\n<p><em><strong>\u00d3smy grudnia w samolocie<\/strong><\/em><\/p>\n\n\n\n<p>Mgie\u0142 mleczna kurzawa<\/p>\n\n\n\n<p>Kulig mi\u0119dzy niebem<br>a ziemi\u0105<\/p>\n\n\n\n<p>Samolotem sanna<\/p>\n\n\n\n<p>Wiatr<br>przejrzyste chichoty<\/p>\n\n\n\n<p>w \u015bmig\u0142a motoru<br>wkr\u0119ci\u0142<\/p>\n\n\n\n<p>Lecimy w czysto\u015b\u0107<br>bia\u0142ego wiersza<br>po polu diamentowych iskier<\/p>\n\n\n\n<p>Biel biel biel<br>o\u015blepiaj\u0105co czysta<br>jak strofy poetyckie<br>jak wezwanie Mistrza<\/p>\n\n\n\n<p>Sun\u0105 skrzyd\u0142a<br>w srebrny grudzie\u0144<br>ksi\u0119\u017cycowych zboczy<\/p>\n\n\n\n<p>Pi\u0119trzy si\u0119 bia\u0142\u0105 pian\u0105<br>mi\u0119kka we\u0142na chmur<\/p>\n\n\n\n<p>Dzie\u0144 rodzi s\u0142o\u0144ce<\/p>\n\n\n\n<p>Ostro\u017cnie st\u0105paj\u0105ce<br>zachwycone oczy<br>aby nie skala\u0107<br>cudnego zjawiska<\/p>\n\n\n\n<p>S\u0142o\u0144ce prze\u015bwieca<br>mgliste alabastry<br>z\u0142oto wiewa<br>w zimne srebro \u015blad\u00f3w<\/p>\n\n\n\n<p>Biel biel biel<br>ol\u015bniewaj\u0105co bia\u0142a<\/p>\n\n\n\n<p>Cisza jak dotyk<br>pierwszej Hostii<br>na dzieci\u0119cych wargach<\/p>\n\n\n\n<p>Przelatuj\u0105 we mnie<br>twarze serca d\u0142onie<br>fug\u0105 \u015bnie\u017cystych \u0142ab\u0119dzi<\/p>\n\n\n\n<p>Biel Cisza \u015awiat\u0142o G\u0142\u0119bia<\/p>\n\n\n\n<p>S\u0142o\u0144ce jak z\u0142oty<br>talerz<br>toczy si\u0119 obok<br>skrzydlatych sa\u0144<\/p>\n\n\n\n<p>Biel<\/p>\n\n\n\n<p>Sekundy samotno\u015bci l\u0105duj\u0105 we mnie<br>stadem ufnych go\u0142\u0119bi<\/p>\n\n\n\n<p>Biel Misterium<br>Niepokalanego Pocz\u0119cia<\/p>\n\n\n\n<p>Mi\u0142osierny Wiatyk<br>na samotn\u0105 drog\u0119<\/p>\n\n\n\n<p><em><strong>\u00abKu twarzy w\u0119druj\u0119\u00bb, Warszawa 1997, str. 44<\/strong><\/em><\/p>\n\n\n<div class=\"wp-block-image\">\n<figure class=\"alignright size-large is-resized\"><a href=\"https:\/\/www.wga.hu\/frames-e.html?\/html\/s\/strozzi\/2\/annunc.html\" target=\"_blank\" rel=\"noopener noreferrer\"><img loading=\"lazy\" decoding=\"async\" src=\"https:\/\/poezjaiewangelia.pl\/wp-content\/uploads\/2015\/11\/Bernardo-Strozzi-Zwiastowanie-e1458745200837.jpg\" alt=\"Bernardo Strozzi Zwiastowanie\" class=\"wp-image-2828\" width=\"326\" height=\"403\" title=\"Bernardo Strozzi Zwiastowanie\"\/><\/a><figcaption><center><em>Bernardo Strozzi Zwiastowanie<\/em><\/center><\/figcaption><\/figure>\n<\/div>\n\n\n<p><strong>Wac\u0142aw Oszajca&nbsp;<\/strong><\/p>\n\n\n\n<p><em><strong>niepokalane pocz\u0119cie<\/strong><\/em><\/p>\n\n\n\n<p>w\u0119\u017cowaty ksi\u0105\u017c\u0119 ciemno\u015bci zachichota\u0142<br>znowu dla niego<br>Joachim i Hanna<br>pocz\u0119li nowego cz\u0142owieka<br>gdy nagle<br>a nawet wcze\u015bniej<br>mi\u0119dzy nim a pocz\u0119t\u0105 dziewczynk\u0105<br>rozp\u0142omieni\u0142 si\u0119 miecz archanio\u0142a<br>i zagrzmia\u0142 g\u0142os<br>odejd\u017a<br>ziemia ku kt\u00f3rej pe\u0142zniesz jest \u015bwi\u0119ta<br>na niej zbuduj\u0119 dla siebie dom <\/p>\n\n\n\n<p><em><strong>\u201c\u2026 Ty za blisko, my za daleko\u2026\u201d, Lublin 1985, str.146<\/strong><\/em><\/p>\n\n\n\n<p><strong>Wac\u0142aw Oszajca<\/strong><\/p>\n\n\n\n<p><strong>\u201c<\/strong>&nbsp;<em><strong>niepodj\u0119ta rozmowa\u201d<\/strong><\/em><\/p>\n\n\n\n<p>mamo<br>ja ju\u017c umiem ssa\u0107 kciuk<br>prostuj\u0119 n\u00f3\u017cki i pr\u00f3buj\u0119 chodzi\u0107<\/p>\n\n\n\n<p>mamo<br>jest w tobie tak jasno<\/p>\n\n\n\n<p>mamo ty wstajesz idziesz gdzie\u015b<br>to ja zwin\u0119 si\u0119 w k\u0142\u0119buszek<br>b\u0119d\u0119 ci mniej przeszkadza\u0142<br>pochodz\u0119 sobie gdy usi\u0105dziesz<\/p>\n\n\n\n<p>dobrze prosz\u0119 pani zrobimy tak \u017ce nie b\u0119dzie bola\u0142o<\/p>\n\n\n\n<p>mamo moja mamo moja kochana ma<\/p>\n\n\n\n<p><em><strong>\u201c\u2026Ty za blisko, my za daleko\u2026\u201d, Lublin 1985, str.104<\/strong><\/em><\/p>\n\n\n\n<p><strong>Jan Twardowski<\/strong><\/p>\n\n\n\n<p><em><strong>zdumienia pe\u0142na<\/strong><\/em><\/p>\n\n\n\n<p>Matko Naj\u015bwi\u0119tsza kt\u00f3ra\u015b si\u0119 zdumiewa\u0142a<br>o kt\u00f3rej nie powiedziano w litanii<br>Zdumienia Pe\u0142na<br>kt\u00f3ra\u015b dziwi\u0142a si\u0119<br>dlaczego B\u00f3g urodzi\u0142 si\u0119 w stajni<br>dlaczego musi ucieka\u0107 na kopytkach osio\u0142ka \u2013<br>spraw \u2013 \u017cebym ucz\u0105c religii<br>nie m\u00f3wi\u0142: Ju\u017c wiem. Rozumiem<br>Mam na wszystko odpowied\u017a gotow\u0105<br>\u017bebym umia\u0142 si\u0119 z lud\u017ami dziwi\u0107<br>nie rozumie\u0107 w\u0142a\u015bnie<br>kiwa\u0107 g\u0142ow\u0105<br>m\u00f3j Bo\u017ce, ile tajemnic w jednej sekundzie<br>Chwal\u0105c m\u0119czennika, \u017cebym doda\u0142<br>\u017ce skaleczony dmucham czule na krew \u017ceby mniej szczypa\u0142o<br>Nie g\u0142osi\u0107 tylko, \u017ce jak si\u0119 kocha to mniej boli<br>\u017ce przez dziur\u0119 \u0142zy mo\u017cna zobaczy\u0107 wi\u0119cej<br>lecz czasami nad tym wszystkim za\u0142ama\u0107 r\u0119ce<br>m\u00f3j Bo\u017ce, jak poj\u0105\u0107 serce \u015bmierci<\/p>\n\n\n\n<p><em><strong>\u201cnie przyszed\u0142em pana nawraca\u0107\u201d, Warszawa 1986, str.170<\/strong><\/em><\/p>\n\n\n\n<p class=\"has-text-align-center\"><a href=\"https:\/\/poezjaiewangelia.pl\/?page_id=5028#Gora\"><span style=\"color:#1e73be\" class=\"has-inline-color\">Do g\u00f3ry<\/span><\/a><\/p>\n","protected":false},"excerpt":{"rendered":"<p>Powr\u00f3t do \u015awi\u0119ta,&nbsp;&nbsp; Uroczysto\u015bci i \u015bwi\u0119ta XI \u2013 XII,&nbsp; &nbsp;&nbsp;Powr\u00f3t do Linki Ewangelia: \u0141k 1, 26 \u2013 38; Zwiastowanie Maryi 26 W sz\u00f3stym miesi\u0105cu pos\u0142a\u0142 B\u00f3g anio\u0142a Gabriela do miasta w Galilei, zwanego Nazaret,27 do Dziewicy po\u015blubionej m\u0119\u017cowi, imieniem J\u00f3zef, z rodu Dawida; a Dziewicy by\u0142o na imi\u0119 Maryja.28 Anio\u0142 wszed\u0142 do Niej i rzek\u0142: &hellip; <a href=\"https:\/\/poezjaiewangelia.pl\/?page_id=5028\" class=\"more-link\">Czytaj dalej <span class=\"screen-reader-text\">Uroczysto\u015b\u0107 Niepokalanego Pocz\u0119cia Naj\u015bwi\u0119tszej Maryi Panny rok ABC; (8.12)<\/span><\/a><\/p>\n","protected":false},"author":1,"featured_media":0,"parent":140,"menu_order":4,"comment_status":"closed","ping_status":"closed","template":"","meta":{"_monsterinsights_skip_tracking":false,"_monsterinsights_sitenote_active":false,"_monsterinsights_sitenote_note":"","_monsterinsights_sitenote_category":0,"footnotes":""},"class_list":["post-5028","page","type-page","status-publish","hentry"],"aioseo_notices":[],"_links":{"self":[{"href":"https:\/\/poezjaiewangelia.pl\/index.php?rest_route=\/wp\/v2\/pages\/5028","targetHints":{"allow":["GET"]}}],"collection":[{"href":"https:\/\/poezjaiewangelia.pl\/index.php?rest_route=\/wp\/v2\/pages"}],"about":[{"href":"https:\/\/poezjaiewangelia.pl\/index.php?rest_route=\/wp\/v2\/types\/page"}],"author":[{"embeddable":true,"href":"https:\/\/poezjaiewangelia.pl\/index.php?rest_route=\/wp\/v2\/users\/1"}],"replies":[{"embeddable":true,"href":"https:\/\/poezjaiewangelia.pl\/index.php?rest_route=%2Fwp%2Fv2%2Fcomments&post=5028"}],"version-history":[{"count":12,"href":"https:\/\/poezjaiewangelia.pl\/index.php?rest_route=\/wp\/v2\/pages\/5028\/revisions"}],"predecessor-version":[{"id":10041,"href":"https:\/\/poezjaiewangelia.pl\/index.php?rest_route=\/wp\/v2\/pages\/5028\/revisions\/10041"}],"up":[{"embeddable":true,"href":"https:\/\/poezjaiewangelia.pl\/index.php?rest_route=\/wp\/v2\/pages\/140"}],"wp:attachment":[{"href":"https:\/\/poezjaiewangelia.pl\/index.php?rest_route=%2Fwp%2Fv2%2Fmedia&parent=5028"}],"curies":[{"name":"wp","href":"https:\/\/api.w.org\/{rel}","templated":true}]}}