{"id":5192,"date":"2018-11-12T13:09:51","date_gmt":"2018-11-12T13:09:51","guid":{"rendered":"https:\/\/poezjaiewangelia.pl\/?page_id=5192"},"modified":"2022-07-19T18:31:39","modified_gmt":"2022-07-19T17:31:39","slug":"niedziele-zwykle-8-12","status":"publish","type":"page","link":"https:\/\/poezjaiewangelia.pl\/?page_id=5192","title":{"rendered":"Niedziele zwyk\u0142e 8 &#8211; 12"},"content":{"rendered":"\n<p><span style=\"color: #ffff00;\">i<a id=\"S5192\"><\/a><\/span><\/p>\n\n\n<div class=\"wp-block-image\">\n<figure class=\"aligncenter size-large is-resized\"><a href=\"https:\/\/commons.wikimedia.org\/wiki\/File:Last_supper-Philippe_de_Champaigne-MBA_Lyon_A40-IMG_0397.jpg\" target=\"_blank\" rel=\"noopener noreferrer\"><img loading=\"lazy\" decoding=\"async\" src=\"https:\/\/poezjaiewangelia.pl\/wp-content\/uploads\/2018\/11\/JUANES-Juan-de-Ostatnia-Wieczerza-1024x647.jpg\" alt=\"Juan de Juanes Ostatnia Wieczerza\" class=\"wp-image-5364\" width=\"539\" height=\"340\" title=\"Juan de Juanes Ostatnia Wieczerza\"\/><\/a><figcaption><center><em>Juan de Juanes  Ostatnia Wieczerza<\/em><\/center><\/figcaption><\/figure>\n<\/div>\n\n<div class=\"wp-block-image\">\n<figure class=\"alignleft size-large is-resized\"><img loading=\"lazy\" decoding=\"async\" src=\"https:\/\/poezjaiewangelia.pl\/wp-content\/uploads\/2018\/11\/Zielona-r\u00f3\u017ca-e1587421321818.png\" alt=\"Zielona r\u00f3\u017ca\" class=\"wp-image-4943\" width=\"113\" height=\"113\"\/><figcaption>Kolor szat<\/figcaption><\/figure>\n<\/div>\n\n\n<p>\u00a0<\/p>\n<p><span style=\"color: #1e73be;\"><a style=\"color: #1e73be;\" href=\"https:\/\/poezjaiewangelia.pl\/?page_id=5206#S5206\">8 Niedziela zwyk\u0142a rok A, B, C;<\/a>\u00a0\u00a0<a style=\"color: #1e73be;\" href=\"https:\/\/poezjaiewangelia.pl\/?page_id=5213#S5213\">9 Niedziela zwyk\u0142a rok A, B, C;<\/a>\u00a0\u00a0<a style=\"color: #1e73be;\" href=\"https:\/\/poezjaiewangelia.pl\/?page_id=5223#S5223\">10 Niedziela zwyk\u0142a rok A, B, C;\u00a0<\/a>\u00a0<a style=\"color: #1e73be;\" href=\"https:\/\/poezjaiewangelia.pl\/?page_id=5236#S5236\">11 Niedziela zwyk\u0142a rok A, B, C;\u00a0<\/a>\u00a0<a style=\"color: #1e73be;\" href=\"https:\/\/poezjaiewangelia.pl\/?page_id=5248#S5248\">12 Niedziela zwyk\u0142a rok A, B, C;<\/a><\/span><\/p>\n<p><span style=\"color: #1e73be;\"><a style=\"color: #1e73be;\" href=\"https:\/\/poezjaiewangelia.pl\/?page_id=61#S61\">Powr\u00f3t do Niedziele zwyk\u0142e\u00a0<\/a>\u00a0\u00a0<\/span><a style=\"color: #1e73be;\" href=\"https:\/\/poezjaiewangelia.pl\/?page_id=703#S703\">Powr\u00f3t do Linki<\/a><\/p>\n<p>\u00a0<\/p>\n\n\n\n<figure class=\"wp-block-image size-full\"><a href=\"https:\/\/www.wga.hu\/html\/a\/angelico\/00\/11fieso1.html\" target=\"_blank\" rel=\"noopener\"><img loading=\"lazy\" decoding=\"async\" width=\"2410\" height=\"350\" src=\"https:\/\/poezjaiewangelia.pl\/wp-content\/uploads\/2018\/11\/Fra-Angelico-Predella-w-o\u0142tarzu-San-Domenico-w-Fiesole.jpg\" alt=\"Fra Angelico Predella w o\u0142tarzu San Domenico w Fiesole\" class=\"wp-image-5546\"\/><\/a><figcaption>Fra Angelico <em>Predella w o\u0142tarzu San Domenico w Fiesole<\/em><\/figcaption><\/figure>\n","protected":false},"excerpt":{"rendered":"<p>i \u00a0 8 Niedziela zwyk\u0142a rok A, B, C;\u00a0\u00a09 Niedziela zwyk\u0142a rok A, B, C;\u00a0\u00a010 Niedziela zwyk\u0142a rok A, B, C;\u00a0\u00a011 Niedziela zwyk\u0142a rok A, B, C;\u00a0\u00a012 Niedziela zwyk\u0142a rok A, B, C; Powr\u00f3t do Niedziele zwyk\u0142e\u00a0\u00a0\u00a0Powr\u00f3t do Linki \u00a0<\/p>\n","protected":false},"author":1,"featured_media":0,"parent":61,"menu_order":2,"comment_status":"closed","ping_status":"closed","template":"","meta":{"_monsterinsights_skip_tracking":false,"_monsterinsights_sitenote_active":false,"_monsterinsights_sitenote_note":"","_monsterinsights_sitenote_category":0,"footnotes":""},"class_list":["post-5192","page","type-page","status-publish","hentry"],"aioseo_notices":[],"_links":{"self":[{"href":"https:\/\/poezjaiewangelia.pl\/index.php?rest_route=\/wp\/v2\/pages\/5192","targetHints":{"allow":["GET"]}}],"collection":[{"href":"https:\/\/poezjaiewangelia.pl\/index.php?rest_route=\/wp\/v2\/pages"}],"about":[{"href":"https:\/\/poezjaiewangelia.pl\/index.php?rest_route=\/wp\/v2\/types\/page"}],"author":[{"embeddable":true,"href":"https:\/\/poezjaiewangelia.pl\/index.php?rest_route=\/wp\/v2\/users\/1"}],"replies":[{"embeddable":true,"href":"https:\/\/poezjaiewangelia.pl\/index.php?rest_route=%2Fwp%2Fv2%2Fcomments&post=5192"}],"version-history":[{"count":27,"href":"https:\/\/poezjaiewangelia.pl\/index.php?rest_route=\/wp\/v2\/pages\/5192\/revisions"}],"predecessor-version":[{"id":10059,"href":"https:\/\/poezjaiewangelia.pl\/index.php?rest_route=\/wp\/v2\/pages\/5192\/revisions\/10059"}],"up":[{"embeddable":true,"href":"https:\/\/poezjaiewangelia.pl\/index.php?rest_route=\/wp\/v2\/pages\/61"}],"wp:attachment":[{"href":"https:\/\/poezjaiewangelia.pl\/index.php?rest_route=%2Fwp%2Fv2%2Fmedia&parent=5192"}],"curies":[{"name":"wp","href":"https:\/\/api.w.org\/{rel}","templated":true}]}}