{"id":5302,"date":"2018-11-14T22:23:59","date_gmt":"2018-11-14T22:23:59","guid":{"rendered":"https:\/\/poezjaiewangelia.pl\/?page_id=5302"},"modified":"2022-12-05T21:00:41","modified_gmt":"2022-12-05T20:00:41","slug":"15-niedziela-zwykla-rok-a-b-c","status":"publish","type":"page","link":"https:\/\/poezjaiewangelia.pl\/?page_id=5302","title":{"rendered":"15 Niedziela zwyk\u0142a rok A, B, C;"},"content":{"rendered":"\n<p><span style=\"color: #ffff00;\">i <a id=\"S5302\"><\/a><a id=\"Gora\"><\/a><\/span><\/p>\n\n\n<div class=\"wp-block-image\">\n<figure class=\"aligncenter size-large is-resized\"><a href=\"https:\/\/www.wga.hu\/frames-e.html?\/html\/t\/tintoret\/4_1570s\/3galilee.html\" target=\"_blank\" rel=\"noopener noreferrer\"><img loading=\"lazy\" decoding=\"async\" src=\"https:\/\/poezjaiewangelia.pl\/wp-content\/uploads\/2018\/11\/Tintoretto-Chrystus-na-Morzu-Galilejskim-1024x700.jpg\" alt=\"Tintoretto Chrystus na Morzu Galilejskim\" class=\"wp-image-5304\" width=\"509\" height=\"348\" title=\"Tintoretto Chrystus na Morzu Galilejskim\"\/><\/a><figcaption class=\"wp-element-caption\"><center><em>Tintoretto Chrystus na Morzu Galilejskim<\/em><\/center><\/figcaption><\/figure>\n<\/div>\n\n<div class=\"wp-block-image\">\n<figure class=\"alignright size-large is-resized\"><img loading=\"lazy\" decoding=\"async\" src=\"https:\/\/poezjaiewangelia.pl\/wp-content\/uploads\/2018\/11\/Zielona-r\u00f3\u017ca-e1587421321818.png\" alt=\"Zielona r\u00f3\u017ca\" class=\"wp-image-4943\" width=\"113\" height=\"113\"\/><figcaption class=\"wp-element-caption\">Kolor szat<\/figcaption><\/figure>\n<\/div>\n\n\n<hr class=\"wp-block-separator has-text-color has-luminous-vivid-amber-color has-css-opacity has-luminous-vivid-amber-background-color has-background is-style-dots\"\/>\n\n\n\n<p><span style=\"color: #1e73be;\"><a style=\"color: #1e73be;\" href=\"https:\/\/poezjaiewangelia.pl\/?page_id=5302#NZ15A\">15 Niedziela zwyk\u0142a rok A&nbsp;&nbsp;<\/a>&nbsp;&nbsp;&nbsp;<a style=\"color: #1e73be;\" href=\"https:\/\/poezjaiewangelia.pl\/?page_id=5302#NZ15B\">15 Niedziela zwyk\u0142a rok B<\/a>&nbsp;&nbsp;&nbsp;&nbsp;&nbsp;<a style=\"color: #1e73be;\" href=\"https:\/\/poezjaiewangelia.pl\/?page_id=5302#NZ15C\">15 Niedziela zwyk\u0142a rok C<\/a><\/span><\/p>\n\n\n\n<hr class=\"wp-block-separator has-text-color has-luminous-vivid-amber-color has-css-opacity has-luminous-vivid-amber-background-color has-background is-style-dots\"\/>\n\n\n\n<p><span style=\"color: #1e73be;\"><a style=\"color: #1e73be;\" href=\"https:\/\/poezjaiewangelia.pl\/?page_id=61#S61\">Powr\u00f3t do Niedziele zwyk\u0142e<\/a>, <a style=\"color: #1e73be;\" href=\"https:\/\/poezjaiewangelia.pl\/?page_id=5268#S5268\">Niedziele zwyk\u0142e 13 \u2013 18,<\/a>&nbsp; <\/span><a id=\"NZ15A\"><\/a><span style=\"color: #1e73be;\">&nbsp;<a style=\"color: #1e73be;\" href=\"https:\/\/poezjaiewangelia.pl\/?page_id=703#S703\"><span style=\"color: #1e73be;\">Powr\u00f3t do Linki<\/span><\/a><\/span><\/p>\n\n\n<div class=\"wp-block-image\">\n<figure class=\"alignleft size-large\"><a href=\"https:\/\/pl.wikipedia.org\/w\/index.php?title=Plik:Labarum.png&amp;filetimestamp=20050723191929\" target=\"_blank\" rel=\"noopener noreferrer\"><img loading=\"lazy\" decoding=\"async\" width=\"100\" height=\"100\" src=\"https:\/\/poezjaiewangelia.pl\/wp-content\/uploads\/2015\/12\/Labarum-Krzyz-Konstantyna-A1.jpg\" alt=\"Labarum Krzy\u017c Konstantyna\" class=\"wp-image-422\" title=\"Labarum Krzy\u017c Konstantyna\"\/><\/a><\/figure>\n<\/div>\n\n\n<hr class=\"wp-block-separator has-text-color has-luminous-vivid-amber-color has-css-opacity has-luminous-vivid-amber-background-color has-background is-style-dots\"\/>\n\n\n\n<p><strong>15 NZ rok A: Ewangelia: Mt 13, 1 \u2013 23;<\/strong><\/p>\n\n\n\n<h2 class=\"wp-block-heading\"><span style=\"color:#008000\" class=\"has-inline-color\">S\u0142owo Bo\u017ce<\/span><\/h2>\n\n\n<div class=\"wp-block-image\">\n<figure class=\"alignleft size-large is-resized\"><a href=\"https:\/\/www.wga.hu\/cgi-bin\/highlight.cgi?file=html\/f\/feti\/parable3.html&amp;find=the+sower\" target=\"_blank\" rel=\"noopener noreferrer\"><img loading=\"lazy\" decoding=\"async\" src=\"https:\/\/poezjaiewangelia.pl\/wp-content\/uploads\/2020\/05\/Domenico-Pettti-Przypowie\u015b\u0107-o-siewcy.jpg\" alt=\"Domenico Pettti Przypowie\u015b\u0107 o siewcy\" class=\"wp-image-7951\" width=\"323\" height=\"441\" title=\"Domenico Pettti Przypowie\u015b\u0107 o siewcy\" srcset=\"https:\/\/poezjaiewangelia.pl\/wp-content\/uploads\/2020\/05\/Domenico-Pettti-Przypowie\u015b\u0107-o-siewcy.jpg 293w, https:\/\/poezjaiewangelia.pl\/wp-content\/uploads\/2020\/05\/Domenico-Pettti-Przypowie\u015b\u0107-o-siewcy-220x300.jpg 220w\" sizes=\"auto, (max-width: 323px) 100vw, 323px\" \/><\/a><figcaption class=\"wp-element-caption\"><center><em>Domenico Pettti Przypowie\u015b\u0107 o siewcy<\/em><\/center><\/figcaption><\/figure>\n<\/div>\n\n\n<p><strong>Przypowie\u015b\u0107 o siewcy<\/strong><\/p>\n<p>1 Owego dnia Jezus wyszed\u0142 z domu i usiad\u0142 nad jeziorem.<br>2 Wnet zebra\u0142y si\u0119 ko\u0142o Niego t\u0142umy tak wielkie, \u017ce wszed\u0142 do \u0142odzi i usiad\u0142, a ca\u0142y lud sta\u0142 na brzegu.<br>3 I m\u00f3wi\u0142 im wiele w przypowie\u015bciach* tymi s\u0142owami: \u00abOto siewca wyszed\u0142 sia\u0107.<br>4 A gdy sia\u0142, niekt\u00f3re [ziarna] pad\u0142y na drog\u0119, nadlecia\u0142y ptaki i wydzioba\u0142y je.<br>5 Inne pad\u0142y na miejsca skaliste, gdzie niewiele mia\u0142y ziemi; i wnet powschodzi\u0142y, bo gleba nie by\u0142a g\u0142\u0119boka.<br>6 Lecz gdy s\u0142o\u0144ce wzesz\u0142o, przypali\u0142y si\u0119 i usch\u0142y, bo nie mia\u0142y korzenia.<br>7 Inne znowu pad\u0142y mi\u0119dzy ciernie, a ciernie wybuja\u0142y i zag\u0142uszy\u0142y je.<br>8 Inne w ko\u0144cu pad\u0142y na ziemi\u0119 \u017cyzn\u0105 i plon wyda\u0142y, jedno stokrotny, drugie sze\u015b\u0107dziesi\u0119ciokrotny, a inne trzydziestokrotny.<br>9 Kto ma uszy, niechaj s\u0142ucha!\u00bb.<\/p>\n<p><strong>Cel przypowie\u015bci<\/strong><\/p>\n<p>10 Przyst\u0105pili do Niego uczniowie i zapytali: \u00abDlaczego w przypowie\u015bciach m\u00f3wisz do nich?\u00bb<br>11 On im odpowiedzia\u0142: \u00abWam dano pozna\u0107 tajemnice kr\u00f3lestwa niebieskiego, im za\u015b nie dano*.<br>12 Bo kto ma, temu b\u0119dzie dodane, i nadmiar mie\u0107 b\u0119dzie; kto za\u015b nie ma, temu zabior\u0105 r\u00f3wnie\u017c to, co ma.<br>13 Dlatego m\u00f3wi\u0119 do nich w przypowie\u015bciach, \u017ce otwartymi oczami nie widz\u0105 i otwartymi uszami nie s\u0142ysz\u0105 ani nie rozumiej\u0105.<br>14 Tak spe\u0142nia si\u0119 na nich przepowiednia Izajasza*:<br>S\u0142ucha\u0107 b\u0119dziecie, a nie zrozumiecie,<br>patrze\u0107 b\u0119dziecie, a nie zobaczycie.<br>15 Bo stwardnia\u0142o serce tego ludu,<br>ich uszy st\u0119pia\u0142y i oczy swe zamkn\u0119li,<br>\u017ceby oczami nie widzieli ani uszami nie s\u0142yszeli,<br>ani swym sercem nie rozumieli: i nie nawr\u00f3cili si\u0119, abym ich uzdrowi\u0142.<br>16 Lecz szcz\u0119\u015bliwe oczy wasze, \u017ce widz\u0105, i uszy wasze, \u017ce s\u0142ysz\u0105.<br>17 Bo zaprawd\u0119, powiadam wam: Wielu prorok\u00f3w i sprawiedliwych pragn\u0119\u0142o ujrze\u0107 to, na co wy patrzycie, a nie ujrzeli; i us\u0142ysze\u0107 to, co wy s\u0142yszycie, a nie us\u0142yszeli.<\/p>\n<p><strong>Wyja\u015bnienie przypowie\u015bci o siewcy<\/strong><\/p>\n<p><span style=\"color: #993300;\"><strong>18 Wy zatem pos\u0142uchajcie przypowie\u015bci o siewcy!<\/strong><\/span><br><span style=\"color: #993300;\"><strong>19 Do ka\u017cdego, kto s\u0142ucha s\u0142owa o kr\u00f3lestwie, a nie rozumie go, przychodzi Z\u0142y i porywa to, co zasiane jest w jego sercu. Takiego cz\u0142owieka oznacza ziarno posiane na drodze.<\/strong><\/span><br><span style=\"color: #993300;\"><strong>20 Posiane na miejsce skaliste oznacza tego, kto s\u0142ucha s\u0142owa i natychmiast z rado\u015bci\u0105 je przyjmuje;<\/strong><\/span><br><span style=\"color: #993300;\"><strong>21 ale nie ma w sobie korzenia, lecz jest niesta\u0142y. Gdy przyjdzie ucisk lub prze\u015bladowanie z powodu s\u0142owa, zaraz si\u0119 za\u0142amuje.<\/strong><\/span><br><span style=\"color: #993300;\"><strong>22 Posiane mi\u0119dzy ciernie oznacza tego, kto s\u0142ucha s\u0142owa, lecz troski doczesne i u\u0142uda bogactwa zag\u0142uszaj\u0105 s\u0142owo, tak \u017ce zostaje bezowocne.<\/strong><\/span><br><span style=\"color: #993300;\"><strong>23 Posiane w ko\u0144cu na ziemi\u0119 \u017cyzn\u0105 oznacza tego, kto s\u0142ucha s\u0142owa i rozumie je. On te\u017c wydaje plon: jeden stokrotny, drugi sze\u015b\u0107dziesi\u0119ciokrotny, inny trzydziestokrotny\u00bb.<\/strong><\/span><\/p>\n\n\n\n<h2 class=\"wp-block-heading\"><span style=\"color:#008000\" class=\"has-inline-color\">Refleksja<\/span><\/h2>\n\n\n\n<p><strong>Wojciech B\u0105k<\/strong><\/p>\n\n\n\n<p><strong>*&nbsp; *&nbsp; *<\/strong><br>Korzenie moje w Tobie. Ty\u015b jest moj\u0105 gleb\u0105.<br>W Tobie czuwa me m\u0119stwo, w Tobie spok\u00f3j drzemie.<br>Ty\u015b mi da\u0142 dom wieczno\u015bci, w kt\u00f3r\u0105 wst\u0105pi\u0119: w niebo,<br>Ty\u015b mi da\u0142 schron i drog\u0119, na kt\u00f3rej trwam: ziemi\u0119.<\/p>\n\n\n\n<p>Wyros\u0142em s\u0142owem Twoim z nico\u015bci zbudzony \u2014<br>Pozna\u0142em dnie zachwytu i rozpaczy noce.<br>Kwitn\u0105\u0142em, kiedy\u015b kaza\u0142 \u2014 opadn\u0119 skruszony,<br>Twoje s\u0105 moje kwiaty, Twoje me owoce.<\/p>\n\n\n<div class=\"wp-block-image\">\n<figure class=\"alignright size-large is-resized\"><a href=\"https:\/\/www.wga.hu\/framex-e.html?file=html\/b\/bruegel\/pieter_e\/01\/20other.html&amp;find=Sower\" target=\"_blank\" rel=\"noopener noreferrer\"><img loading=\"lazy\" decoding=\"async\" src=\"https:\/\/poezjaiewangelia.pl\/wp-content\/uploads\/2015\/12\/Pieter-Bruegel-Starszy-Siewca-e1462301559419.jpg\" alt=\"Pieter Bruegel Starszy Siewca\" class=\"wp-image-2485\" width=\"423\" height=\"297\" title=\"Pieter Bruegel Starszy Siewca\"\/><\/a><figcaption class=\"wp-element-caption\"><center><em>Pieter Bruegel Starszy Siewca<\/em><\/center><\/figcaption><\/figure>\n<\/div>\n\n\n<p>Twoim siew m\u00f3j. Ty uchro\u0144, by nie zmarnia\u0142 podle \u2014<br>Ty\u015b by\u0142 str\u00f3\u017cem, b\u0105d\u017a siewc\u0105. Tobie moje \u017cniwo.<br>Niczego ju\u017c nie pragn\u0119 i tylko si\u0119 modl\u0119,<br>By wola Twa si\u0119 sta\u0142a w niej jest sprawiedliwo\u015b\u0107.<\/p>\n\n\n\n<p>Ci\u0119\u017ckie \u017cycie, lecz z Tob\u0105 jest \u0142atwe i lekkie,<br>Ci\u0119\u017cka \u015bmier\u0107, ale z Tob\u0105 czu\u0142a jest jak zorze \u2014<br>Dobrze by\u0142o, \u017ce\u015b \u017cyciem otwar\u0142 me powieki,<br>Dobrze b\u0119dzie, gdy zamkn\u0119 je. Str\u00f3\u017cu m\u00f3j \u2014 Bo\u017ce.<\/p>\n\n\n\n<p><em><strong>\u00abZ g\u0142\u0119boko\u015bci\u2026Antologia polskiej modlitwy poetyckiej\u00bb, T. 2, Warszawa 1974, str. 227<\/strong><\/em><\/p>\n\n\n\n<p><strong>Lusia Ogi\u0144ska<\/strong><\/p>\n\n\n\n<p><em><strong>Siewca i ziarna<\/strong><\/em><\/p>\n\n\n\n<p><em>(Ewangelia wed\u0142ug \u015bw. Mateusza: 13, 1\u20149)&nbsp;<\/em><\/p>\n\n\n\n<p>I oto siewca wyszed\u0142 sia\u0107.<br>Ziarna na drog\u0119 upada\u0142<br>srebrne \u0142upiny zrywa\u0142 wiatr,<br>a resztki ptaki wyzbiera\u0142y.<\/p>\n\n\n\n<p>A m\u0105dry siewca dalej sia\u0142,<br>tam, gdzie niewiele by\u0142o Ziemi,<br>ziarna gin\u0119\u0142y po\u015br\u00f3d ska\u0142<br>nim p\u0119d si\u0119 zd\u0105\u017cy\u0142 zazieleni\u0107.<\/p>\n\n\n\n<p>A siewca sia\u0142 pomimo to,<br>ziarno pada\u0142o po\u015br\u00f3d ciernie,<br>chwasty oplot\u0142y s\u0142aby k\u0142os,<br>wino dusi\u0142o go \u015bmiertelnie \u2026<\/p>\n\n\n\n<p>Tym Siewc\u0105 jest cierpliwy B\u00f3g.<br>on sieje ziarno ka\u017cd\u0105 por\u0105,<br>a ono le\u017cy po\u015br\u00f3d dr\u00f3g,<br>a\u017c diably-ptaki go wybior\u0105.<\/p>\n\n\n\n<p>Gdy pada na wyschni\u0119t\u0105 ska\u0142\u0119,<br>korzenie ziarna tkwi\u0105 w p\u0142yci\u017anie,<br>nie wzrasta w wiar\u0119 \u2014 lecz w niewiar\u0119,<br>gdy cz\u0142owiek duszy nie u\u017cy\u017ani\u0142.<\/p>\n\n\n\n<p>Tak sieje ziarno Sprawiedliwy,<br>pl\u0105cz\u0105 si\u0119 k\u0142osy w ciemnym winie,<br>k\u0142opoty pal\u0105 jak pokrzywy,<br>a w troskach-cierniach owoc zginie.<\/p>\n\n\n\n<p>Siewca wci\u0105\u017c ziarno rzuca w \u015bwiat,<br>gdy w ko\u0144cu trafi w \u017cyzn\u0105 gleb\u0119,<br>to strzela urodzajny kwiat,<br>k\u0142os si\u0119 ko\u0142ysze tu\u017c pod niebem.<br>\u2026\u2026\u2026\u2026\u2026\u2026\u2026\u2026\u2026\u2026.<br>\u2026\u2026\u2026\u2026\u2026\u2026\u2026\u2026\u2026\u2026.<br>K\u0142os taki wyda szczodre plony,<br>kt\u00f3re umacnia\u0107 b\u0119d\u0105 wiar\u0119\u2026<br>Siewca nad k\u0142osem pochylony<br>\u2014 pob\u0142ogos\u0142awi ka\u017cde z ziaren.<\/p>\n\n\n\n<p><em><strong>\u00ab\u015aladami Ewangelii\u00bb, Radom 2008, str. 18<\/strong><\/em><\/p>\n\n\n\n<p><strong>Maria Imelda Kosmala<\/strong><\/p>\n\n\n\n<p><em><strong>Pytania<\/strong><\/em><\/p>\n\n\n\n<p>Ile mi jeszcze pozosta\u0142o krok\u00f3w<br>do granic g\u0142osu kt\u00f3ry mi\u0119 przyzywa<br>ile mi jeszcze trzeba wychylenia<br>bym zajrze\u0107 mog\u0142a w cudown\u0105 daleko\u015b\u0107<br>ile t\u0119sknoty \u017ceby pierwszym \u017carem<br>dopa\u015b\u0107 ostatniego<br>ile nadziei \u017ce si\u0119 dope\u0142ni<br>miara i pora najodpowiedniejsza<br>ile ciemno\u015bci zg\u0119szczonego mroku<br>poprzedzi rzeczywisto\u015b\u0107 brzasku<br>ile prostoty \u017ceby bez paniki<br>u\u015bciska\u0107 \u015bmier\u0107 jak siostr\u0119 mleczn\u0105<br>ilu braciom zd\u0105\u017c\u0119 poda\u0107 w biegu iskr\u0119 \u015bwi\u0119t\u0105<br>a\u017c si\u0119 w po\u017car zmieni<br>ile upartej zuchwa\u0142o\u015bci dziecka<br>by wci\u0105\u017c si\u0119 wspina\u0107 na zbyt wysoki pr\u00f3g domu<br>ile bia\u0142ych plam na mapie swego serca<br>trzeba mi jeszcze zaludni\u0107 i ochrzci\u0107<br>ile niesko\u0144czono\u015bci \u2014<br>zmie\u015bci\u0107 w ziarnku czasu<\/p>\n\n\n\n<p><em><strong>\u00abKu twarzy w\u0119druj\u0119\u00bb, Warszawa 1997, str. 169<\/strong><\/em><\/p>\n\n\n<div class=\"wp-block-image\">\n<figure class=\"alignright size-large is-resized\"><a href=\"https:\/\/www.wga.hu\/framex-e.html?file=html\/g\/gogh_van\/08\/1arles10.html&amp;find=the+sower\" target=\"_blank\" rel=\"noopener noreferrer\"><img loading=\"lazy\" decoding=\"async\" src=\"https:\/\/poezjaiewangelia.pl\/wp-content\/uploads\/2020\/05\/Vincent-van-Gogh-Siewca.jpg\" alt=\"Vincent van Gogh Siewca\" class=\"wp-image-7953\" width=\"408\" height=\"319\" title=\"Vincent van Gogh Siewca\" srcset=\"https:\/\/poezjaiewangelia.pl\/wp-content\/uploads\/2020\/05\/Vincent-van-Gogh-Siewca.jpg 400w, https:\/\/poezjaiewangelia.pl\/wp-content\/uploads\/2020\/05\/Vincent-van-Gogh-Siewca-300x235.jpg 300w\" sizes=\"auto, (max-width: 408px) 100vw, 408px\" \/><\/a><figcaption class=\"wp-element-caption\"><center><em>Vincent van Gogh Siewca<\/em><\/center><\/figcaption><\/figure>\n<\/div>\n\n\n<p><strong>Maria Imelda Kosmala<\/strong><\/p>\n\n\n\n<p><em><strong>Ulica<\/strong><\/em><\/p>\n\n\n\n<p>Twarde kraw\u0119dzie ulic<br>spi\u0119trzone kamienie dom\u00f3w<br>W \u015bliski asfalt drogi<br>wiewa si\u0119 fala taks\u00f3wek<\/p>\n\n\n\n<p>Przyp\u0142yw i odp\u0142yw<\/p>\n\n\n\n<p>Ludzie jak owady<br>gnaj\u0105 niepokojem<br>farbowanych w\u0142os\u00f3w<br>krzycz\u0105 czerwonym sztandarem ust<br>depcz\u0105 przerw\u0119 ruchu<br>pospiesznymi krokami<br>ku zielonym \u015bwiat\u0142om<\/p>\n\n\n\n<p>My\u015bl\u0105ce marionetki<\/p>\n\n\n\n<p>Tramwaje jak r\u00f3j pszczeli<br>lec\u0105 przed siebie<br>brz\u0119cz\u0105<br>w elektryczn\u0105 schwytane sie\u0107<br>p\u0119kate od ludzkich cia\u0142<\/p>\n\n\n\n<p>Kamienne twarze dom\u00f3w<br>patrz\u0105 bielmem martwych szyb<br>Czarne nietoperze bram<br>krzycz\u0105 noc w dzie\u0144<\/p>\n\n\n\n<p>D o k \u0105 d ?<\/p>\n\n\n\n<p>Tylko ciemna twarz Nieba<br>pochylona milionem stroskanych gwiazd<br>wie dok\u0105d toczy si\u0119<br>zgubiona drachma \u2014<br>cz\u0142owiek<br>co wypad\u0142 z Ewangelii<\/p>\n\n\n\n<p><em><strong>\u00abKu twarzy w\u0119druj\u0119\u00bb, Warszawa 1997, str. 19<\/strong><\/em><\/p>\n\n\n\n<p class=\"has-text-align-center\"><a href=\"https:\/\/poezjaiewangelia.pl\/?page_id=5302&amp;preview_id=5302#Gora\"><span style=\"color:#1e73be\" class=\"has-inline-color\">Do g\u00f3ry<\/span><\/a><\/p>\n\n\n\n<p><span style=\"color: #1e73be;\"><a style=\"color: #1e73be;\" href=\"https:\/\/poezjaiewangelia.pl\/?page_id=61#S61\">Powr\u00f3t do Niedziele zwyk\u0142e<\/a>&nbsp;&nbsp;<\/span><a id=\"NZ15B\"><\/a><span style=\"color: #1e73be;\">&nbsp;&nbsp;&nbsp;<a style=\"color: #1e73be;\" href=\"https:\/\/poezjaiewangelia.pl\/?page_id=703#S703\">Powr\u00f3t do Linki<\/a><\/span><\/p>\n\n\n<div class=\"wp-block-image\">\n<figure class=\"alignleft size-large\"><a href=\"https:\/\/pl.wikipedia.org\/w\/index.php?title=Plik:Labarum.png&amp;filetimestamp=20050723191929\" target=\"_blank\" rel=\"noopener noreferrer\"><img loading=\"lazy\" decoding=\"async\" width=\"100\" height=\"100\" src=\"https:\/\/poezjaiewangelia.pl\/wp-content\/uploads\/2015\/12\/Labarum-Krzyz-Konstantyna-C1.jpg\" alt=\"Labarum Krzy\u017c Konstantyna\" class=\"wp-image-424\" title=\"Labarum Krzy\u017c Konstantyna\"\/><\/a><\/figure>\n<\/div>\n\n\n<hr class=\"wp-block-separator has-text-color has-luminous-vivid-amber-color has-css-opacity has-luminous-vivid-amber-background-color has-background is-style-dots\"\/>\n\n\n\n<p><strong>15 NZ rok B: Ewangelia: Mk 6, 7 \u2013 13;<\/strong><\/p>\n\n\n\n<h2 class=\"wp-block-heading\"><span style=\"color:#008000\" class=\"has-inline-color\">S\u0142owo Bo\u017ce<\/span><\/h2>\n\n\n\n<p><strong>Rozes\u0142anie Dwunastu<\/strong><\/p>\n<p>7 Nast\u0119pnie przywo\u0142a\u0142 do siebie Dwunastu i zacz\u0105\u0142 rozsy\u0142a\u0107 ich po dw\u00f3ch. Da\u0142 im te\u017c w\u0142adz\u0119 nad duchami nieczystymi<br>8 i przykaza\u0142 im, \u017ceby nic z sob\u0105 nie brali na drog\u0119 pr\u00f3cz laski: ani chleba, ani torby, ani pieni\u0119dzy w trzosie.<br>9 \u00abAle id\u017acie obuci w sanda\u0142y i nie wdziewajcie dw\u00f3ch sukien!\u00bb<br>10 I m\u00f3wi\u0142 do nich: \u00abGdy do jakiego domu wejdziecie, zosta\u0144cie tam, a\u017c stamt\u0105d wyjdziecie.<br>11 Je\u015bli w jakim miejscu was nie przyjm\u0105 i nie b\u0119d\u0105 s\u0142ucha\u0107, wychodz\u0105c stamt\u0105d strz\u0105\u015bnijcie proch z n\u00f3g waszych na \u015bwiadectwo dla nich!\u00bb<br><span style=\"color: #993300;\"><strong>12 Oni wi\u0119c wyszli i wzywali do nawr\u00f3cenia.<\/strong><\/span><br>13 Wyrzucali te\u017c wiele z\u0142ych duch\u00f3w oraz wielu chorych namaszczali olejem i uzdrawiali.<\/p>\n\n\n\n<h2 class=\"wp-block-heading\"><span style=\"color:#008000\" class=\"has-inline-color\">Refleksja<\/span><\/h2>\n\n\n<div class=\"wp-block-image\">\n<figure class=\"alignright size-large is-resized\"><a href=\"https:\/\/pl.wikipedia.org\/wiki\/Plik:Ghent_Altarpiece_D_-_Adoration_of_the_Lamb_2.jpg\" target=\"_blank\" rel=\"noopener noreferrer\"><img loading=\"lazy\" decoding=\"async\" src=\"https:\/\/poezjaiewangelia.pl\/wp-content\/uploads\/2015\/12\/d14746143a6a6fb5430030fbc419811e-e1461418927252.jpg\" alt=\"Jan van Eyck \u0179r\u00f3d\u0142o \u017cycia O\u0142tarz Gandawski\" class=\"wp-image-2544\" width=\"346\" height=\"478\" title=\"Jan van Eyck \u0179r\u00f3d\u0142o \u017cycia O\u0142tarz Gandawski\"\/><\/a><figcaption class=\"wp-element-caption\"><center><em>Jan van Eyck \u0179r\u00f3d\u0142o \u017cycia O\u0142tarz Gandawski<\/em><\/center><\/figcaption><\/figure>\n<\/div>\n\n\n<p><strong>Jan Zieli\u0144ski<\/strong><\/p>\n\n\n\n<p><em><strong>Testament<\/strong><\/em><\/p>\n\n\n\n<p>Zostawiam ci<br>wezwanie do nawr\u00f3cenia<br>nadziej\u0119 s\u0142owa o Baranku<br>i Jego Krwi<br>pragnienie spotkania<br>po przej\u015bciu<\/p>\n\n\n\n<p>a tak\u017ce Pie\u015b\u0144 nad Pie\u015bniami<br>do skrutacji<\/p>\n\n\n\n<p><em><strong>\u00abWiersze podarowane\u00bb, Warszawa 1994, str. 116<\/strong><\/em><\/p>\n\n\n\n<p><strong>Jan Twardowski<\/strong><\/p>\n\n\n\n<p><em><strong>pro\u015bba<\/strong><\/em><\/p>\n\n\n\n<p>\u017cyrafo dryblasie z tr\u00f3jk\u0105tn\u0105 g\u0142\u00f3wk\u0105<br>jamniczko z Poczw\u00f3rnym platfusem<br>wielb\u0142\u0105dzie kulfonie<br>mr\u00f3wko widoczna przez lup\u0119<br>kaczko p\u0142askonosa<br>dziobaku nietypowy co wy\u0142azisz z jaja<br>czaplo pi\u0119knie krzywa<br>nas grzesznik\u00f3w na duchu Podtrzymaj<br>ile pokrak bez wiary<\/p>\n\n\n\n<p><em><strong>\u00abnie przyszed\u0142em pana nawraca\u0107\u00bb, Warszawa 1986, str. 380<\/strong><\/em><\/p>\n\n\n\n<p class=\"has-text-align-center\"><a href=\"https:\/\/poezjaiewangelia.pl\/?page_id=5302&amp;preview_id=5302#Gora\"><span style=\"color:#1e73be\" class=\"has-inline-color\">Do g\u00f3ry<\/span><\/a><\/p>\n\n\n\n<p><span style=\"color: #1e73be;\"><a style=\"color: #1e73be;\" href=\"https:\/\/poezjaiewangelia.pl\/?page_id=61#S61\">Powr\u00f3t do Niedziele zwyk\u0142e<\/a>&nbsp;&nbsp;<\/span><a id=\"NZ15C\"><\/a><span style=\"color: #1e73be;\">&nbsp;&nbsp;&nbsp;<a style=\"color: #1e73be;\" href=\"https:\/\/poezjaiewangelia.pl\/?page_id=703#S703\">Powr\u00f3t do Linki<\/a><\/span><\/p>\n\n\n<div class=\"wp-block-image\">\n<figure class=\"alignleft size-large\"><a href=\"https:\/\/pl.wikipedia.org\/w\/index.php?title=Plik:Labarum.png&amp;filetimestamp=20050723191929\" target=\"_blank\" rel=\"noopener noreferrer\"><img loading=\"lazy\" decoding=\"async\" width=\"100\" height=\"100\" src=\"https:\/\/poezjaiewangelia.pl\/wp-content\/uploads\/2015\/12\/Labarum-Krzyz-Konstantyna-B1.jpg\" alt=\"Labarum Krzy\u017c Konstantyna\" class=\"wp-image-423\" title=\"Labarum Krzy\u017c Konstantyna\"\/><\/a><\/figure>\n<\/div>\n\n\n<hr class=\"wp-block-separator has-text-color has-luminous-vivid-amber-color has-css-opacity has-luminous-vivid-amber-background-color has-background is-style-dots\"\/>\n\n\n\n<p><strong>15 NZ rok C: Ewangelia: \u0141k 10, 25 \u2013 37;<\/strong><\/p>\n\n\n\n<h2 class=\"wp-block-heading\"><span style=\"color:#008000\" class=\"has-inline-color\">S\u0142owo Bo\u017ce<\/span><\/h2>\n\n\n\n<p><strong>Mi\u0142o\u015b\u0107 bli\u017aniego<\/strong><\/p>\n<p><span style=\"color: #993300;\"><strong>25 A oto powsta\u0142 jaki\u015b uczony w Prawie i wystawiaj\u0105c Go na pr\u00f3b\u0119, zapyta\u0142: \u00abNauczycielu, co mam czyni\u0107, aby osi\u0105gn\u0105\u0107 \u017cycie wieczne?\u00bb<\/strong><\/span><br \/><span style=\"color: #993300;\"><strong>26 Jezus mu odpowiedzia\u0142: \u00abCo jest napisane w Prawie? Jak czytasz?\u00bb<\/strong><\/span><br \/><span style=\"color: #993300;\"><strong>27 On rzek\u0142: B\u0119dziesz mi\u0142owa\u0142 Pana, Boga swego, ca\u0142ym swoim sercem, ca\u0142\u0105 swoj\u0105 dusz\u0105, ca\u0142\u0105 swoj\u0105 moc\u0105 i ca\u0142ym swoim umys\u0142em; a swego bli\u017aniego jak siebie samego*.<\/strong><\/span><br \/><span style=\"color: #993300;\"><strong>28 Jezus rzek\u0142 do niego: \u00abDobrze\u015b odpowiedzia\u0142. To czy\u0144, a b\u0119dziesz \u017cy\u0142\u00bb*.<\/strong><\/span><br \/><span style=\"color: #993300;\"><strong>29 Lecz on, chc\u0105c si\u0119 usprawiedliwi\u0107, zapyta\u0142 Jezusa: \u00abA kto jest moim bli\u017anim?\u00bb<\/strong><\/span><\/p>\n<p><strong>Mi\u0142osierny Samarytanin<\/strong><\/p>\n<p>30 Jezus nawi\u0105zuj\u0105c do tego, rzek\u0142: \u00abPewien cz\u0142owiek schodzi\u0142 z Jerozolimy do Jerycha i wpad\u0142 w r\u0119ce zb\u00f3jc\u00f3w. Ci nie tylko \u017ce go obdarli, lecz jeszcze rany mu zadali i zostawiwszy na p\u00f3\u0142 umar\u0142ego, odeszli.<br \/>31 Przypadkiem przechodzi\u0142 t\u0105 drog\u0105 pewien kap\u0142an; zobaczy\u0142 go i min\u0105\u0142.<br \/>32 Tak samo lewita, gdy przyszed\u0142 na to miejsce i zobaczy\u0142 go, min\u0105\u0142.<br \/>33 Pewien za\u015b Samarytanin, b\u0119d\u0105c w podr\u00f3\u017cy, przechodzi\u0142 r\u00f3wnie\u017c obok niego. Gdy go zobaczy\u0142, wzruszy\u0142 si\u0119 g\u0142\u0119boko:<br \/>34 podszed\u0142 do niego i opatrzy\u0142 mu rany, zalewaj\u0105c je oliw\u0105 i winem; potem wsadzi\u0142 go na swoje bydl\u0119, zawi\u00f3z\u0142 do gospody i piel\u0119gnowa\u0142 go.<br \/>35 Nast\u0119pnego za\u015b dnia wyj\u0105\u0142 dwa denary, da\u0142 gospodarzowi i rzek\u0142: \u201cMiej o nim staranie, a je\u015bli co wi\u0119cej wydasz, ja oddam tobie, gdy b\u0119d\u0119 wraca\u0142\u201d.<br \/><span style=\"color: #993300;\"><strong>36 Kt\u00f3ry\u017c z tych trzech okaza\u0142 si\u0119, wed\u0142ug twego zdania, bli\u017anim tego, kt\u00f3ry wpad\u0142 w r\u0119ce zb\u00f3jc\u00f3w?\u00bb<\/strong><\/span><br \/><span style=\"color: #993300;\"><strong>37 On odpowiedzia\u0142: \u00abTen, kt\u00f3ry mu okaza\u0142 mi\u0142osierdzie\u00bb. Jezus mu rzek\u0142: \u00abId\u017a, i ty czy\u0144 podobnie!\u00bb<\/strong><\/span><\/p>\n\n\n<div class=\"wp-block-image\">\n<figure class=\"aligncenter size-large is-resized\"><a href=\"https:\/\/pl.wikipedia.org\/wiki\/Plik:Rembrandt_Krajobraz_z_mi%C5%82osiernym_Samarytaninem.jpg\" target=\"_blank\" rel=\"noopener noreferrer\"><img loading=\"lazy\" decoding=\"async\" src=\"https:\/\/poezjaiewangelia.pl\/wp-content\/uploads\/2015\/12\/52ef662265e76b073c4a12cf09717cbc-e1459765509415.jpg\" alt=\"Rembrandt Krajobraz z mi\u0142osiernym Samarytaninem\" class=\"wp-image-2936\" width=\"519\" height=\"359\" title=\"Rembrandt Krajobraz z mi\u0142osiernym Samarytaninem\"\/><\/a><figcaption class=\"wp-element-caption\"><center><em>Rembrandt Krajobraz z mi\u0142osiernym Samarytaninem<\/em><\/center><\/figcaption><\/figure>\n<\/div>\n\n\n<h2 class=\"wp-block-heading\"><span style=\"color:#008000\" class=\"has-inline-color\">Refleksja<\/span><\/h2>\n\n\n\n<p><strong>Lusia Ogi\u0144ska<\/strong><\/p>\n\n\n\n<p><em><strong>Dobry Samarytanin<\/strong><\/em><br><em>&nbsp;&nbsp;&nbsp; (Ewangelia wed\u0142ug \u015bw. \u0141ukasza: 10, 30 \u2014 36)<\/em><\/p>\n\n\n\n<p>Zb\u00f3jcy napadli raz w\u0119drowca,<br>obdarli go i go obili!<br>Po\u015br\u00f3d pustyni, \u017caru, s\u0142o\u0144ca<br>na wp\u00f3\u0142 martwego zostawili\u2026<\/p>\n\n\n\n<p>Przechodzi\u0142 drog\u0105 kap\u0142an pewien,<br>on pierwszy dostrzeg\u0142 pobitego,<br>odwr\u00f3ci\u0142 g\u0142ow\u0119, rzek\u0142 do siebie:<br>trzeba pomodli\u0107 si\u0119 za niego!<br>I ruszy\u0142 mocno rozmodlony<br>nie patrz\u0105c na w\u0119drowca wcale.<br>Wiatry zawy\u0142y jak demony,<br>\u015bmia\u0142y si\u0119 hieny i szakale!<\/p>\n\n\n\n<p>Z Jerozolimy szed\u0142 lewita,<br>on te\u017c omin\u0105\u0142 posta\u0107 w mroku,<br>le\u017c\u0105c\u0105 cicho, krwi\u0105 obmyt\u0105\u2026<br>Lewita \u00f3w przy\u015bpieszy\u0142 kroku.<br>Za\u015bmia\u0142y si\u0119 szakale, hieny,<br>wiatry zawy\u0142y jak demony:<br>\u2014 My si\u0119 zajmiemy nim. . . zajmiemy,<br>Id\u017a, id\u017a. . . lewito zamy\u015blony!<\/p>\n\n\n\n<p>Samarytanin by\u0142 w podr\u00f3\u017cy,<br>widz\u0105c cz\u0142owieka pobitego,<br>zap\u0142aka\u0142 nad nim \u2014 i si\u0119 wzruszy\u0142,<br>oliw\u0105 przetar\u0142 rany jego.<\/p>\n\n\n\n<p>Posadzi\u0142 na jucznego os\u0142a,<br>dodawa\u0142 ducha mu, i wiary\u2026<br>I do gospody wi\u00f3d\u0142 w\u0119drowca\u2026<br>Dwa mi\u0142osierne da\u0142 denary!<br>Umilk\u0142y hieny i szakale,<br>wicher zatrzyma\u0142 si\u0119 w z\u0142ym p\u0119dzie,<br>tylko demony wy\u0142y dalej:<br>\u2014 0, b\u0105d\u017a przekl\u0119te, mi\u0142osierdzie!\u2026<\/p>\n\n\n\n<p>Kto by\u0142 naprawd\u0119 mi\u0142osierny?<br>Kto by\u0142 naprawd\u0119 Bogu wierny?<br>Czy kap\u0142an \u00f3w tak rozmodlony?<br>Czy \u00f3w lewita zamy\u015blony?<br>\u2026\u2026\u2026\u2026\u2026\u2026\u2026\u2026\u2026\u2026.<br>\u2026\u2026\u2026\u2026\u2026\u2026\u2026\u2026\u2026\u2026.<br>Czy ten nad cz\u0142ekiem pochylony,<br>kt\u00f3ry si\u0119 w mod\u0142ach swych nie gubi,<br>a nad cierpieniem urnie szlocha\u0107,<br>ten co nie musi wiele m\u00f3wi\u0107,<br>bo chce i urnie mocno kocha\u0107!<\/p>\n\n\n\n<p><em><strong>\u00ab\u015aladami Ewangelii\u00bb, Radom 2008, str. 45<\/strong><\/em><\/p>\n\n\n\n<p><strong>Roman Indrzejczyk<\/strong><\/p>\n\n\n\n<p><em><strong>Nikt nie zauwa\u017cy\u0142\u2026<\/strong><\/em><\/p>\n\n\n\n<p>Nie na ko\u0144cu \u015bwiata,<br>Lecz tu, obok Ciebie,<br>Skrzywdzono cz\u0142owieka\u2026<br>Nikt nie zauwa\u017cy\u0142 !<\/p>\n\n\n\n<p>Nieprawda, widzieli,<br>Nawet si\u0119 wzburzyli \u2013<br>Trzeba co\u015b uczyni\u0107\u2026<br>Czas p\u0142yn\u0105\u0142, jak zawsze!<\/p>\n\n\n\n<p>Krytyczne oceny,<br>M\u0105dre komentarze,<br>Nie\u015bmia\u0142e wsp\u00f3\u0142czucie\u2026<br>Nic si\u0119 nie zmieni\u0142o !<\/p>\n\n\n\n<p>Kto\u015b m\u0105dry potwierdzi\u0142 \u2013<br>Nie mo\u017cna inaczej.<br>\u017be p\u0142aczesz \u2013 to trudno\u2026<br>\u017bycia nie zatrzymasz!<\/p>\n\n\n\n<p><em><strong>\u00abI niech tak zostanie\u00bb, Warszawa 2005, str. 13<\/strong><\/em><\/p>\n\n\n<div class=\"wp-block-image\">\n<figure class=\"alignright size-large is-resized\"><a href=\"http:\/\/www.creationism.org\/images\/DoreBibleIllus\/tLuk1034Dore_ArrivalOfTheGoodSamaritanAtTheInn.jpg\" target=\"_blank\" rel=\"noopener noreferrer\"><img loading=\"lazy\" decoding=\"async\" src=\"https:\/\/poezjaiewangelia.pl\/wp-content\/uploads\/2015\/12\/0e5c7a4e0f91ccc664c353c0023ee72e-e1459765657492.jpg\" alt=\"Gustave Dor\u00e9 Przybycie Samarytanina do Gospody\" class=\"wp-image-2937\" width=\"333\" height=\"441\" title=\"Gustave Dor\u00e9 Przybycie Samarytanina do gospody\"\/><\/a><figcaption class=\"wp-element-caption\"><center><em>Gustave Dor\u00e9 Przybycie Samarytanina do Gospody<\/em><\/center><\/figcaption><\/figure>\n<\/div>\n\n\n<p><strong>Jan Zieli\u0144ski<\/strong><\/p>\n\n\n\n<p><em><strong>Bli\u017ani<\/strong><\/em><\/p>\n\n\n\n<p>Gdzie\u015b na ziemi<br>\u017cyje kto\u015b kogo nie znam<br>nie wiem jakie ma oczy<br>i jak si\u0119 u\u015bmiecha<\/p>\n\n\n\n<p>kiedy spotkamy si\u0119<br>podam mu r\u0119k\u0119<br>powiem \u2013 cze\u015b\u0107 stary<br>nie widzia\u0142em ci\u0119 nigdy<br>a tak dobrze si\u0119 znamy<\/p>\n\n\n\n<p><em><strong>\u00abWiersze podarowane\u00bb, Warszawa 1994, str. 62<\/strong><\/em><\/p>\n\n\n\n<p><strong>Jan Zieli\u0144ski<\/strong><\/p>\n\n\n\n<p><em><strong>Ko\u015bci\u00f3\u0142<\/strong><\/em><\/p>\n\n\n\n<p>W g\u0142upocie swojej my\u015bla\u0142em<br>b\u0119d\u0119 mi\u0142osierny<br>pochyl\u0119 si\u0119 nad bratem<br>i pochyla\u0142em si\u0119 nad nim<br>w wielkim egoi\u017amie<br>my\u015bla\u0142em \u017ce chodz\u0119<br>wo\u0142a\u0142em chod\u017acie za mn\u0105<\/p>\n\n\n\n<p>teraz tak nie wo\u0142am<br>bo zobaczy\u0142em inaczej<br>teraz dzi\u0119kuj\u0119<br>\u017ce kiedy le\u017ca\u0142em na drodze bez \u017cycia<br>razem z Adamem<br>pogryziony przez psy<br>zatrzyma\u0142 si\u0119 nade mn\u0105 Samarytanin<\/p>\n\n\n\n<p>jestem nadal nie uzdrowiony<br>ale le\u017c\u0119 w gospodzie<br>gdzie p\u0142ynie oliwa i wino<br>do moich ran<br>gospodarz z g\u00f3ry op\u0142acony<br>podaje lekarstwa<br>pociesza<br>m\u00f3wi \u017ce Pan<br>nied\u0142ugo b\u0119dzie wraca\u0142<\/p>\n\n\n\n<p><em><strong>\u00abWiersze podarowane\u00bb, Warszawa 1994, str. 4<\/strong><\/em><\/p>\n\n\n\n<p class=\"has-text-align-center\"><a href=\"https:\/\/poezjaiewangelia.pl\/?page_id=5302&amp;preview_id=5302#Gora\"><span style=\"color:#1e73be\" class=\"has-inline-color\">Do g\u00f3ry<\/span><\/a><\/p>\n","protected":false},"excerpt":{"rendered":"<p>i 15 Niedziela zwyk\u0142a rok A&nbsp;&nbsp;&nbsp;&nbsp;&nbsp;15 Niedziela zwyk\u0142a rok B&nbsp;&nbsp;&nbsp;&nbsp;&nbsp;15 Niedziela zwyk\u0142a rok C Powr\u00f3t do Niedziele zwyk\u0142e, Niedziele zwyk\u0142e 13 \u2013 18,&nbsp; &nbsp;Powr\u00f3t do Linki 15 NZ rok A: Ewangelia: Mt 13, 1 \u2013 23; Przypowie\u015b\u0107 o siewcy 1 Owego dnia Jezus wyszed\u0142 z domu i usiad\u0142 nad jeziorem.2 Wnet zebra\u0142y si\u0119 ko\u0142o Niego &hellip; <a href=\"https:\/\/poezjaiewangelia.pl\/?page_id=5302\" class=\"more-link\">Czytaj dalej <span class=\"screen-reader-text\">15 Niedziela zwyk\u0142a rok A, B, C;<\/span><\/a><\/p>\n","protected":false},"author":1,"featured_media":0,"parent":5268,"menu_order":3,"comment_status":"closed","ping_status":"closed","template":"","meta":{"_monsterinsights_skip_tracking":false,"_monsterinsights_sitenote_active":false,"_monsterinsights_sitenote_note":"","_monsterinsights_sitenote_category":0,"footnotes":""},"class_list":["post-5302","page","type-page","status-publish","hentry"],"aioseo_notices":[],"_links":{"self":[{"href":"https:\/\/poezjaiewangelia.pl\/index.php?rest_route=\/wp\/v2\/pages\/5302","targetHints":{"allow":["GET"]}}],"collection":[{"href":"https:\/\/poezjaiewangelia.pl\/index.php?rest_route=\/wp\/v2\/pages"}],"about":[{"href":"https:\/\/poezjaiewangelia.pl\/index.php?rest_route=\/wp\/v2\/types\/page"}],"author":[{"embeddable":true,"href":"https:\/\/poezjaiewangelia.pl\/index.php?rest_route=\/wp\/v2\/users\/1"}],"replies":[{"embeddable":true,"href":"https:\/\/poezjaiewangelia.pl\/index.php?rest_route=%2Fwp%2Fv2%2Fcomments&post=5302"}],"version-history":[{"count":21,"href":"https:\/\/poezjaiewangelia.pl\/index.php?rest_route=\/wp\/v2\/pages\/5302\/revisions"}],"predecessor-version":[{"id":10220,"href":"https:\/\/poezjaiewangelia.pl\/index.php?rest_route=\/wp\/v2\/pages\/5302\/revisions\/10220"}],"up":[{"embeddable":true,"href":"https:\/\/poezjaiewangelia.pl\/index.php?rest_route=\/wp\/v2\/pages\/5268"}],"wp:attachment":[{"href":"https:\/\/poezjaiewangelia.pl\/index.php?rest_route=%2Fwp%2Fv2%2Fmedia&parent=5302"}],"curies":[{"name":"wp","href":"https:\/\/api.w.org\/{rel}","templated":true}]}}