{"id":63,"date":"2015-11-29T18:02:25","date_gmt":"2015-11-29T18:02:25","guid":{"rendered":"http:\/\/ewangelia-w-poezji.home.pl\/autoinstalator\/wordpress1\/?page_id=63"},"modified":"2022-07-18T18:18:28","modified_gmt":"2022-07-18T17:18:28","slug":"uroczystosci-i-swieta","status":"publish","type":"page","link":"https:\/\/poezjaiewangelia.pl\/?page_id=63","title":{"rendered":"Uroczysto\u015bci i \u015bwi\u0119ta"},"content":{"rendered":"\n<p><span style=\"color: #ffff00;\">i<a id=\"S63\"><\/a><\/span><\/p>\n\n\n<div class=\"wp-block-image\">\n<figure class=\"aligncenter size-large is-resized\"><a href=\"https:\/\/www.wga.hu\/framex-e.html?file=html\/v\/veronese\/06\/5versail.html&amp;find=In+the+house+of+Simon;\" target=\"_blank\" rel=\"noopener noreferrer\"><img loading=\"lazy\" decoding=\"async\" src=\"https:\/\/poezjaiewangelia.pl\/wp-content\/uploads\/2015\/11\/Paolo-Veronese-Chrystus-w-domu-Szymona-1024x469.jpg\" alt=\"Paolo Veronese \u015awi\u0119to w domu Szymona\" class=\"wp-image-2192\" width=\"587\" height=\"269\"\/><\/a><figcaption><center><em>Paolo Veronese \u015awi\u0119to w domu Szymona <\/em><\/center><\/figcaption><\/figure>\n<\/div>\n\n<div class=\"wp-block-image\">\n<figure class=\"alignleft size-large\"><img loading=\"lazy\" decoding=\"async\" width=\"165\" height=\"165\" src=\"https:\/\/poezjaiewangelia.pl\/wp-content\/uploads\/2020\/04\/R\u00f3\u017ca-p.png\" alt=\"R\u00f3\u017ca\" class=\"wp-image-7046\" srcset=\"https:\/\/poezjaiewangelia.pl\/wp-content\/uploads\/2020\/04\/R\u00f3\u017ca-p.png 165w, https:\/\/poezjaiewangelia.pl\/wp-content\/uploads\/2020\/04\/R\u00f3\u017ca-p-150x150.png 150w, https:\/\/poezjaiewangelia.pl\/wp-content\/uploads\/2020\/04\/R\u00f3\u017ca-p-100x100.png 100w\" sizes=\"auto, (max-width: 165px) 100vw, 165px\" \/><\/figure>\n<\/div>\n\n\n<p>\u00a0<\/p>\n<p><a href=\"https:\/\/poezjaiewangelia.pl\/?page_id=138#S138\"><span style=\"color: #1e73be;\">Uroczysto\u015bci i \u015bwi\u0119ta II \u2013 IV<\/span><\/a><span style=\"color: #1e73be;\"> \u00a0<a style=\"color: #1e73be;\" href=\"https:\/\/poezjaiewangelia.pl\/?page_id=4781#S4781\">Uroczysto\u015bci i \u015bwi\u0119ta\u00a0 V \u2013 VI<\/a>\u00a0 \u00a0\u00a0<a style=\"color: #1e73be;\" href=\"https:\/\/poezjaiewangelia.pl\/?page_id=4779#S4779\">Uroczysto\u015bci i \u015bwi\u0119ta ruchome V \u2013 VI<\/a> \u00a0\u00a0\u00a0\u00a0\u00a0<a style=\"color: #1e73be;\" href=\"https:\/\/poezjaiewangelia.pl\/?page_id=4978#S4978\">Uroczysto\u015bci i \u015bwi\u0119ta VIII\u00a0\u00a0<\/a>\u00a0\u00a0\u00a0<a style=\"color: #1e73be;\" href=\"https:\/\/poezjaiewangelia.pl\/?page_id=4993#S4993\">Uroczysto\u015bci i \u015bwi\u0119ta IX \u2013 X<\/a>\u00a0 \u00a0<a style=\"color: #1e73be;\" href=\"https:\/\/poezjaiewangelia.pl\/?page_id=140#S140\">\u00a0Uroczysto\u015bci i \u015bwi\u0119ta XI \u2013 XII<\/a><\/span><\/p>\n<p>\u00a0<\/p>\n<p>\u00a0<\/p>\n<p><span style=\"color: #1e73be;\"><a style=\"color: #1e73be;\" href=\"https:\/\/poezjaiewangelia.pl\/?page_id=703#S703\">Powr\u00f3t do Linki<\/a><\/span><\/p>\n<p>\u00a0<\/p>\n\n\n<div class=\"wp-block-image\">\n<figure class=\"aligncenter size-full\"><a href=\"https:\/\/poezjaiewangelia.pl\/wp-content\/uploads\/2018\/11\/Fra-Angelico-Predella-w-o\u0142tarzu-San-Domenico-w-Fiesole.jpg\"><img loading=\"lazy\" decoding=\"async\" width=\"2410\" height=\"350\" src=\"https:\/\/poezjaiewangelia.pl\/wp-content\/uploads\/2018\/11\/Fra-Angelico-Predella-w-o\u0142tarzu-San-Domenico-w-Fiesole.jpg\" alt=\"Fra Angelico Predella w o\u0142tarzu San Domenico w Fiesole\" class=\"wp-image-5546\"\/><\/a><\/figure>\n<\/div>\n\n\n<p style=\"text-align: center;\">Fra Angelico <em>Predella w o\u0142tarzu San Domenico w Fiesole<\/em><\/p>\n","protected":false},"excerpt":{"rendered":"<p>i \u00a0 Uroczysto\u015bci i \u015bwi\u0119ta II \u2013 IV \u00a0Uroczysto\u015bci i \u015bwi\u0119ta\u00a0 V \u2013 VI\u00a0 \u00a0\u00a0Uroczysto\u015bci i \u015bwi\u0119ta ruchome V \u2013 VI \u00a0\u00a0\u00a0\u00a0\u00a0Uroczysto\u015bci i \u015bwi\u0119ta VIII\u00a0\u00a0\u00a0\u00a0\u00a0Uroczysto\u015bci i \u015bwi\u0119ta IX \u2013 X\u00a0 \u00a0\u00a0Uroczysto\u015bci i \u015bwi\u0119ta XI \u2013 XII \u00a0 \u00a0 Powr\u00f3t do Linki \u00a0 Fra Angelico Predella w o\u0142tarzu San Domenico w Fiesole<\/p>\n","protected":false},"author":1,"featured_media":0,"parent":0,"menu_order":6,"comment_status":"closed","ping_status":"closed","template":"","meta":{"_monsterinsights_skip_tracking":false,"_monsterinsights_sitenote_active":false,"_monsterinsights_sitenote_note":"","_monsterinsights_sitenote_category":0,"footnotes":""},"class_list":["post-63","page","type-page","status-publish","hentry"],"aioseo_notices":[],"_links":{"self":[{"href":"https:\/\/poezjaiewangelia.pl\/index.php?rest_route=\/wp\/v2\/pages\/63","targetHints":{"allow":["GET"]}}],"collection":[{"href":"https:\/\/poezjaiewangelia.pl\/index.php?rest_route=\/wp\/v2\/pages"}],"about":[{"href":"https:\/\/poezjaiewangelia.pl\/index.php?rest_route=\/wp\/v2\/types\/page"}],"author":[{"embeddable":true,"href":"https:\/\/poezjaiewangelia.pl\/index.php?rest_route=\/wp\/v2\/users\/1"}],"replies":[{"embeddable":true,"href":"https:\/\/poezjaiewangelia.pl\/index.php?rest_route=%2Fwp%2Fv2%2Fcomments&post=63"}],"version-history":[{"count":50,"href":"https:\/\/poezjaiewangelia.pl\/index.php?rest_route=\/wp\/v2\/pages\/63\/revisions"}],"predecessor-version":[{"id":10042,"href":"https:\/\/poezjaiewangelia.pl\/index.php?rest_route=\/wp\/v2\/pages\/63\/revisions\/10042"}],"wp:attachment":[{"href":"https:\/\/poezjaiewangelia.pl\/index.php?rest_route=%2Fwp%2Fv2%2Fmedia&parent=63"}],"curies":[{"name":"wp","href":"https:\/\/api.w.org\/{rel}","templated":true}]}}